

{"version":"1.0","provider_name":"STAFFSANT\u00c9","provider_url":"https:\/\/www.staffsante.fr\/contenu","title":"[ Portrait ] Jeanne Monfray, infirmi\u00e8re aux urgences p\u00e9diatriques.","type":"rich","width":600,"height":338,"html":"<blockquote class=\"wp-embedded-content\" data-secret=\"EnmZIwh6MS\"><a href=\"https:\/\/www.staffsante.fr\/contenu\/portrait-jeanne-monfray-infirmiere-aux-urgences-pediatriques\/\">[ Portrait ] Jeanne M., infirmi\u00e8re aux urgences p\u00e9diatriques.<\/a><\/blockquote><iframe sandbox=\"allow-scripts\" security=\"restricted\" src=\"https:\/\/www.staffsante.fr\/contenu\/portrait-jeanne-monfray-infirmiere-aux-urgences-pediatriques\/embed\/#?secret=EnmZIwh6MS\" width=\"600\" height=\"338\" title=\"\u00ab\u00a0[ Portrait ] Jeanne M., infirmi\u00e8re aux urgences p\u00e9diatriques.\u00a0\u00bb &#8212; STAFFSANT\u00c9\" data-secret=\"EnmZIwh6MS\" frameborder=\"0\" marginwidth=\"0\" marginheight=\"0\" scrolling=\"no\" class=\"wp-embedded-content\"><\/iframe><script type=\"text\/javascript\">\n\/*! This file is auto-generated *\/\n!function(c,d){\"use strict\";var e=!1,o=!1;if(d.querySelector)if(c.addEventListener)e=!0;if(c.wp=c.wp||{},c.wp.receiveEmbedMessage);else if(c.wp.receiveEmbedMessage=function(e){var t=e.data;if(!t);else if(!(t.secret||t.message||t.value));else if(\/[^a-zA-Z0-9]\/.test(t.secret));else{for(var r,s,a,i=d.querySelectorAll('iframe[data-secret=\"'+t.secret+'\"]'),n=d.querySelectorAll('blockquote[data-secret=\"'+t.secret+'\"]'),o=new RegExp(\"^https?:$\",\"i\"),l=0;l<n.length;l++)n[l].style.display=\"none\";for(l=0;l<i.length;l++)if(r=i[l],e.source!==r.contentWindow);else{if(r.removeAttribute(\"style\"),\"height\"===t.message){if(1e3<(s=parseInt(t.value,10)))s=1e3;else if(~~s<200)s=200;r.height=s}if(\"link\"===t.message)if(s=d.createElement(\"a\"),a=d.createElement(\"a\"),s.href=r.getAttribute(\"src\"),a.href=t.value,!o.test(a.protocol));else if(a.host===s.host)if(d.activeElement===r)c.top.location.href=t.value}}},e)c.addEventListener(\"message\",c.wp.receiveEmbedMessage,!1),d.addEventListener(\"DOMContentLoaded\",t,!1),c.addEventListener(\"load\",t,!1);function t(){if(o);else{o=!0;for(var e,t,r,s=-1!==navigator.appVersion.indexOf(\"MSIE 10\"),a=!!navigator.userAgent.match(\/Trident.*rv:11\\.\/),i=d.querySelectorAll(\"iframe.wp-embedded-content\"),n=0;n<i.length;n++){if(!(r=(t=i[n]).getAttribute(\"data-secret\")))r=Math.random().toString(36).substr(2,10),t.src+=\"#?secret=\"+r,t.setAttribute(\"data-secret\",r);if(s||a)(e=t.cloneNode(!0)).removeAttribute(\"security\"),t.parentNode.replaceChild(e,t);t.contentWindow.postMessage({message:\"ready\",secret:r},\"*\")}}}}(window,document);\n<\/script>\n","thumbnail_url":"https:\/\/content.staffsante.fr\/wp-content\/uploads\/2025\/03\/1.png","thumbnail_width":1800,"thumbnail_height":1000,"description":"Jeune dipl\u00f4m\u00e9e de 22 ans, Jeanne Monfray exerce depuis un an en tant qu'infirmi\u00e8re aux urgences p\u00e9diatriques du CHU de Rouen. Depuis toujours passionn\u00e9e par le soin des enfants, ses exp\u00e9riences en tant qu'animatrice et baby-sitter, en plus de son stage de dix semaines, l\u2019ont confort\u00e9e dans cette voie. Elle s'\u00e9panouit donc tout naturellement dans ce service o\u00f9 l'\u00e9coute, l'accompagnement psychologique, le soin et la pr\u00e9vention sont au c\u0153ur de son quotidien."}