

{"id":9642,"date":"2023-08-22T14:57:35","date_gmt":"2023-08-22T12:57:35","guid":{"rendered":"https:\/\/www.staffsante.fr\/contenu\/?page_id=9642"},"modified":"2024-04-25T12:34:42","modified_gmt":"2024-04-25T10:34:42","slug":"evenements","status":"publish","type":"page","link":"https:\/\/www.staffsante.fr\/contenu\/evenements\/","title":{"rendered":"Ev\u00e9nements"},"content":{"rendered":"<div id=\"pl-9642\"  class=\"panel-layout\" ><div id=\"pg-9642-0\"  class=\"panel-grid panel-no-style\" ><div id=\"pgc-9642-0-0\"  class=\"panel-grid-cell\" ><div id=\"panel-9642-0-0-0\" class=\"so-panel widget widget_text panel-first-child panel-last-child\" data-index=\"0\" >\t\t\t<div class=\"textwidget\"><h1> Agenda Staffsant\u00e9 <\/h1>\n<\/div>\n\t\t<\/div><\/div><\/div><div id=\"pg-9642-1\"  class=\"panel-grid panel-no-style\" ><div id=\"pgc-9642-1-0\"  class=\"panel-grid-cell\" ><div id=\"panel-9642-1-0-0\" class=\"widget_text so-panel widget widget_custom_html panel-first-child panel-last-child\" data-index=\"1\" ><div class=\"textwidget custom-html-widget\"><div\n\t class=\"tribe-common tribe-events tribe-events-view tribe-events-view--list alignwide tribe-events-view--shortcode tribe-events-view--shortcode-588d7eac\" \tdata-js=\"tribe-events-view\"\n\tdata-view-rest-nonce=\"6f442eb143\"\n\tdata-view-rest-url=\"https:\/\/www.staffsante.fr\/contenu\/wp-json\/tribe\/views\/v2\/html\"\n\tdata-view-rest-method=\"POST\"\n\tdata-view-manage-url=\"\"\n\t\t\tdata-view-shortcode=\"588d7eac\"\n\t\t\t\tdata-view-breakpoint-pointer=\"9a444890-e89c-4eca-8d3f-2eebaa59c4ad\"\n\t>\n\t<div class=\"tribe-common-l-container tribe-events-l-container\">\n\t\t<div\n\tclass=\"tribe-events-view-loader tribe-common-a11y-hidden\"\n\trole=\"alert\"\n\taria-live=\"polite\"\n>\n\t<span class=\"tribe-events-view-loader__text tribe-common-a11y-visual-hide\">\n\t\tChargement de la vue.\t<\/span>\n\t<div class=\"tribe-events-view-loader__dots tribe-common-c-loader\">\n\t\t<svg  class=\"tribe-common-c-svgicon tribe-common-c-svgicon--dot tribe-common-c-loader__dot tribe-common-c-loader__dot--first\"  viewBox=\"0 0 15 15\" xmlns=\"http:\/\/www.w3.org\/2000\/svg\"><circle cx=\"7.5\" cy=\"7.5\" r=\"7.5\"\/><\/svg>\n\t\t<svg  class=\"tribe-common-c-svgicon tribe-common-c-svgicon--dot tribe-common-c-loader__dot tribe-common-c-loader__dot--second\"  viewBox=\"0 0 15 15\" xmlns=\"http:\/\/www.w3.org\/2000\/svg\"><circle cx=\"7.5\" cy=\"7.5\" r=\"7.5\"\/><\/svg>\n\t\t<svg  class=\"tribe-common-c-svgicon tribe-common-c-svgicon--dot tribe-common-c-loader__dot tribe-common-c-loader__dot--third\"  viewBox=\"0 0 15 15\" xmlns=\"http:\/\/www.w3.org\/2000\/svg\"><circle cx=\"7.5\" cy=\"7.5\" r=\"7.5\"\/><\/svg>\n\t<\/div>\n<\/div>\n\n\t\t<script type=\"application\/ld+json\">\r\n[{\"@context\":\"http:\/\/schema.org\",\"@type\":\"Event\",\"name\":\"Santexpo 2026 &#8211; Rendez-vous les 19,20 et 21 mai !\",\"description\":\"&lt;p&gt;Santexpo, l\\\\'\\u00e9v\\u00e9nement de r\\u00e9f\\u00e9rence pour les acteurs de la sant\\u00e9 et du m\\u00e9dico-social revient \\u00e0 Paris les 19,20 et 21 mai !&lt;\/p&gt;\\\\n\",\"image\":\"https:\/\/content.staffsante.fr\/wp-content\/uploads\/2026\/03\/Visuel-agenda-9.png\",\"url\":\"https:\/\/www.staffsante.fr\/contenu\/evenement\/santexpo-2026-rendez-vous-les-1920-et-21-mai\/\",\"eventAttendanceMode\":\"https:\/\/schema.org\/OfflineEventAttendanceMode\",\"eventStatus\":\"https:\/\/schema.org\/EventScheduled\",\"startDate\":\"2026-05-19T08:00:00+02:00\",\"endDate\":\"2026-05-21T17:00:00+02:00\",\"location\":{\"@type\":\"Place\",\"name\":\"Paris Expo Porte de Versailles\",\"description\":\"\",\"url\":\"https:\/\/www.staffsante.fr\/contenu\/lieu\/paris-expo-porte-de-versailles\/\",\"address\":{\"@type\":\"PostalAddress\",\"streetAddress\":\"1 Place de la Porte de Versailles\",\"addressLocality\":\"Paris\",\"postalCode\":\"75015\"},\"telephone\":\"\",\"sameAs\":\"\"},\"performer\":\"Organization\"},{\"@context\":\"http:\/\/schema.org\",\"@type\":\"Event\",\"name\":\"Les Rencontres des Aides-Soignants &#8211; Lyon\",\"description\":\"&lt;p&gt;Les\\u00a0 Rencontres des Aides-Soignants auront lieu \\u00e0 Lyon le 11 juin 2026. Organis\\u00e9e en collaboration avec la Fnaas, cette journ\\u00e9e de formation portera sur les enjeux du travail en collaboration interprofessionnelle.&lt;\/p&gt;\\\\n\",\"image\":\"https:\/\/content.staffsante.fr\/wp-content\/uploads\/2026\/01\/Agenda-5.png\",\"url\":\"https:\/\/www.staffsante.fr\/contenu\/evenement\/les-rencontres-des-aides-soignants-lyon\/\",\"eventAttendanceMode\":\"https:\/\/schema.org\/OfflineEventAttendanceMode\",\"eventStatus\":\"https:\/\/schema.org\/EventScheduled\",\"startDate\":\"2026-06-11T00:00:00+02:00\",\"endDate\":\"2026-06-11T23:59:59+02:00\",\"location\":{\"@type\":\"Place\",\"name\":\"Espaces Part Dieu\",\"description\":\"\",\"url\":\"https:\/\/www.staffsante.fr\/contenu\/lieu\/espaces-part-dieu\/\",\"address\":{\"@type\":\"PostalAddress\",\"addressLocality\":\"Lyon\",\"postalCode\":\"6900\"},\"telephone\":\"\",\"sameAs\":\"\"},\"performer\":\"Organization\"},{\"@context\":\"http:\/\/schema.org\",\"@type\":\"Event\",\"name\":\"27\\u00e8me Journ\\u00e9e Pictonne par l&#8217;ADASPC et la Fnaas\",\"description\":\"&lt;p&gt;L\\\\'Association des Aides-soignants du Poitou-Charentes organise, avec la F\\u00e9d\\u00e9ration nationale des associations d\\\\'aides-soignants (la Fnaas) une journ\\u00e9e de formation le jeudi 5 novembre 2026 \\u00e0 Jaunay-Marigny (86).&lt;\/p&gt;\\\\n\",\"image\":\"https:\/\/content.staffsante.fr\/wp-content\/uploads\/2026\/01\/Agenda-9.png\",\"url\":\"https:\/\/www.staffsante.fr\/contenu\/evenement\/27eme-journee-pictonne-par-ladaspc-et-la-fnaas\/\",\"eventAttendanceMode\":\"https:\/\/schema.org\/OfflineEventAttendanceMode\",\"eventStatus\":\"https:\/\/schema.org\/EventScheduled\",\"startDate\":\"2026-11-05T00:00:00+01:00\",\"endDate\":\"2026-11-05T23:59:59+01:00\",\"location\":{\"@type\":\"Place\",\"name\":\"JAUNEY-MARIGNY\",\"description\":\"\",\"url\":\"https:\/\/www.staffsante.fr\/contenu\/lieu\/jauney-marigny\/\",\"address\":{\"@type\":\"PostalAddress\",\"streetAddress\":\"Salle Multim\\u00e9dia\",\"addressLocality\":\"Jaunay-Marigny\",\"postalCode\":\"86130\"},\"telephone\":\"\",\"sameAs\":\"\"},\"performer\":\"Organization\"},{\"@context\":\"http:\/\/schema.org\",\"@type\":\"Event\",\"name\":\"Les Rencontres des Aides-Soignants &#8211; Lille\",\"description\":\"&lt;p&gt;Les\\u00a0 Rencontres des Aides-Soignants auront lieu \\u00e0 Lille le 6 novembre 2026. Organis\\u00e9e en collaboration avec la Fnaas, cette journ\\u00e9e de formation portera sur les enjeux du travail en collaboration interprofessionnelle.&lt;\/p&gt;\\\\n\",\"image\":\"https:\/\/content.staffsante.fr\/wp-content\/uploads\/2026\/01\/Agenda-6.png\",\"url\":\"https:\/\/www.staffsante.fr\/contenu\/evenement\/les-rencontres-des-aides-soignants-lille\/\",\"eventAttendanceMode\":\"https:\/\/schema.org\/OfflineEventAttendanceMode\",\"eventStatus\":\"https:\/\/schema.org\/EventScheduled\",\"startDate\":\"2026-11-06T00:00:00+01:00\",\"endDate\":\"2026-11-06T23:59:59+01:00\",\"location\":{\"@type\":\"Place\",\"name\":\"Cit\\u00e9 des \\u00e9changes\",\"description\":\"\",\"url\":\"https:\/\/www.staffsante.fr\/contenu\/lieu\/cite-des-echanges\/\",\"address\":{\"@type\":\"PostalAddress\",\"streetAddress\":\"40 rue Eug\\u00e8ne Jacquet\",\"addressLocality\":\"Marcq en Baroeul\",\"postalCode\":\"59700\"},\"telephone\":\"\",\"sameAs\":\"\"},\"performer\":\"Organization\"},{\"@context\":\"http:\/\/schema.org\",\"@type\":\"Event\",\"name\":\"Les Rencontres des Aides-Soignants &#8211; Grenoble\",\"description\":\"&lt;p&gt;Les\\u00a0 Rencontres des Aides-Soignants auront lieu \\u00e0 Grenoble le 26 novembre 2026. Organis\\u00e9e en collaboration avec la Fnaas, cette journ\\u00e9e de formation portera sur les enjeux du travail en collaboration interprofessionnelle.&lt;\/p&gt;\\\\n\",\"image\":\"https:\/\/content.staffsante.fr\/wp-content\/uploads\/2026\/01\/Agenda-7.png\",\"url\":\"https:\/\/www.staffsante.fr\/contenu\/evenement\/les-rencontres-des-aides-soignants-grenoble\/\",\"eventAttendanceMode\":\"https:\/\/schema.org\/OfflineEventAttendanceMode\",\"eventStatus\":\"https:\/\/schema.org\/EventScheduled\",\"startDate\":\"2026-11-26T00:00:00+01:00\",\"endDate\":\"2026-11-26T23:59:59+01:00\",\"location\":{\"@type\":\"Place\",\"name\":\"Mercure Centre Porte des Alpes\",\"description\":\"\",\"url\":\"https:\/\/www.staffsante.fr\/contenu\/lieu\/mercure-centre-porte-des-alpes\/\",\"address\":{\"@type\":\"PostalAddress\",\"streetAddress\":\"11 rue G\\u00e9n\\u00e9ral Magin\",\"addressLocality\":\"Grenoble\",\"postalCode\":\"38100\"},\"telephone\":\"\",\"sameAs\":\"\"},\"performer\":\"Organization\"},{\"@context\":\"http:\/\/schema.org\",\"@type\":\"Event\",\"name\":\"Les Rencontres des Aides-Soignants &#8211; Marseille\",\"description\":\"&lt;p&gt;Les\\u00a0 Rencontres des Aides-Soignants auront lieu \\u00e0 Marseille le 3 d\\u00e9cembre 2026. Organis\\u00e9e en collaboration avec la Fnaas), cette journ\\u00e9e de formation portera sur les enjeux du travail en collaboration interprofessionnelle.&lt;\/p&gt;\\\\n\",\"image\":\"https:\/\/content.staffsante.fr\/wp-content\/uploads\/2026\/01\/Agenda-8.png\",\"url\":\"https:\/\/www.staffsante.fr\/contenu\/evenement\/les-rencontres-des-aides-soignants-marseille\/\",\"eventAttendanceMode\":\"https:\/\/schema.org\/OfflineEventAttendanceMode\",\"eventStatus\":\"https:\/\/schema.org\/EventScheduled\",\"startDate\":\"2026-12-03T00:00:00+01:00\",\"endDate\":\"2026-12-03T23:59:59+01:00\",\"location\":{\"@type\":\"Place\",\"name\":\"Amphi HA1, La Timone\",\"description\":\"\",\"url\":\"https:\/\/www.staffsante.fr\/contenu\/lieu\/amphi-ha1-la-timone\/\",\"address\":{\"@type\":\"PostalAddress\",\"addressLocality\":\"Marseille\"},\"telephone\":\"\",\"sameAs\":\"\"},\"performer\":\"Organization\"},{\"@context\":\"http:\/\/schema.org\",\"@type\":\"Event\",\"name\":\"30\\u00e8mes Assises de la FNAAS\",\"description\":\"&lt;p&gt;La F\\u00e9d\\u00e9ration Nationale des Associations d\\\\'Aides-soignants (FNAAS) organise ses 30\\u00e8mes Assises le 18 mars 2027 sur la th\\u00e9matique : L\\\\'aide-soignant, contributeur de l\\\\'\\u00e9ducation en sant\\u00e9.&lt;\/p&gt;\\\\n\",\"image\":\"https:\/\/content.staffsante.fr\/wp-content\/uploads\/2026\/01\/Agenda-1.png\",\"url\":\"https:\/\/www.staffsante.fr\/contenu\/evenement\/30eme-assises-de-la-fnaas\/\",\"eventAttendanceMode\":\"https:\/\/schema.org\/OfflineEventAttendanceMode\",\"eventStatus\":\"https:\/\/schema.org\/EventScheduled\",\"startDate\":\"2027-03-18T08:00:00+01:00\",\"endDate\":\"2027-03-18T17:00:00+01:00\",\"location\":{\"@type\":\"Place\",\"name\":\"Fiap Paris\",\"description\":\"\",\"url\":\"https:\/\/www.staffsante.fr\/contenu\/lieu\/fiap-paris\/\",\"address\":{\"@type\":\"PostalAddress\",\"streetAddress\":\"30 rue Cabanis\",\"addressLocality\":\"Paris\",\"postalCode\":\"75014\"},\"telephone\":\"\",\"sameAs\":\"\"},\"organizer\":{\"@type\":\"Person\",\"name\":\"FNAAS\",\"description\":\"\",\"url\":\"https:\/\/www.fnaas.fr\/\",\"telephone\":\"\",\"email\":\"\",\"sameAs\":\"https:\/\/www.fnaas.fr\/\"},\"performer\":\"Organization\"}]\r\n<\/script>\n\t\t<script data-js=\"tribe-events-view-data\" type=\"application\/json\">\n\t{\"slug\":\"list\",\"prev_url\":\"https:\\\/\\\/www.staffsante.fr\\\/contenu\\\/events\\\/liste\\\/?rest_route=%2Fwp%2Fv2%2Fpages%2F9642&shortcode=588d7eac&eventDisplay=past\",\"next_url\":\"\",\"view_class\":\"Tribe\\\\Events\\\\Views\\\\V2\\\\Views\\\\List_View\",\"view_slug\":\"list\",\"view_label\":\"Liste\",\"title\":\"\\u00c9v\\u00e8nements from 1 mai \\u2013 18 mars 2027 | STAFFSANT\\u00c9\",\"events\":[10000361,10000347,10000351,10000348,10000349,10000350,10000343],\"url\":\"https:\\\/\\\/www.staffsante.fr\\\/contenu\\\/events\\\/liste\\\/?shortcode=588d7eac\",\"url_event_date\":false,\"bar\":{\"keyword\":\"\",\"date\":\"\"},\"today\":\"2026-05-01 00:00:00\",\"now\":\"2026-05-01 04:20:59\",\"rest_url\":\"https:\\\/\\\/www.staffsante.fr\\\/contenu\\\/wp-json\\\/tribe\\\/views\\\/v2\\\/html\",\"rest_method\":\"POST\",\"rest_nonce\":\"6f442eb143\",\"should_manage_url\":false,\"today_url\":\"https:\\\/\\\/www.staffsante.fr\\\/contenu\\\/events\\\/liste\\\/?rest_route=%2Fwp%2Fv2%2Fpages%2F9642&shortcode=588d7eac\",\"today_title\":\"Cliquer pour s\\u00e9lectionner la date du jour\",\"today_label\":\"Aujourd&#039;hui\",\"prev_label\":\"\",\"next_label\":\"\",\"date_formats\":{\"compact\":\"d\\\/m\\\/Y\",\"month_and_year_compact\":\"m\\\/Y\",\"month_and_year\":\"F Y\",\"time_range_separator\":\" \\\/ \",\"date_time_separator\":\" - \"},\"messages\":[],\"start_of_week\":\"1\",\"breadcrumbs\":[],\"before_events\":\"\",\"after_events\":\"\",\"display_events_bar\":true,\"disable_event_search\":false,\"live_refresh\":true,\"ical\":{\"display_link\":true,\"link\":{\"url\":\"https:\\\/\\\/www.staffsante.fr\\\/contenu\\\/events\\\/liste\\\/?shortcode=588d7eac&#038;ical=1\",\"text\":\"Exporter \\u00c9v\\u00e8nements\",\"title\":\"Utilisez ceci pour partager les donn\\u00e9es de calendrier avec Google Calendar, Apple iCal et d\\u2019autres applications compatibles\"}},\"container_classes\":[\"tribe-common\",\"tribe-events\",\"tribe-events-view\",\"tribe-events-view--list\",\"alignwide\",\"tribe-events-view--shortcode\",\"tribe-events-view--shortcode-588d7eac\"],\"container_data\":{\"shortcode\":\"588d7eac\"},\"is_past\":false,\"breakpoints\":{\"xsmall\":500,\"medium\":768,\"full\":960},\"breakpoint_pointer\":\"9a444890-e89c-4eca-8d3f-2eebaa59c4ad\",\"is_initial_load\":false,\"public_views\":{\"list\":{\"view_class\":\"Tribe\\\\Events\\\\Views\\\\V2\\\\Views\\\\List_View\",\"view_url\":\"https:\\\/\\\/www.staffsante.fr\\\/contenu\\\/events\\\/liste\\\/?shortcode=588d7eac\",\"view_label\":\"Liste\"},\"month\":{\"view_class\":\"Tribe\\\\Events\\\\Views\\\\V2\\\\Views\\\\Month_View\",\"view_url\":\"https:\\\/\\\/www.staffsante.fr\\\/contenu\\\/events\\\/mois\\\/?shortcode=588d7eac\",\"view_label\":\"Mois\"},\"day\":{\"view_class\":\"Tribe\\\\Events\\\\Views\\\\V2\\\\Views\\\\Day_View\",\"view_url\":\"https:\\\/\\\/www.staffsante.fr\\\/contenu\\\/events\\\/aujourdhui\\\/?shortcode=588d7eac\",\"view_label\":\"Jour\"}},\"show_latest_past\":true,\"show_now\":true,\"now_label\":\"\\u00c0 venir\",\"now_label_mobile\":\"\\u00c0 venir\",\"show_end\":false,\"selected_start_datetime\":\"2026-05-01\",\"selected_start_date_mobile\":\"01\\\/05\\\/2026\",\"selected_start_date_label\":\"1 mai\",\"selected_end_datetime\":\"2027-03-18\",\"selected_end_date_mobile\":\"18\\\/03\\\/2027\",\"selected_end_date_label\":\"18 mars 2027\",\"datepicker_date\":\"01\\\/05\\\/2026\",\"subscribe_links\":{\"gcal\":{\"block_slug\":\"hasGoogleCalendar\",\"label\":\"Google Agenda\",\"single_label\":\"Ajouter \\u00e0 Google Agenda\",\"visible\":true},\"ical\":{\"block_slug\":\"hasiCal\",\"label\":\"iCalendar\",\"single_label\":\"Ajouter \\u00e0 iCalendar\",\"visible\":true},\"outlook-365\":{\"block_slug\":\"hasOutlook365\",\"label\":\"Outlook 365\",\"single_label\":\"Outlook 365\",\"visible\":true},\"outlook-live\":{\"block_slug\":\"hasOutlookLive\",\"label\":\"Outlook Live\",\"single_label\":\"Outlook Live\",\"visible\":true},\"ics\":{\"label\":\"Exporter le fichier .ics\",\"single_label\":\"Exporter le fichier .ics\",\"visible\":true,\"block_slug\":null},\"outlook-ics\":{\"label\":\"Exporter le fichier Outlook .ics\",\"single_label\":\"Exporter le fichier Outlook .ics\",\"visible\":true,\"block_slug\":null}},\"display_recurring_toggle\":false,\"_context\":{\"slug\":\"list\",\"should_manage_url\":false},\"text\":\"Chargement\\u2026\",\"classes\":[\"tribe-common-c-loader__dot\",\"tribe-common-c-loader__dot--third\"]}<\/script>\n\n\t\t\n\t\t<header  class=\"tribe-events-header tribe-events-header--has-event-search\" >\n\t\t\t\t\t\t\n\t\t\t\n\t\t\t<div\n\t class=\"tribe-events-header__events-bar tribe-events-c-events-bar tribe-events-c-events-bar--border\" \tdata-js=\"tribe-events-events-bar\"\n>\n\n\t<h2 class=\"tribe-common-a11y-visual-hide\">\n\t\tRecherche et navigation de vues \u00c9v\u00e8nements\t<\/h2>\n\n\t\t\t<button\n\tclass=\"tribe-events-c-events-bar__search-button\"\n\taria-controls=\"tribe-events-search-container\"\n\taria-expanded=\"false\"\n\tdata-js=\"tribe-events-search-button\"\n>\n\t<svg  class=\"tribe-common-c-svgicon tribe-common-c-svgicon--search tribe-events-c-events-bar__search-button-icon-svg\"  viewBox=\"0 0 16 16\" xmlns=\"http:\/\/www.w3.org\/2000\/svg\"><path fill-rule=\"evenodd\" clip-rule=\"evenodd\" d=\"M11.164 10.133L16 14.97 14.969 16l-4.836-4.836a6.225 6.225 0 01-3.875 1.352 6.24 6.24 0 01-4.427-1.832A6.272 6.272 0 010 6.258 6.24 6.24 0 011.831 1.83 6.272 6.272 0 016.258 0c1.67 0 3.235.658 4.426 1.831a6.272 6.272 0 011.832 4.427c0 1.422-.48 2.773-1.352 3.875zM6.258 1.458c-1.28 0-2.49.498-3.396 1.404-1.866 1.867-1.866 4.925 0 6.791a4.774 4.774 0 003.396 1.405c1.28 0 2.489-.498 3.395-1.405 1.867-1.866 1.867-4.924 0-6.79a4.774 4.774 0 00-3.395-1.405z\"\/><\/svg>\t<span class=\"tribe-events-c-events-bar__search-button-text tribe-common-a11y-visual-hide\">\n\t\tRecherche\t<\/span>\n<\/button>\n\n\t\t<div\n\t\t\tclass=\"tribe-events-c-events-bar__search-container\"\n\t\t\tid=\"tribe-events-search-container\"\n\t\t\tdata-js=\"tribe-events-search-container\"\n\t\t>\n\t\t\t<div\n\tclass=\"tribe-events-c-events-bar__search\"\n\tid=\"tribe-events-events-bar-search\"\n\tdata-js=\"tribe-events-events-bar-search\"\n>\n\t<form\n\t\tclass=\"tribe-events-c-search tribe-events-c-events-bar__search-form\"\n\t\tmethod=\"get\"\n\t\tdata-js=\"tribe-events-view-form\"\n\t\trole=\"search\"\n\t>\n\t\t<input type=\"hidden\" id=\"tribe-events-views[_wpnonce]\" name=\"tribe-events-views[_wpnonce]\" value=\"6f442eb143\" \/><input type=\"hidden\" name=\"_wp_http_referer\" value=\"\/contenu\/events\/liste\/?shortcode=588d7eac\" \/>\t\t<input type=\"hidden\" name=\"tribe-events-views[url]\" value=\"https:\/\/www.staffsante.fr\/contenu\/events\/liste\/?shortcode=588d7eac\" \/>\n\n\t\t<div class=\"tribe-events-c-search__input-group\">\n\t\t\t<div\n\tclass=\"tribe-common-form-control-text tribe-events-c-search__input-control tribe-events-c-search__input-control--keyword\"\n\tdata-js=\"tribe-events-events-bar-input-control\"\n>\n\t<label class=\"tribe-common-form-control-text__label\" for=\"tribe-events-events-bar-keyword\">\n\t\tSaisir mot-cl\u00e9. Rechercher \u00c9v\u00e8nements par mot-cl\u00e9.\t<\/label>\n\t<input\n\t\tclass=\"tribe-common-form-control-text__input tribe-events-c-search__input\"\n\t\tdata-js=\"tribe-events-events-bar-input-control-input\"\n\t\ttype=\"text\"\n\t\tid=\"tribe-events-events-bar-keyword\"\n\t\tname=\"tribe-events-views[tribe-bar-search]\"\n\t\tvalue=\"\"\n\t\tplaceholder=\"Rechercher \u00e9v\u00e8nements\"\n\t\taria-label=\"Saisir mot-cl\u00e9. Rechercher \u00e9v\u00e8nements par mot-cl\u00e9.\"\n\t\/>\n\t<svg  class=\"tribe-common-c-svgicon tribe-common-c-svgicon--search tribe-events-c-search__input-control-icon-svg\"  viewBox=\"0 0 16 16\" xmlns=\"http:\/\/www.w3.org\/2000\/svg\"><path fill-rule=\"evenodd\" clip-rule=\"evenodd\" d=\"M11.164 10.133L16 14.97 14.969 16l-4.836-4.836a6.225 6.225 0 01-3.875 1.352 6.24 6.24 0 01-4.427-1.832A6.272 6.272 0 010 6.258 6.24 6.24 0 011.831 1.83 6.272 6.272 0 016.258 0c1.67 0 3.235.658 4.426 1.831a6.272 6.272 0 011.832 4.427c0 1.422-.48 2.773-1.352 3.875zM6.258 1.458c-1.28 0-2.49.498-3.396 1.404-1.866 1.867-1.866 4.925 0 6.791a4.774 4.774 0 003.396 1.405c1.28 0 2.489-.498 3.395-1.405 1.867-1.866 1.867-4.924 0-6.79a4.774 4.774 0 00-3.395-1.405z\"\/><\/svg><\/div>\n\t\t<\/div>\n\n\t\t<button\n\tclass=\"tribe-common-c-btn tribe-events-c-search__button\"\n\ttype=\"submit\"\n\tname=\"submit-bar\"\n>\n\tChercher<\/button>\n\t<\/form>\n<\/div>\n\t\t<\/div>\n\t\n\t<div class=\"tribe-events-c-events-bar__views\">\n\t<h3 class=\"tribe-common-a11y-visual-hide\">\n\t\tNavigation de vues \u00c9v\u00e8nement\t<\/h3>\n\t<div  class=\"tribe-events-c-view-selector tribe-events-c-view-selector--labels tribe-events-c-view-selector--tabs\"  data-js=\"tribe-events-view-selector\">\n\t\t<button\n\t\t\tclass=\"tribe-events-c-view-selector__button\"\n\t\t\tdata-js=\"tribe-events-view-selector-button\"\n\t\t>\n\t\t\t<span class=\"tribe-events-c-view-selector__button-icon\">\n\t\t\t\t<svg  class=\"tribe-common-c-svgicon tribe-common-c-svgicon--list tribe-events-c-view-selector__button-icon-svg\"  viewBox=\"0 0 19 19\" xmlns=\"http:\/\/www.w3.org\/2000\/svg\"><path fill-rule=\"evenodd\" clip-rule=\"evenodd\" d=\"M.451.432V17.6c0 .238.163.432.364.432H18.12c.2 0 .364-.194.364-.432V.432c0-.239-.163-.432-.364-.432H.815c-.2 0-.364.193-.364.432zm.993.81h16.024V3.56H1.444V1.24zM17.468 3.56H1.444v13.227h16.024V3.56z\" class=\"tribe-common-c-svgicon__svg-fill\"\/><g clip-path=\"url(#tribe-events-c-view-selector__button-icon-svg-0)\" class=\"tribe-common-c-svgicon__svg-fill\"><path fill-rule=\"evenodd\" clip-rule=\"evenodd\" d=\"M11.831 4.912v1.825c0 .504.409.913.913.913h1.825a.913.913 0 00.912-.913V4.912A.913.913 0 0014.57 4h-1.825a.912.912 0 00-.913.912z\"\/><path d=\"M8.028 7.66a.449.449 0 00.446-.448v-.364c0-.246-.2-.448-.446-.448h-4.13a.449.449 0 00-.447.448v.364c0 .246.201.448.447.448h4.13zM9.797 5.26a.449.449 0 00.447-.448v-.364c0-.246-.201-.448-.447-.448h-5.9a.449.449 0 00-.446.448v.364c0 .246.201.448.447.448h5.9z\"\/><\/g><g clip-path=\"url(#tribe-events-c-view-selector__button-icon-svg-1)\" class=\"tribe-common-c-svgicon__svg-fill\"><path fill-rule=\"evenodd\" clip-rule=\"evenodd\" d=\"M11.831 10.912v1.825c0 .505.409.913.913.913h1.825a.913.913 0 00.912-.912v-1.825A.913.913 0 0014.57 10h-1.825a.912.912 0 00-.913.912z\"\/><path d=\"M8.028 13.66a.449.449 0 00.446-.448v-.364c0-.246-.2-.448-.446-.448h-4.13a.449.449 0 00-.447.448v.364c0 .246.201.448.447.448h4.13zM9.797 11.26a.449.449 0 00.447-.448v-.364c0-.246-.201-.448-.447-.448h-5.9a.449.449 0 00-.446.448v.364c0 .246.201.448.447.448h5.9z\"\/><\/g><defs><clipPath id=\"tribe-events-c-view-selector__button-icon-svg-0\"><path transform=\"translate(3.451 4)\" d=\"M0 0h13v4H0z\"\/><\/clipPath><clipPath id=\"tribe-events-c-view-selector__button-icon-svg-1\"><path transform=\"translate(3.451 10)\" d=\"M0 0h13v4H0z\"\/><\/clipPath><\/defs><\/svg>\n\t\t\t<\/span>\n\t\t\t<span class=\"tribe-events-c-view-selector__button-text tribe-common-a11y-visual-hide\">\n\t\t\t\tListe\t\t\t<\/span>\n\t\t\t<svg  class=\"tribe-common-c-svgicon tribe-common-c-svgicon--caret-down tribe-events-c-view-selector__button-icon-caret-svg\"  viewBox=\"0 0 10 7\" xmlns=\"http:\/\/www.w3.org\/2000\/svg\"><path fill-rule=\"evenodd\" clip-rule=\"evenodd\" d=\"M1.008.609L5 4.6 8.992.61l.958.958L5 6.517.05 1.566l.958-.958z\" class=\"tribe-common-c-svgicon__svg-fill\"\/><\/svg>\n\t\t<\/button>\n\t\t<div\n\tclass=\"tribe-events-c-view-selector__content\"\n\tid=\"tribe-events-view-selector-content\"\n\tdata-js=\"tribe-events-view-selector-list-container\"\n>\n\t<ul class=\"tribe-events-c-view-selector__list\">\n\t\t\t\t\t<li class=\"tribe-events-c-view-selector__list-item tribe-events-c-view-selector__list-item--list tribe-events-c-view-selector__list-item--active\">\n\t<a\n\t\thref=\"https:\/\/www.staffsante.fr\/contenu\/events\/liste\/?shortcode=588d7eac\"\n\t\tclass=\"tribe-events-c-view-selector__list-item-link\"\n\t\tdata-js=\"tribe-events-view-link\"\n\t>\n\t\t<span class=\"tribe-events-c-view-selector__list-item-icon\">\n\t\t\t<svg  class=\"tribe-common-c-svgicon tribe-common-c-svgicon--list tribe-events-c-view-selector__list-item-icon-svg\"  viewBox=\"0 0 19 19\" xmlns=\"http:\/\/www.w3.org\/2000\/svg\"><path fill-rule=\"evenodd\" clip-rule=\"evenodd\" d=\"M.451.432V17.6c0 .238.163.432.364.432H18.12c.2 0 .364-.194.364-.432V.432c0-.239-.163-.432-.364-.432H.815c-.2 0-.364.193-.364.432zm.993.81h16.024V3.56H1.444V1.24zM17.468 3.56H1.444v13.227h16.024V3.56z\" class=\"tribe-common-c-svgicon__svg-fill\"\/><g clip-path=\"url(#tribe-events-c-view-selector__list-item-icon-svg-0)\" class=\"tribe-common-c-svgicon__svg-fill\"><path fill-rule=\"evenodd\" clip-rule=\"evenodd\" d=\"M11.831 4.912v1.825c0 .504.409.913.913.913h1.825a.913.913 0 00.912-.913V4.912A.913.913 0 0014.57 4h-1.825a.912.912 0 00-.913.912z\"\/><path d=\"M8.028 7.66a.449.449 0 00.446-.448v-.364c0-.246-.2-.448-.446-.448h-4.13a.449.449 0 00-.447.448v.364c0 .246.201.448.447.448h4.13zM9.797 5.26a.449.449 0 00.447-.448v-.364c0-.246-.201-.448-.447-.448h-5.9a.449.449 0 00-.446.448v.364c0 .246.201.448.447.448h5.9z\"\/><\/g><g clip-path=\"url(#tribe-events-c-view-selector__list-item-icon-svg-1)\" class=\"tribe-common-c-svgicon__svg-fill\"><path fill-rule=\"evenodd\" clip-rule=\"evenodd\" d=\"M11.831 10.912v1.825c0 .505.409.913.913.913h1.825a.913.913 0 00.912-.912v-1.825A.913.913 0 0014.57 10h-1.825a.912.912 0 00-.913.912z\"\/><path d=\"M8.028 13.66a.449.449 0 00.446-.448v-.364c0-.246-.2-.448-.446-.448h-4.13a.449.449 0 00-.447.448v.364c0 .246.201.448.447.448h4.13zM9.797 11.26a.449.449 0 00.447-.448v-.364c0-.246-.201-.448-.447-.448h-5.9a.449.449 0 00-.446.448v.364c0 .246.201.448.447.448h5.9z\"\/><\/g><defs><clipPath id=\"tribe-events-c-view-selector__list-item-icon-svg-0\"><path transform=\"translate(3.451 4)\" d=\"M0 0h13v4H0z\"\/><\/clipPath><clipPath id=\"tribe-events-c-view-selector__list-item-icon-svg-1\"><path transform=\"translate(3.451 10)\" d=\"M0 0h13v4H0z\"\/><\/clipPath><\/defs><\/svg>\n\t\t<\/span>\n\t\t<span class=\"tribe-events-c-view-selector__list-item-text\">\n\t\t\tListe\t\t<\/span>\n\t<\/a>\n<\/li>\n\t\t\t\t\t<li class=\"tribe-events-c-view-selector__list-item tribe-events-c-view-selector__list-item--month\">\n\t<a\n\t\thref=\"https:\/\/www.staffsante.fr\/contenu\/events\/mois\/?shortcode=588d7eac\"\n\t\tclass=\"tribe-events-c-view-selector__list-item-link\"\n\t\tdata-js=\"tribe-events-view-link\"\n\t>\n\t\t<span class=\"tribe-events-c-view-selector__list-item-icon\">\n\t\t\t<svg  class=\"tribe-common-c-svgicon tribe-common-c-svgicon--month tribe-events-c-view-selector__list-item-icon-svg\"  viewBox=\"0 0 18 19\" xmlns=\"http:\/\/www.w3.org\/2000\/svg\"><path fill-rule=\"evenodd\" clip-rule=\"evenodd\" d=\"M0 .991v17.04c0 .236.162.428.361.428h17.175c.2 0 .361-.192.361-.429V.991c0-.237-.162-.428-.361-.428H.36C.161.563 0 .754 0 .99zm.985.803H16.89v2.301H.985v-2.3zM16.89 5.223H.985v12H16.89v-12zM6.31 7.366v.857c0 .237.192.429.429.429h.857a.429.429 0 00.428-.429v-.857a.429.429 0 00-.428-.429H6.74a.429.429 0 00-.429.429zm3.429.857v-.857c0-.237.191-.429.428-.429h.857c.237 0 .429.192.429.429v.857a.429.429 0 01-.429.429h-.857a.429.429 0 01-.428-.429zm3.428-.857v.857c0 .237.192.429.429.429h.857a.429.429 0 00.428-.429v-.857a.429.429 0 00-.428-.429h-.857a.429.429 0 00-.429.429zm-6.857 4.286v-.858c0-.236.192-.428.429-.428h.857c.236 0 .428.192.428.428v.858a.429.429 0 01-.428.428H6.74a.429.429 0 01-.429-.428zm3.429-.858v.858c0 .236.191.428.428.428h.857a.429.429 0 00.429-.428v-.858a.429.429 0 00-.429-.428h-.857a.428.428 0 00-.428.428zm3.428.858v-.858c0-.236.192-.428.429-.428h.857c.236 0 .428.192.428.428v.858a.429.429 0 01-.428.428h-.857a.429.429 0 01-.429-.428zm-10.286-.858v.858c0 .236.192.428.429.428h.857a.429.429 0 00.429-.428v-.858a.429.429 0 00-.429-.428h-.857a.429.429 0 00-.429.428zm0 4.286v-.857c0-.237.192-.429.429-.429h.857c.237 0 .429.192.429.429v.857a.429.429 0 01-.429.429h-.857a.429.429 0 01-.429-.429zm3.429-.857v.857c0 .237.192.429.429.429h.857a.429.429 0 00.428-.429v-.857a.429.429 0 00-.428-.429H6.74a.429.429 0 00-.429.429zm3.429.857v-.857c0-.237.191-.429.428-.429h.857c.237 0 .429.192.429.429v.857a.429.429 0 01-.429.429h-.857a.429.429 0 01-.428-.429z\" class=\"tribe-common-c-svgicon__svg-fill\"\/><\/svg>\t\t<\/span>\n\t\t<span class=\"tribe-events-c-view-selector__list-item-text\">\n\t\t\tMois\t\t<\/span>\n\t<\/a>\n<\/li>\n\t\t\t\t\t<li class=\"tribe-events-c-view-selector__list-item tribe-events-c-view-selector__list-item--day\">\n\t<a\n\t\thref=\"https:\/\/www.staffsante.fr\/contenu\/events\/aujourdhui\/?shortcode=588d7eac\"\n\t\tclass=\"tribe-events-c-view-selector__list-item-link\"\n\t\tdata-js=\"tribe-events-view-link\"\n\t>\n\t\t<span class=\"tribe-events-c-view-selector__list-item-icon\">\n\t\t\t<svg  class=\"tribe-common-c-svgicon tribe-common-c-svgicon--day tribe-events-c-view-selector__list-item-icon-svg\"  viewBox=\"0 0 19 18\" xmlns=\"http:\/\/www.w3.org\/2000\/svg\"><path fill-rule=\"evenodd\" clip-rule=\"evenodd\" d=\"M.363 17.569V.43C.363.193.526 0 .726 0H18c.201 0 .364.193.364.431V17.57c0 .238-.163.431-.364.431H.726c-.2 0-.363-.193-.363-.431zm16.985-16.33H1.354v2.314h15.994V1.24zM1.354 4.688h15.994v12.07H1.354V4.687zm11.164 9.265v-1.498c0-.413.335-.748.748-.748h1.498c.413 0 .748.335.748.748v1.498a.749.749 0 01-.748.748h-1.498a.749.749 0 01-.748-.748z\" class=\"tribe-common-c-svgicon__svg-fill\"\/><\/svg>\t\t<\/span>\n\t\t<span class=\"tribe-events-c-view-selector__list-item-text\">\n\t\t\tJour\t\t<\/span>\n\t<\/a>\n<\/li>\n\t\t\t<\/ul>\n<\/div>\n\t<\/div>\n<\/div>\n\n<\/div>\n\n\t\t\t<div class=\"tribe-events-c-top-bar tribe-events-header__top-bar\">\n\n\t<nav class=\"tribe-events-c-top-bar__nav tribe-common-a11y-hidden\">\n\t<ul class=\"tribe-events-c-top-bar__nav-list\">\n\t\t<li class=\"tribe-events-c-top-bar__nav-list-item\">\n\t<a\n\t\thref=\"https:\/\/www.staffsante.fr\/contenu\/events\/liste\/?rest_route=%2Fwp%2Fv2%2Fpages%2F9642&#038;shortcode=588d7eac&#038;eventDisplay=past\"\n\t\tclass=\"tribe-common-c-btn-icon tribe-common-c-btn-icon--caret-left tribe-events-c-top-bar__nav-link tribe-events-c-top-bar__nav-link--prev\"\n\t\taria-label=\"\u00c9v\u00e8nements pr\u00e9c\u00e9dents\"\n\t\ttitle=\"\u00c9v\u00e8nements pr\u00e9c\u00e9dents\"\n\t\tdata-js=\"tribe-events-view-link\"\n\t>\n\t\t<svg  class=\"tribe-common-c-svgicon tribe-common-c-svgicon--caret-left tribe-common-c-btn-icon__icon-svg tribe-events-c-top-bar__nav-link-icon-svg\"  xmlns=\"http:\/\/www.w3.org\/2000\/svg\" viewBox=\"0 0 10 16\"><path d=\"M9.7 14.4l-1.5 1.5L.3 8 8.2.1l1.5 1.5L3.3 8l6.4 6.4z\"\/><\/svg>\n\t<\/a>\n<\/li>\n\n\t\t<li class=\"tribe-events-c-top-bar__nav-list-item\">\n\t<button\n\t\tclass=\"tribe-common-c-btn-icon tribe-common-c-btn-icon--caret-right tribe-events-c-top-bar__nav-link tribe-events-c-top-bar__nav-link--next\"\n\t\taria-label=\"\u00c9v\u00e8nements suivants\"\n\t\ttitle=\"\u00c9v\u00e8nements suivants\"\n\t\tdisabled\n\t>\n\t\t<svg  class=\"tribe-common-c-svgicon tribe-common-c-svgicon--caret-right tribe-common-c-btn-icon__icon-svg tribe-events-c-top-bar__nav-link-icon-svg\"  xmlns=\"http:\/\/www.w3.org\/2000\/svg\" viewBox=\"0 0 10 16\"><path d=\"M.3 1.6L1.8.1 9.7 8l-7.9 7.9-1.5-1.5L6.7 8 .3 1.6z\"\/><\/svg>\n\t<\/button>\n<\/li>\n\t<\/ul>\n<\/nav>\n\n\t<a\n\thref=\"https:\/\/www.staffsante.fr\/contenu\/events\/liste\/?rest_route=%2Fwp%2Fv2%2Fpages%2F9642&#038;shortcode=588d7eac\"\n\tclass=\"tribe-common-c-btn-border-small tribe-events-c-top-bar__today-button tribe-common-a11y-hidden\"\n\tdata-js=\"tribe-events-view-link\"\n\taria-label=\"Cliquer pour s\u00e9lectionner la date du jour\"\n\ttitle=\"Cliquer pour s\u00e9lectionner la date du jour\"\n>\n\tAujourd&#039;hui<\/a>\n\n\t<div class=\"tribe-events-c-top-bar__datepicker\">\n\t<button\n\t\tclass=\"tribe-common-h3 tribe-common-h--alt tribe-events-c-top-bar__datepicker-button\"\n\t\tdata-js=\"tribe-events-top-bar-datepicker-button\"\n\t\ttype=\"button\"\n\t\taria-label=\"Cliquer pour basculer le s\u00e9lectionneur de dates\"\n\t\ttitle=\"Cliquer pour basculer le s\u00e9lectionneur de dates\"\n\t>\n\t\t<time\n\t\t\tdatetime=\"2026-05-01\"\n\t\t\tclass=\"tribe-events-c-top-bar__datepicker-time\"\n\t\t>\n\t\t\t\t\t\t\t<span class=\"tribe-events-c-top-bar__datepicker-mobile\">\n\t\t\t\t\t\u00c0 venir\t\t\t\t<\/span>\n\t\t\t\t<span class=\"tribe-events-c-top-bar__datepicker-desktop tribe-common-a11y-hidden\">\n\t\t\t\t\t\u00c0 venir\t\t\t\t<\/span>\n\t\t\t\t\t<\/time>\n\t\t\t\t<svg  class=\"tribe-common-c-svgicon tribe-common-c-svgicon--caret-down tribe-events-c-top-bar__datepicker-button-icon-svg\"  viewBox=\"0 0 10 7\" xmlns=\"http:\/\/www.w3.org\/2000\/svg\"><path fill-rule=\"evenodd\" clip-rule=\"evenodd\" d=\"M1.008.609L5 4.6 8.992.61l.958.958L5 6.517.05 1.566l.958-.958z\" class=\"tribe-common-c-svgicon__svg-fill\"\/><\/svg>\n\t<\/button>\n\t<label\n\t\tclass=\"tribe-events-c-top-bar__datepicker-label tribe-common-a11y-visual-hide\"\n\t\tfor=\"tribe-events-top-bar-date\"\n\t>\n\t\tS\u00e9lectionnez une date.\t<\/label>\n\t<input\n\t\ttype=\"text\"\n\t\tclass=\"tribe-events-c-top-bar__datepicker-input tribe-common-a11y-visual-hide\"\n\t\tdata-js=\"tribe-events-top-bar-date\"\n\t\tid=\"tribe-events-top-bar-date\"\n\t\tname=\"tribe-events-views[tribe-bar-date]\"\n\t\tvalue=\"01\/05\/2026\"\n\t\ttabindex=\"-1\"\n\t\tautocomplete=\"off\"\n\t\treadonly=\"readonly\"\n\t\/>\n\t<div class=\"tribe-events-c-top-bar__datepicker-container\" data-js=\"tribe-events-top-bar-datepicker-container\"><\/div>\n\t<template class=\"tribe-events-c-top-bar__datepicker-template-prev-icon\">\n\t\t<svg  class=\"tribe-common-c-svgicon tribe-common-c-svgicon--caret-left tribe-events-c-top-bar__datepicker-nav-icon-svg\"  xmlns=\"http:\/\/www.w3.org\/2000\/svg\" viewBox=\"0 0 10 16\"><path d=\"M9.7 14.4l-1.5 1.5L.3 8 8.2.1l1.5 1.5L3.3 8l6.4 6.4z\"\/><\/svg>\n\t<\/template>\n\t<template class=\"tribe-events-c-top-bar__datepicker-template-next-icon\">\n\t\t<svg  class=\"tribe-common-c-svgicon tribe-common-c-svgicon--caret-right tribe-events-c-top-bar__datepicker-nav-icon-svg\"  xmlns=\"http:\/\/www.w3.org\/2000\/svg\" viewBox=\"0 0 10 16\"><path d=\"M.3 1.6L1.8.1 9.7 8l-7.9 7.9-1.5-1.5L6.7 8 .3 1.6z\"\/><\/svg>\n\t<\/template>\n<\/div>\n\n\t<div class=\"tribe-events-c-top-bar__actions tribe-common-a11y-hidden\">\n\t<\/div>\n\n<\/div>\n\t\t<\/header>\n\n\t\t\n\t\t<div class=\"tribe-events-calendar-list\">\n\n\t\t\t\t\t\t\t\n\t\t\t\t<h2 class=\"tribe-events-calendar-list__month-separator\">\n\t<time\n\t\tclass=\"tribe-events-calendar-list__month-separator-text tribe-common-h7 tribe-common-h6--min-medium tribe-common-h--alt\"\n\t\tdatetime=\"2026-05\"\n\t>\n\t\tmai 2026\t<\/time>\n<\/h2>\n\n\t\t\t\t<div  class=\"tribe-common-g-row tribe-events-calendar-list__event-row\" >\n\n\t<div class=\"tribe-events-calendar-list__event-date-tag tribe-common-g-col\">\n\t<time class=\"tribe-events-calendar-list__event-date-tag-datetime\" datetime=\"2026-05-19\" aria-hidden=\"true\">\n\t\t<span class=\"tribe-events-calendar-list__event-date-tag-weekday\">\n\t\t\tmar\t\t<\/span>\n\t\t<span class=\"tribe-events-calendar-list__event-date-tag-daynum tribe-common-h5 tribe-common-h4--min-medium\">\n\t\t\t19\t\t<\/span>\n\t<\/time>\n<\/div>\n\n\t<div class=\"tribe-events-calendar-list__event-wrapper tribe-common-g-col\">\n\t\t<article  class=\"tribe-events-calendar-list__event tribe-common-g-row tribe-common-g-row--gutters post-10000361 tribe_events type-tribe_events status-publish has-post-thumbnail hentry\" >\n\t\t\t<div class=\"tribe-events-calendar-list__event-featured-image-wrapper tribe-common-g-col\">\n\t<a\n\t\thref=\"https:\/\/www.staffsante.fr\/contenu\/evenement\/santexpo-2026-rendez-vous-les-1920-et-21-mai\/\"\n\t\ttitle=\"Santexpo 2026 &#8211; Rendez-vous les 19,20 et 21 mai !\"\n\t\trel=\"bookmark\"\n\t\tclass=\"tribe-events-calendar-list__event-featured-image-link\"\n\t\ttabindex=\"-1\"\n\t>\n\t\t<img\n\t\t\tsrc=\"https:\/\/content.staffsante.fr\/wp-content\/uploads\/2026\/03\/Visuel-agenda-9.png\"\n\t\t\t\t\t\t\tsrcset=\"https:\/\/content.staffsante.fr\/wp-content\/uploads\/2026\/03\/Visuel-agenda-9-300x191.png 300w, https:\/\/content.staffsante.fr\/wp-content\/uploads\/2026\/03\/Visuel-agenda-9-768x490.png 768w, https:\/\/content.staffsante.fr\/wp-content\/uploads\/2026\/03\/Visuel-agenda-9.png 940w\"\n\t\t\t\t\t\t\t\t\t\talt=\"\"\n\t\t\t\t\t\t\t\t\t\ttitle=\"Visuel agenda (9)\"\n\t\t\t\t\t\tclass=\"tribe-events-calendar-list__event-featured-image\"\n\t\t\/>\n\t<\/a>\n<\/div>\n\n\t\t\t<div class=\"tribe-events-calendar-list__event-details tribe-common-g-col\">\n\n\t\t\t\t<header class=\"tribe-events-calendar-list__event-header\">\n\t\t\t\t\t<div class=\"tribe-events-calendar-list__event-datetime-wrapper tribe-common-b2\">\n\t\t<time class=\"tribe-events-calendar-list__event-datetime\" datetime=\"2026-05-19\">\n\t\t<span class=\"tribe-event-date-start\">19 mai - 08:00<\/span> \/ <span class=\"tribe-event-date-end\">21 mai - 17:00<\/span>\t<\/time>\n\t<\/div>\n\t\t\t\t\t<h3 class=\"tribe-events-calendar-list__event-title tribe-common-h6 tribe-common-h4--min-medium\">\n\t<a\n\t\thref=\"https:\/\/www.staffsante.fr\/contenu\/evenement\/santexpo-2026-rendez-vous-les-1920-et-21-mai\/\"\n\t\ttitle=\"Santexpo 2026 &#8211; Rendez-vous les 19,20 et 21 mai !\"\n\t\trel=\"bookmark\"\n\t\tclass=\"tribe-events-calendar-list__event-title-link tribe-common-anchor-thin\"\n\t>\n\t\tSantexpo 2026 &#8211; Rendez-vous les 19,20 et 21 mai !\t<\/a>\n<\/h3>\n\t\t\t\t\t<address class=\"tribe-events-calendar-list__event-venue tribe-common-b2\">\n\t<span class=\"tribe-events-calendar-list__event-venue-title tribe-common-b2--bold\">\n\t\tParis Expo Porte de Versailles\t<\/span>\n\t<span class=\"tribe-events-calendar-list__event-venue-address\">\n\t\t1 Place de la Porte de Versailles, Paris\t<\/span>\n<\/address>\n\t\t\t\t<\/header>\n\n\t\t\t\t<div class=\"tribe-events-calendar-list__event-description tribe-common-b2 tribe-common-a11y-hidden\">\n\t<p>Santexpo, l'\u00e9v\u00e9nement de r\u00e9f\u00e9rence pour les acteurs de la sant\u00e9 et du m\u00e9dico-social revient \u00e0 Paris les 19,20 et 21 mai !<\/p>\n<\/div>\n\t\t\t\t\n\t\t\t<\/div>\n\t\t<\/article>\n\t<\/div>\n\n<\/div>\n\n\t\t\t\t\t\t\t\n\t\t\t\t<h2 class=\"tribe-events-calendar-list__month-separator\">\n\t<time\n\t\tclass=\"tribe-events-calendar-list__month-separator-text tribe-common-h7 tribe-common-h6--min-medium tribe-common-h--alt\"\n\t\tdatetime=\"2026-06\"\n\t>\n\t\tjuin 2026\t<\/time>\n<\/h2>\n\n\t\t\t\t<div  class=\"tribe-common-g-row tribe-events-calendar-list__event-row\" >\n\n\t<div class=\"tribe-events-calendar-list__event-date-tag tribe-common-g-col\">\n\t<time class=\"tribe-events-calendar-list__event-date-tag-datetime\" datetime=\"2026-06-11\" aria-hidden=\"true\">\n\t\t<span class=\"tribe-events-calendar-list__event-date-tag-weekday\">\n\t\t\tjeu\t\t<\/span>\n\t\t<span class=\"tribe-events-calendar-list__event-date-tag-daynum tribe-common-h5 tribe-common-h4--min-medium\">\n\t\t\t11\t\t<\/span>\n\t<\/time>\n<\/div>\n\n\t<div class=\"tribe-events-calendar-list__event-wrapper tribe-common-g-col\">\n\t\t<article  class=\"tribe-events-calendar-list__event tribe-common-g-row tribe-common-g-row--gutters post-10000347 tribe_events type-tribe_events status-publish has-post-thumbnail hentry\" >\n\t\t\t<div class=\"tribe-events-calendar-list__event-featured-image-wrapper tribe-common-g-col\">\n\t<a\n\t\thref=\"https:\/\/www.staffsante.fr\/contenu\/evenement\/les-rencontres-des-aides-soignants-lyon\/\"\n\t\ttitle=\"Les Rencontres des Aides-Soignants &#8211; Lyon\"\n\t\trel=\"bookmark\"\n\t\tclass=\"tribe-events-calendar-list__event-featured-image-link\"\n\t\ttabindex=\"-1\"\n\t>\n\t\t<img\n\t\t\tsrc=\"https:\/\/content.staffsante.fr\/wp-content\/uploads\/2026\/01\/Agenda-5.png\"\n\t\t\t\t\t\t\tsrcset=\"https:\/\/content.staffsante.fr\/wp-content\/uploads\/2026\/01\/Agenda-5-300x150.png 300w, https:\/\/content.staffsante.fr\/wp-content\/uploads\/2026\/01\/Agenda-5-1024x512.png 1024w, https:\/\/content.staffsante.fr\/wp-content\/uploads\/2026\/01\/Agenda-5-768x384.png 768w, https:\/\/content.staffsante.fr\/wp-content\/uploads\/2026\/01\/Agenda-5.png 1200w\"\n\t\t\t\t\t\t\t\t\t\talt=\"rencontres aides soignants lyon\"\n\t\t\t\t\t\t\t\t\t\ttitle=\"Agenda (5)\"\n\t\t\t\t\t\tclass=\"tribe-events-calendar-list__event-featured-image\"\n\t\t\/>\n\t<\/a>\n<\/div>\n\n\t\t\t<div class=\"tribe-events-calendar-list__event-details tribe-common-g-col\">\n\n\t\t\t\t<header class=\"tribe-events-calendar-list__event-header\">\n\t\t\t\t\t<div class=\"tribe-events-calendar-list__event-datetime-wrapper tribe-common-b2\">\n\t\t<time class=\"tribe-events-calendar-list__event-datetime\" datetime=\"2026-06-11\">\n\t\t<span class=\"tribe-event-date-start\">11 juin<\/span>\t<\/time>\n\t<\/div>\n\t\t\t\t\t<h3 class=\"tribe-events-calendar-list__event-title tribe-common-h6 tribe-common-h4--min-medium\">\n\t<a\n\t\thref=\"https:\/\/www.staffsante.fr\/contenu\/evenement\/les-rencontres-des-aides-soignants-lyon\/\"\n\t\ttitle=\"Les Rencontres des Aides-Soignants &#8211; Lyon\"\n\t\trel=\"bookmark\"\n\t\tclass=\"tribe-events-calendar-list__event-title-link tribe-common-anchor-thin\"\n\t>\n\t\tLes Rencontres des Aides-Soignants &#8211; Lyon\t<\/a>\n<\/h3>\n\t\t\t\t\t<address class=\"tribe-events-calendar-list__event-venue tribe-common-b2\">\n\t<span class=\"tribe-events-calendar-list__event-venue-title tribe-common-b2--bold\">\n\t\tEspaces Part Dieu\t<\/span>\n\t<span class=\"tribe-events-calendar-list__event-venue-address\">\n\t\tLyon\t<\/span>\n<\/address>\n\t\t\t\t<\/header>\n\n\t\t\t\t<div class=\"tribe-events-calendar-list__event-description tribe-common-b2 tribe-common-a11y-hidden\">\n\t<p>Les\u00a0 Rencontres des Aides-Soignants auront lieu \u00e0 Lyon le 11 juin 2026. Organis\u00e9e en collaboration avec la Fnaas, cette journ\u00e9e de formation portera sur les enjeux du travail en collaboration interprofessionnelle.<\/p>\n<\/div>\n\t\t\t\t\n\t\t\t<\/div>\n\t\t<\/article>\n\t<\/div>\n\n<\/div>\n\n\t\t\t\t\t\t\t\n\t\t\t\t<h2 class=\"tribe-events-calendar-list__month-separator\">\n\t<time\n\t\tclass=\"tribe-events-calendar-list__month-separator-text tribe-common-h7 tribe-common-h6--min-medium tribe-common-h--alt\"\n\t\tdatetime=\"2026-11\"\n\t>\n\t\tnovembre 2026\t<\/time>\n<\/h2>\n\n\t\t\t\t<div  class=\"tribe-common-g-row tribe-events-calendar-list__event-row\" >\n\n\t<div class=\"tribe-events-calendar-list__event-date-tag tribe-common-g-col\">\n\t<time class=\"tribe-events-calendar-list__event-date-tag-datetime\" datetime=\"2026-11-05\" aria-hidden=\"true\">\n\t\t<span class=\"tribe-events-calendar-list__event-date-tag-weekday\">\n\t\t\tjeu\t\t<\/span>\n\t\t<span class=\"tribe-events-calendar-list__event-date-tag-daynum tribe-common-h5 tribe-common-h4--min-medium\">\n\t\t\t5\t\t<\/span>\n\t<\/time>\n<\/div>\n\n\t<div class=\"tribe-events-calendar-list__event-wrapper tribe-common-g-col\">\n\t\t<article  class=\"tribe-events-calendar-list__event tribe-common-g-row tribe-common-g-row--gutters post-10000351 tribe_events type-tribe_events status-publish has-post-thumbnail hentry\" >\n\t\t\t<div class=\"tribe-events-calendar-list__event-featured-image-wrapper tribe-common-g-col\">\n\t<a\n\t\thref=\"https:\/\/www.staffsante.fr\/contenu\/evenement\/27eme-journee-pictonne-par-ladaspc-et-la-fnaas\/\"\n\t\ttitle=\"27\u00e8me Journ\u00e9e Pictonne par l&#8217;ADASPC et la Fnaas\"\n\t\trel=\"bookmark\"\n\t\tclass=\"tribe-events-calendar-list__event-featured-image-link\"\n\t\ttabindex=\"-1\"\n\t>\n\t\t<img\n\t\t\tsrc=\"https:\/\/content.staffsante.fr\/wp-content\/uploads\/2026\/01\/Agenda-9.png\"\n\t\t\t\t\t\t\tsrcset=\"https:\/\/content.staffsante.fr\/wp-content\/uploads\/2026\/01\/Agenda-9-300x150.png 300w, https:\/\/content.staffsante.fr\/wp-content\/uploads\/2026\/01\/Agenda-9-1024x512.png 1024w, https:\/\/content.staffsante.fr\/wp-content\/uploads\/2026\/01\/Agenda-9-768x384.png 768w, https:\/\/content.staffsante.fr\/wp-content\/uploads\/2026\/01\/Agenda-9.png 1200w\"\n\t\t\t\t\t\t\t\t\t\talt=\"\"\n\t\t\t\t\t\t\t\t\t\ttitle=\"Agenda (9)\"\n\t\t\t\t\t\tclass=\"tribe-events-calendar-list__event-featured-image\"\n\t\t\/>\n\t<\/a>\n<\/div>\n\n\t\t\t<div class=\"tribe-events-calendar-list__event-details tribe-common-g-col\">\n\n\t\t\t\t<header class=\"tribe-events-calendar-list__event-header\">\n\t\t\t\t\t<div class=\"tribe-events-calendar-list__event-datetime-wrapper tribe-common-b2\">\n\t\t<time class=\"tribe-events-calendar-list__event-datetime\" datetime=\"2026-11-05\">\n\t\t<span class=\"tribe-event-date-start\">5 novembre<\/span>\t<\/time>\n\t<\/div>\n\t\t\t\t\t<h3 class=\"tribe-events-calendar-list__event-title tribe-common-h6 tribe-common-h4--min-medium\">\n\t<a\n\t\thref=\"https:\/\/www.staffsante.fr\/contenu\/evenement\/27eme-journee-pictonne-par-ladaspc-et-la-fnaas\/\"\n\t\ttitle=\"27\u00e8me Journ\u00e9e Pictonne par l&#8217;ADASPC et la Fnaas\"\n\t\trel=\"bookmark\"\n\t\tclass=\"tribe-events-calendar-list__event-title-link tribe-common-anchor-thin\"\n\t>\n\t\t27\u00e8me Journ\u00e9e Pictonne par l&#8217;ADASPC et la Fnaas\t<\/a>\n<\/h3>\n\t\t\t\t\t<address class=\"tribe-events-calendar-list__event-venue tribe-common-b2\">\n\t<span class=\"tribe-events-calendar-list__event-venue-title tribe-common-b2--bold\">\n\t\tJAUNEY-MARIGNY\t<\/span>\n\t<span class=\"tribe-events-calendar-list__event-venue-address\">\n\t\tSalle Multim\u00e9dia, Jaunay-Marigny\t<\/span>\n<\/address>\n\t\t\t\t<\/header>\n\n\t\t\t\t<div class=\"tribe-events-calendar-list__event-description tribe-common-b2 tribe-common-a11y-hidden\">\n\t<p>L'Association des Aides-soignants du Poitou-Charentes organise, avec la F\u00e9d\u00e9ration nationale des associations d'aides-soignants (la Fnaas) une journ\u00e9e de formation le jeudi 5 novembre 2026 \u00e0 Jaunay-Marigny (86).<\/p>\n<\/div>\n\t\t\t\t\n\t\t\t<\/div>\n\t\t<\/article>\n\t<\/div>\n\n<\/div>\n\n\t\t\t\t\t\t\t\n\t\t\t\t\n\t\t\t\t<div  class=\"tribe-common-g-row tribe-events-calendar-list__event-row\" >\n\n\t<div class=\"tribe-events-calendar-list__event-date-tag tribe-common-g-col\">\n\t<time class=\"tribe-events-calendar-list__event-date-tag-datetime\" datetime=\"2026-11-06\" aria-hidden=\"true\">\n\t\t<span class=\"tribe-events-calendar-list__event-date-tag-weekday\">\n\t\t\tven\t\t<\/span>\n\t\t<span class=\"tribe-events-calendar-list__event-date-tag-daynum tribe-common-h5 tribe-common-h4--min-medium\">\n\t\t\t6\t\t<\/span>\n\t<\/time>\n<\/div>\n\n\t<div class=\"tribe-events-calendar-list__event-wrapper tribe-common-g-col\">\n\t\t<article  class=\"tribe-events-calendar-list__event tribe-common-g-row tribe-common-g-row--gutters post-10000348 tribe_events type-tribe_events status-publish has-post-thumbnail hentry\" >\n\t\t\t<div class=\"tribe-events-calendar-list__event-featured-image-wrapper tribe-common-g-col\">\n\t<a\n\t\thref=\"https:\/\/www.staffsante.fr\/contenu\/evenement\/les-rencontres-des-aides-soignants-lille\/\"\n\t\ttitle=\"Les Rencontres des Aides-Soignants &#8211; Lille\"\n\t\trel=\"bookmark\"\n\t\tclass=\"tribe-events-calendar-list__event-featured-image-link\"\n\t\ttabindex=\"-1\"\n\t>\n\t\t<img\n\t\t\tsrc=\"https:\/\/content.staffsante.fr\/wp-content\/uploads\/2026\/01\/Agenda-6.png\"\n\t\t\t\t\t\t\tsrcset=\"https:\/\/content.staffsante.fr\/wp-content\/uploads\/2026\/01\/Agenda-6-300x150.png 300w, https:\/\/content.staffsante.fr\/wp-content\/uploads\/2026\/01\/Agenda-6-1024x512.png 1024w, https:\/\/content.staffsante.fr\/wp-content\/uploads\/2026\/01\/Agenda-6-768x384.png 768w, https:\/\/content.staffsante.fr\/wp-content\/uploads\/2026\/01\/Agenda-6.png 1200w\"\n\t\t\t\t\t\t\t\t\t\talt=\"Rencontres aides-soignants lille\"\n\t\t\t\t\t\t\t\t\t\ttitle=\"Agenda (6)\"\n\t\t\t\t\t\tclass=\"tribe-events-calendar-list__event-featured-image\"\n\t\t\/>\n\t<\/a>\n<\/div>\n\n\t\t\t<div class=\"tribe-events-calendar-list__event-details tribe-common-g-col\">\n\n\t\t\t\t<header class=\"tribe-events-calendar-list__event-header\">\n\t\t\t\t\t<div class=\"tribe-events-calendar-list__event-datetime-wrapper tribe-common-b2\">\n\t\t<time class=\"tribe-events-calendar-list__event-datetime\" datetime=\"2026-11-06\">\n\t\t<span class=\"tribe-event-date-start\">6 novembre<\/span>\t<\/time>\n\t<\/div>\n\t\t\t\t\t<h3 class=\"tribe-events-calendar-list__event-title tribe-common-h6 tribe-common-h4--min-medium\">\n\t<a\n\t\thref=\"https:\/\/www.staffsante.fr\/contenu\/evenement\/les-rencontres-des-aides-soignants-lille\/\"\n\t\ttitle=\"Les Rencontres des Aides-Soignants &#8211; Lille\"\n\t\trel=\"bookmark\"\n\t\tclass=\"tribe-events-calendar-list__event-title-link tribe-common-anchor-thin\"\n\t>\n\t\tLes Rencontres des Aides-Soignants &#8211; Lille\t<\/a>\n<\/h3>\n\t\t\t\t\t<address class=\"tribe-events-calendar-list__event-venue tribe-common-b2\">\n\t<span class=\"tribe-events-calendar-list__event-venue-title tribe-common-b2--bold\">\n\t\tCit\u00e9 des \u00e9changes\t<\/span>\n\t<span class=\"tribe-events-calendar-list__event-venue-address\">\n\t\t40 rue Eug\u00e8ne Jacquet, Marcq en Baroeul\t<\/span>\n<\/address>\n\t\t\t\t<\/header>\n\n\t\t\t\t<div class=\"tribe-events-calendar-list__event-description tribe-common-b2 tribe-common-a11y-hidden\">\n\t<p>Les\u00a0 Rencontres des Aides-Soignants auront lieu \u00e0 Lille le 6 novembre 2026. Organis\u00e9e en collaboration avec la Fnaas, cette journ\u00e9e de formation portera sur les enjeux du travail en collaboration interprofessionnelle.<\/p>\n<\/div>\n\t\t\t\t\n\t\t\t<\/div>\n\t\t<\/article>\n\t<\/div>\n\n<\/div>\n\n\t\t\t\t\t\t\t\n\t\t\t\t\n\t\t\t\t<div  class=\"tribe-common-g-row tribe-events-calendar-list__event-row\" >\n\n\t<div class=\"tribe-events-calendar-list__event-date-tag tribe-common-g-col\">\n\t<time class=\"tribe-events-calendar-list__event-date-tag-datetime\" datetime=\"2026-11-26\" aria-hidden=\"true\">\n\t\t<span class=\"tribe-events-calendar-list__event-date-tag-weekday\">\n\t\t\tjeu\t\t<\/span>\n\t\t<span class=\"tribe-events-calendar-list__event-date-tag-daynum tribe-common-h5 tribe-common-h4--min-medium\">\n\t\t\t26\t\t<\/span>\n\t<\/time>\n<\/div>\n\n\t<div class=\"tribe-events-calendar-list__event-wrapper tribe-common-g-col\">\n\t\t<article  class=\"tribe-events-calendar-list__event tribe-common-g-row tribe-common-g-row--gutters post-10000349 tribe_events type-tribe_events status-publish has-post-thumbnail hentry\" >\n\t\t\t<div class=\"tribe-events-calendar-list__event-featured-image-wrapper tribe-common-g-col\">\n\t<a\n\t\thref=\"https:\/\/www.staffsante.fr\/contenu\/evenement\/les-rencontres-des-aides-soignants-grenoble\/\"\n\t\ttitle=\"Les Rencontres des Aides-Soignants &#8211; Grenoble\"\n\t\trel=\"bookmark\"\n\t\tclass=\"tribe-events-calendar-list__event-featured-image-link\"\n\t\ttabindex=\"-1\"\n\t>\n\t\t<img\n\t\t\tsrc=\"https:\/\/content.staffsante.fr\/wp-content\/uploads\/2026\/01\/Agenda-7.png\"\n\t\t\t\t\t\t\tsrcset=\"https:\/\/content.staffsante.fr\/wp-content\/uploads\/2026\/01\/Agenda-7-300x150.png 300w, https:\/\/content.staffsante.fr\/wp-content\/uploads\/2026\/01\/Agenda-7-1024x512.png 1024w, https:\/\/content.staffsante.fr\/wp-content\/uploads\/2026\/01\/Agenda-7-768x384.png 768w, https:\/\/content.staffsante.fr\/wp-content\/uploads\/2026\/01\/Agenda-7.png 1200w\"\n\t\t\t\t\t\t\t\t\t\talt=\"\"\n\t\t\t\t\t\t\t\t\t\ttitle=\"Agenda (7)\"\n\t\t\t\t\t\tclass=\"tribe-events-calendar-list__event-featured-image\"\n\t\t\/>\n\t<\/a>\n<\/div>\n\n\t\t\t<div class=\"tribe-events-calendar-list__event-details tribe-common-g-col\">\n\n\t\t\t\t<header class=\"tribe-events-calendar-list__event-header\">\n\t\t\t\t\t<div class=\"tribe-events-calendar-list__event-datetime-wrapper tribe-common-b2\">\n\t\t<time class=\"tribe-events-calendar-list__event-datetime\" datetime=\"2026-11-26\">\n\t\t<span class=\"tribe-event-date-start\">26 novembre<\/span>\t<\/time>\n\t<\/div>\n\t\t\t\t\t<h3 class=\"tribe-events-calendar-list__event-title tribe-common-h6 tribe-common-h4--min-medium\">\n\t<a\n\t\thref=\"https:\/\/www.staffsante.fr\/contenu\/evenement\/les-rencontres-des-aides-soignants-grenoble\/\"\n\t\ttitle=\"Les Rencontres des Aides-Soignants &#8211; Grenoble\"\n\t\trel=\"bookmark\"\n\t\tclass=\"tribe-events-calendar-list__event-title-link tribe-common-anchor-thin\"\n\t>\n\t\tLes Rencontres des Aides-Soignants &#8211; Grenoble\t<\/a>\n<\/h3>\n\t\t\t\t\t<address class=\"tribe-events-calendar-list__event-venue tribe-common-b2\">\n\t<span class=\"tribe-events-calendar-list__event-venue-title tribe-common-b2--bold\">\n\t\tMercure Centre Porte des Alpes\t<\/span>\n\t<span class=\"tribe-events-calendar-list__event-venue-address\">\n\t\t11 rue G\u00e9n\u00e9ral Magin, Grenoble\t<\/span>\n<\/address>\n\t\t\t\t<\/header>\n\n\t\t\t\t<div class=\"tribe-events-calendar-list__event-description tribe-common-b2 tribe-common-a11y-hidden\">\n\t<p>Les\u00a0 Rencontres des Aides-Soignants auront lieu \u00e0 Grenoble le 26 novembre 2026. Organis\u00e9e en collaboration avec la Fnaas, cette journ\u00e9e de formation portera sur les enjeux du travail en collaboration interprofessionnelle.<\/p>\n<\/div>\n\t\t\t\t\n\t\t\t<\/div>\n\t\t<\/article>\n\t<\/div>\n\n<\/div>\n\n\t\t\t\t\t\t\t\n\t\t\t\t<h2 class=\"tribe-events-calendar-list__month-separator\">\n\t<time\n\t\tclass=\"tribe-events-calendar-list__month-separator-text tribe-common-h7 tribe-common-h6--min-medium tribe-common-h--alt\"\n\t\tdatetime=\"2026-12\"\n\t>\n\t\td\u00e9cembre 2026\t<\/time>\n<\/h2>\n\n\t\t\t\t<div  class=\"tribe-common-g-row tribe-events-calendar-list__event-row\" >\n\n\t<div class=\"tribe-events-calendar-list__event-date-tag tribe-common-g-col\">\n\t<time class=\"tribe-events-calendar-list__event-date-tag-datetime\" datetime=\"2026-12-03\" aria-hidden=\"true\">\n\t\t<span class=\"tribe-events-calendar-list__event-date-tag-weekday\">\n\t\t\tjeu\t\t<\/span>\n\t\t<span class=\"tribe-events-calendar-list__event-date-tag-daynum tribe-common-h5 tribe-common-h4--min-medium\">\n\t\t\t3\t\t<\/span>\n\t<\/time>\n<\/div>\n\n\t<div class=\"tribe-events-calendar-list__event-wrapper tribe-common-g-col\">\n\t\t<article  class=\"tribe-events-calendar-list__event tribe-common-g-row tribe-common-g-row--gutters post-10000350 tribe_events type-tribe_events status-publish has-post-thumbnail hentry\" >\n\t\t\t<div class=\"tribe-events-calendar-list__event-featured-image-wrapper tribe-common-g-col\">\n\t<a\n\t\thref=\"https:\/\/www.staffsante.fr\/contenu\/evenement\/les-rencontres-des-aides-soignants-marseille\/\"\n\t\ttitle=\"Les Rencontres des Aides-Soignants &#8211; Marseille\"\n\t\trel=\"bookmark\"\n\t\tclass=\"tribe-events-calendar-list__event-featured-image-link\"\n\t\ttabindex=\"-1\"\n\t>\n\t\t<img\n\t\t\tsrc=\"https:\/\/content.staffsante.fr\/wp-content\/uploads\/2026\/01\/Agenda-8.png\"\n\t\t\t\t\t\t\tsrcset=\"https:\/\/content.staffsante.fr\/wp-content\/uploads\/2026\/01\/Agenda-8-300x150.png 300w, https:\/\/content.staffsante.fr\/wp-content\/uploads\/2026\/01\/Agenda-8-1024x512.png 1024w, https:\/\/content.staffsante.fr\/wp-content\/uploads\/2026\/01\/Agenda-8-768x384.png 768w, https:\/\/content.staffsante.fr\/wp-content\/uploads\/2026\/01\/Agenda-8.png 1200w\"\n\t\t\t\t\t\t\t\t\t\talt=\"rencontres aides-soignants marseille\"\n\t\t\t\t\t\t\t\t\t\ttitle=\"Agenda (8)\"\n\t\t\t\t\t\tclass=\"tribe-events-calendar-list__event-featured-image\"\n\t\t\/>\n\t<\/a>\n<\/div>\n\n\t\t\t<div class=\"tribe-events-calendar-list__event-details tribe-common-g-col\">\n\n\t\t\t\t<header class=\"tribe-events-calendar-list__event-header\">\n\t\t\t\t\t<div class=\"tribe-events-calendar-list__event-datetime-wrapper tribe-common-b2\">\n\t\t<time class=\"tribe-events-calendar-list__event-datetime\" datetime=\"2026-12-03\">\n\t\t<span class=\"tribe-event-date-start\">3 d\u00e9cembre<\/span>\t<\/time>\n\t<\/div>\n\t\t\t\t\t<h3 class=\"tribe-events-calendar-list__event-title tribe-common-h6 tribe-common-h4--min-medium\">\n\t<a\n\t\thref=\"https:\/\/www.staffsante.fr\/contenu\/evenement\/les-rencontres-des-aides-soignants-marseille\/\"\n\t\ttitle=\"Les Rencontres des Aides-Soignants &#8211; Marseille\"\n\t\trel=\"bookmark\"\n\t\tclass=\"tribe-events-calendar-list__event-title-link tribe-common-anchor-thin\"\n\t>\n\t\tLes Rencontres des Aides-Soignants &#8211; Marseille\t<\/a>\n<\/h3>\n\t\t\t\t\t<address class=\"tribe-events-calendar-list__event-venue tribe-common-b2\">\n\t<span class=\"tribe-events-calendar-list__event-venue-title tribe-common-b2--bold\">\n\t\tAmphi HA1, La Timone\t<\/span>\n\t<span class=\"tribe-events-calendar-list__event-venue-address\">\n\t\tMarseille\t<\/span>\n<\/address>\n\t\t\t\t<\/header>\n\n\t\t\t\t<div class=\"tribe-events-calendar-list__event-description tribe-common-b2 tribe-common-a11y-hidden\">\n\t<p>Les\u00a0 Rencontres des Aides-Soignants auront lieu \u00e0 Marseille le 3 d\u00e9cembre 2026. Organis\u00e9e en collaboration avec la Fnaas), cette journ\u00e9e de formation portera sur les enjeux du travail en collaboration interprofessionnelle.<\/p>\n<\/div>\n\t\t\t\t\n\t\t\t<\/div>\n\t\t<\/article>\n\t<\/div>\n\n<\/div>\n\n\t\t\t\t\t\t\t\n\t\t\t\t<h2 class=\"tribe-events-calendar-list__month-separator\">\n\t<time\n\t\tclass=\"tribe-events-calendar-list__month-separator-text tribe-common-h7 tribe-common-h6--min-medium tribe-common-h--alt\"\n\t\tdatetime=\"2027-03\"\n\t>\n\t\tmars 2027\t<\/time>\n<\/h2>\n\n\t\t\t\t<div  class=\"tribe-common-g-row tribe-events-calendar-list__event-row\" >\n\n\t<div class=\"tribe-events-calendar-list__event-date-tag tribe-common-g-col\">\n\t<time class=\"tribe-events-calendar-list__event-date-tag-datetime\" datetime=\"2027-03-18\" aria-hidden=\"true\">\n\t\t<span class=\"tribe-events-calendar-list__event-date-tag-weekday\">\n\t\t\tjeu\t\t<\/span>\n\t\t<span class=\"tribe-events-calendar-list__event-date-tag-daynum tribe-common-h5 tribe-common-h4--min-medium\">\n\t\t\t18\t\t<\/span>\n\t<\/time>\n<\/div>\n\n\t<div class=\"tribe-events-calendar-list__event-wrapper tribe-common-g-col\">\n\t\t<article  class=\"tribe-events-calendar-list__event tribe-common-g-row tribe-common-g-row--gutters post-10000343 tribe_events type-tribe_events status-publish has-post-thumbnail hentry\" >\n\t\t\t<div class=\"tribe-events-calendar-list__event-featured-image-wrapper tribe-common-g-col\">\n\t<a\n\t\thref=\"https:\/\/www.staffsante.fr\/contenu\/evenement\/30eme-assises-de-la-fnaas\/\"\n\t\ttitle=\"30\u00e8mes Assises de la FNAAS\"\n\t\trel=\"bookmark\"\n\t\tclass=\"tribe-events-calendar-list__event-featured-image-link\"\n\t\ttabindex=\"-1\"\n\t>\n\t\t<img\n\t\t\tsrc=\"https:\/\/content.staffsante.fr\/wp-content\/uploads\/2026\/01\/Agenda-1.png\"\n\t\t\t\t\t\t\tsrcset=\"https:\/\/content.staffsante.fr\/wp-content\/uploads\/2026\/01\/Agenda-1-300x150.png 300w, https:\/\/content.staffsante.fr\/wp-content\/uploads\/2026\/01\/Agenda-1-1024x512.png 1024w, https:\/\/content.staffsante.fr\/wp-content\/uploads\/2026\/01\/Agenda-1-768x384.png 768w, https:\/\/content.staffsante.fr\/wp-content\/uploads\/2026\/01\/Agenda-1.png 1200w\"\n\t\t\t\t\t\t\t\t\t\talt=\"\"\n\t\t\t\t\t\t\t\t\t\ttitle=\"Agenda (1)\"\n\t\t\t\t\t\tclass=\"tribe-events-calendar-list__event-featured-image\"\n\t\t\/>\n\t<\/a>\n<\/div>\n\n\t\t\t<div class=\"tribe-events-calendar-list__event-details tribe-common-g-col\">\n\n\t\t\t\t<header class=\"tribe-events-calendar-list__event-header\">\n\t\t\t\t\t<div class=\"tribe-events-calendar-list__event-datetime-wrapper tribe-common-b2\">\n\t\t<time class=\"tribe-events-calendar-list__event-datetime\" datetime=\"2027-03-18\">\n\t\t<span class=\"tribe-event-date-start\">18 mars 2027 - 08:00<\/span> \/ <span class=\"tribe-event-time\">17:00<\/span>\t<\/time>\n\t<\/div>\n\t\t\t\t\t<h3 class=\"tribe-events-calendar-list__event-title tribe-common-h6 tribe-common-h4--min-medium\">\n\t<a\n\t\thref=\"https:\/\/www.staffsante.fr\/contenu\/evenement\/30eme-assises-de-la-fnaas\/\"\n\t\ttitle=\"30\u00e8mes Assises de la FNAAS\"\n\t\trel=\"bookmark\"\n\t\tclass=\"tribe-events-calendar-list__event-title-link tribe-common-anchor-thin\"\n\t>\n\t\t30\u00e8mes Assises de la FNAAS\t<\/a>\n<\/h3>\n\t\t\t\t\t<address class=\"tribe-events-calendar-list__event-venue tribe-common-b2\">\n\t<span class=\"tribe-events-calendar-list__event-venue-title tribe-common-b2--bold\">\n\t\tFiap Paris\t<\/span>\n\t<span class=\"tribe-events-calendar-list__event-venue-address\">\n\t\t30 rue Cabanis, Paris\t<\/span>\n<\/address>\n\t\t\t\t<\/header>\n\n\t\t\t\t<div class=\"tribe-events-calendar-list__event-description tribe-common-b2 tribe-common-a11y-hidden\">\n\t<p>La F\u00e9d\u00e9ration Nationale des Associations d'Aides-soignants (FNAAS) organise ses 30\u00e8mes Assises le 18 mars 2027 sur la th\u00e9matique : L'aide-soignant, contributeur de l'\u00e9ducation en sant\u00e9.<\/p>\n<\/div>\n\t\t\t\t\n\t\t\t<\/div>\n\t\t<\/article>\n\t<\/div>\n\n<\/div>\n\n\t\t\t\n\t\t<\/div>\n\n\t\t<nav class=\"tribe-events-calendar-list-nav tribe-events-c-nav\">\n\t<ul class=\"tribe-events-c-nav__list\">\n\t\t<li class=\"tribe-events-c-nav__list-item tribe-events-c-nav__list-item--prev\">\n\t<a\n\t\thref=\"https:\/\/www.staffsante.fr\/contenu\/events\/liste\/?rest_route=%2Fwp%2Fv2%2Fpages%2F9642&#038;shortcode=588d7eac&#038;eventDisplay=past\"\n\t\trel=\"prev\"\n\t\tclass=\"tribe-events-c-nav__prev tribe-common-b2 tribe-common-b1--min-medium\"\n\t\tdata-js=\"tribe-events-view-link\"\n\t\taria-label=\"\u00c9v\u00e8nements pr\u00e9c\u00e9dents\"\n\t\ttitle=\"\u00c9v\u00e8nements pr\u00e9c\u00e9dents\"\n\t>\n\t\t<svg  class=\"tribe-common-c-svgicon tribe-common-c-svgicon--caret-left tribe-events-c-nav__prev-icon-svg\"  xmlns=\"http:\/\/www.w3.org\/2000\/svg\" viewBox=\"0 0 10 16\"><path d=\"M9.7 14.4l-1.5 1.5L.3 8 8.2.1l1.5 1.5L3.3 8l6.4 6.4z\"\/><\/svg>\n\t\t<span class=\"tribe-events-c-nav__prev-label\">\n\t\t\t<span class=\"tribe-events-c-nav__prev-label-plural tribe-common-a11y-visual-hide\">\u00c9v\u00e8nements<\/span> pr\u00e9c\u00e9dents\t\t<\/span>\n\t<\/a>\n<\/li>\n\n\t\t<li class=\"tribe-events-c-nav__list-item tribe-events-c-nav__list-item--today\">\n\t<a\n\t\thref=\"https:\/\/www.staffsante.fr\/contenu\/events\/liste\/?rest_route=%2Fwp%2Fv2%2Fpages%2F9642&#038;shortcode=588d7eac\"\n\t\tclass=\"tribe-events-c-nav__today tribe-common-b2\"\n\t\tdata-js=\"tribe-events-view-link\"\n\t\taria-label=\"Cliquer pour s\u00e9lectionner la date du jour\"\n\t\ttitle=\"Cliquer pour s\u00e9lectionner la date du jour\"\n\t>\n\t\tAujourd&#039;hui\t<\/a>\n<\/li>\n\n\t\t<li class=\"tribe-events-c-nav__list-item tribe-events-c-nav__list-item--next\">\n\t<button\n\t\tclass=\"tribe-events-c-nav__next tribe-common-b2 tribe-common-b1--min-medium\"\n\t\taria-label=\"\u00c9v\u00e8nements suivants\"\n\t\ttitle=\"\u00c9v\u00e8nements suivants\"\n\t\tdisabled\n\t>\n\t\t<span class=\"tribe-events-c-nav__next-label\">\n\t\t\t<span class=\"tribe-events-c-nav__next-label-plural tribe-common-a11y-visual-hide\">\u00c9v\u00e8nements<\/span> suivants\t\t<\/span>\n\t\t<svg  class=\"tribe-common-c-svgicon tribe-common-c-svgicon--caret-right tribe-events-c-nav__next-icon-svg\"  xmlns=\"http:\/\/www.w3.org\/2000\/svg\" viewBox=\"0 0 10 16\"><path d=\"M.3 1.6L1.8.1 9.7 8l-7.9 7.9-1.5-1.5L6.7 8 .3 1.6z\"\/><\/svg>\n\t<\/button>\n<\/li>\n\t<\/ul>\n<\/nav>\n\n\t\t<div class=\"tribe-events-c-subscribe-dropdown__container\">\n\t<div class=\"tribe-events-c-subscribe-dropdown\">\n\t\t<div class=\"tribe-common-c-btn-border tribe-events-c-subscribe-dropdown__button\" tabindex=\"0\">\n\t\t\t<button class=\"tribe-events-c-subscribe-dropdown__button-text\">\n\t\t\t\tS\u2019abonner au calendrier\t\t\t<\/button>\n\t\t\t<svg  class=\"tribe-common-c-svgicon tribe-common-c-svgicon--caret-down tribe-events-c-subscribe-dropdown__button-icon\"  viewBox=\"0 0 10 7\" xmlns=\"http:\/\/www.w3.org\/2000\/svg\"><path fill-rule=\"evenodd\" clip-rule=\"evenodd\" d=\"M1.008.609L5 4.6 8.992.61l.958.958L5 6.517.05 1.566l.958-.958z\" class=\"tribe-common-c-svgicon__svg-fill\"\/><\/svg>\n\t\t<\/div>\n\t\t<div class=\"tribe-events-c-subscribe-dropdown__content\">\n\t\t\t<ul class=\"tribe-events-c-subscribe-dropdown__list\" tabindex=\"0\">\n\t\t\t\t\t\t\t\t\t\n<li class=\"tribe-events-c-subscribe-dropdown__list-item\">\n\t<a\n\t\thref=\"https:\/\/www.google.com\/calendar\/render?cid=webcal%3A%2F%2Fwww.staffsante.fr%2Fcontenu%2F%3Fpost_type%3Dtribe_events%26ical%3D1%26eventDisplay%3Dlist\"\n\t\tclass=\"tribe-events-c-subscribe-dropdown__list-item-link\"\n\t\ttabindex=\"0\"\n\t\ttarget=\"_blank\"\n\t\trel=\"noopener noreferrer nofollow noindex\"\n\t>\n\t\tGoogle Agenda\t<\/a>\n<\/li>\n\t\t\t\t\t\t\t\t\t\n<li class=\"tribe-events-c-subscribe-dropdown__list-item\">\n\t<a\n\t\thref=\"webcal:\/\/www.staffsante.fr\/contenu\/?post_type=tribe_events&#038;ical=1&#038;eventDisplay=list\"\n\t\tclass=\"tribe-events-c-subscribe-dropdown__list-item-link\"\n\t\ttabindex=\"0\"\n\t\ttarget=\"_blank\"\n\t\trel=\"noopener noreferrer nofollow noindex\"\n\t>\n\t\tiCalendar\t<\/a>\n<\/li>\n\t\t\t\t\t\t\t\t\t\n<li class=\"tribe-events-c-subscribe-dropdown__list-item\">\n\t<a\n\t\thref=\"https:\/\/outlook.office.com\/owa?path=%2Fcalendar%2Faction%2Fcompose&#038;rru=addsubscription&#038;url=webcal%253A%252F%252Fwww.staffsante.fr%252Fcontenu%252F%253Fpost_type%253Dtribe_events%2526eventDisplay%253Dlist%26ical%3D1&#038;name=STAFFSANT%C3%89+Prochains+%C3%89v%C3%A8nements+%7C+STAFFSANT%C3%89\"\n\t\tclass=\"tribe-events-c-subscribe-dropdown__list-item-link\"\n\t\ttabindex=\"0\"\n\t\ttarget=\"_blank\"\n\t\trel=\"noopener noreferrer nofollow noindex\"\n\t>\n\t\tOutlook 365\t<\/a>\n<\/li>\n\t\t\t\t\t\t\t\t\t\n<li class=\"tribe-events-c-subscribe-dropdown__list-item\">\n\t<a\n\t\thref=\"https:\/\/outlook.live.com\/owa?path=%2Fcalendar%2Faction%2Fcompose&#038;rru=addsubscription&#038;url=webcal%253A%252F%252Fwww.staffsante.fr%252Fcontenu%252F%253Fpost_type%253Dtribe_events%2526eventDisplay%253Dlist%26ical%3D1&#038;name=STAFFSANT%C3%89+Prochains+%C3%89v%C3%A8nements+%7C+STAFFSANT%C3%89\"\n\t\tclass=\"tribe-events-c-subscribe-dropdown__list-item-link\"\n\t\ttabindex=\"0\"\n\t\ttarget=\"_blank\"\n\t\trel=\"noopener noreferrer nofollow noindex\"\n\t>\n\t\tOutlook Live\t<\/a>\n<\/li>\n\t\t\t\t\t\t\t\t\t\n<li class=\"tribe-events-c-subscribe-dropdown__list-item\">\n\t<a\n\t\thref=\"https:\/\/www.staffsante.fr\/contenu\/events\/liste\/?shortcode=588d7eac&#038;ical=1\"\n\t\tclass=\"tribe-events-c-subscribe-dropdown__list-item-link\"\n\t\ttabindex=\"0\"\n\t\ttarget=\"_blank\"\n\t\trel=\"noopener noreferrer nofollow noindex\"\n\t>\n\t\tExporter le fichier .ics\t<\/a>\n<\/li>\n\t\t\t\t\t\t\t\t\t\n<li class=\"tribe-events-c-subscribe-dropdown__list-item\">\n\t<a\n\t\thref=\"https:\/\/www.staffsante.fr\/contenu\/events\/liste\/?shortcode=588d7eac&#038;outlook-ical=1#038;ical=1\"\n\t\tclass=\"tribe-events-c-subscribe-dropdown__list-item-link\"\n\t\ttabindex=\"0\"\n\t\ttarget=\"_blank\"\n\t\trel=\"noopener noreferrer nofollow noindex\"\n\t>\n\t\tExporter le fichier Outlook .ics\t<\/a>\n<\/li>\n\t\t\t\t\t\t\t<\/ul>\n\t\t<\/div>\n\t<\/div>\n<\/div>\n\n\t\t\n\t<\/div>\n<\/div>\n\n<\/div><\/div><\/div><\/div><div id=\"pg-9642-2\"  class=\"panel-grid panel-no-style\" ><div id=\"pgc-9642-2-0\"  class=\"panel-grid-cell\" ><div id=\"panel-9642-2-0-0\" class=\"so-panel widget widget_media_image panel-first-child panel-last-child\" data-index=\"2\" ><img width=\"1128\" height=\"191\" src=\"https:\/\/content.staffsante.fr\/wp-content\/uploads\/2023\/08\/Bannie\u0300re-temporaire-Linkedin.png\" class=\"image wp-image-9653  attachment-full size-full\" alt=\"staffsante, site emploi de reference pour les professionnels de la sant\u00e9\" loading=\"lazy\" style=\"max-width: 100%; height: auto;\" srcset=\"https:\/\/content.staffsante.fr\/wp-content\/uploads\/2023\/08\/Bannie\u0300re-temporaire-Linkedin.png 1128w, https:\/\/content.staffsante.fr\/wp-content\/uploads\/2023\/08\/Bannie\u0300re-temporaire-Linkedin-300x51.png 300w, https:\/\/content.staffsante.fr\/wp-content\/uploads\/2023\/08\/Bannie\u0300re-temporaire-Linkedin-1024x173.png 1024w, https:\/\/content.staffsante.fr\/wp-content\/uploads\/2023\/08\/Bannie\u0300re-temporaire-Linkedin-768x130.png 768w\" sizes=\"(max-width: 1128px) 100vw, 1128px\" \/><\/div><\/div><\/div><\/div>","protected":false},"excerpt":{"rendered":"<p>Agenda Staffsant\u00e9<\/p>\n","protected":false},"author":5,"featured_media":0,"parent":0,"menu_order":0,"comment_status":"closed","ping_status":"closed","template":"template-emploi.php","meta":[],"acf":[],"yoast_head":"<!-- This site is optimized with the Yoast SEO plugin v19.14 - https:\/\/yoast.com\/wordpress\/plugins\/seo\/ -->\n<title>Ev\u00e9nements | STAFFSANT\u00c9<\/title>\n<meta name=\"description\" content=\"Retrouvez tous les \u00e9v\u00e9nements pour les professionnels de Sant\u00e9 gr\u00e2ce \u00e0 l&#039;Agenda Staffsant\u00e9 : job dating, portes ouvertes, salons...\" \/>\n<meta name=\"robots\" content=\"index, follow, max-snippet:-1, max-image-preview:large, max-video-preview:-1\" \/>\n<link rel=\"canonical\" href=\"https:\/\/www.staffsante.fr\/contenu\/evenements\/\" \/>\n<meta property=\"og:locale\" content=\"fr_FR\" \/>\n<meta property=\"og:type\" content=\"article\" \/>\n<meta property=\"og:title\" content=\"Ev\u00e9nements | STAFFSANT\u00c9\" \/>\n<meta property=\"og:description\" content=\"Retrouvez tous les \u00e9v\u00e9nements pour les professionnels de Sant\u00e9 gr\u00e2ce \u00e0 l&#039;Agenda Staffsant\u00e9 : job dating, portes ouvertes, salons...\" \/>\n<meta property=\"og:url\" content=\"https:\/\/www.staffsante.fr\/contenu\/evenements\/\" \/>\n<meta property=\"og:site_name\" content=\"STAFFSANT\u00c9\" \/>\n<meta property=\"article:modified_time\" content=\"2024-04-25T10:34:42+00:00\" \/>\n<meta name=\"twitter:card\" content=\"summary_large_image\" \/>\n<meta name=\"twitter:label1\" content=\"Dur\u00e9e de lecture estim\u00e9e\" \/>\n\t<meta name=\"twitter:data1\" content=\"1 minute\" \/>\n<script type=\"application\/ld+json\" class=\"yoast-schema-graph\">{\"@context\":\"https:\/\/schema.org\",\"@graph\":[{\"@type\":\"WebPage\",\"@id\":\"https:\/\/www.staffsante.fr\/contenu\/evenements\/\",\"url\":\"https:\/\/www.staffsante.fr\/contenu\/evenements\/\",\"name\":\"Ev\u00e9nements | STAFFSANT\u00c9\",\"isPartOf\":{\"@id\":\"https:\/\/www.staffsante.fr\/contenu\/#website\"},\"datePublished\":\"2023-08-22T12:57:35+00:00\",\"dateModified\":\"2024-04-25T10:34:42+00:00\",\"description\":\"Retrouvez tous les \u00e9v\u00e9nements pour les professionnels de Sant\u00e9 gr\u00e2ce \u00e0 l'Agenda Staffsant\u00e9 : job dating, portes ouvertes, salons...\",\"breadcrumb\":{\"@id\":\"https:\/\/www.staffsante.fr\/contenu\/evenements\/#breadcrumb\"},\"inLanguage\":\"fr-FR\",\"potentialAction\":[{\"@type\":\"ReadAction\",\"target\":[\"https:\/\/www.staffsante.fr\/contenu\/evenements\/\"]}]},{\"@type\":\"BreadcrumbList\",\"@id\":\"https:\/\/www.staffsante.fr\/contenu\/evenements\/#breadcrumb\",\"itemListElement\":[{\"@type\":\"ListItem\",\"position\":1,\"name\":\"Home\",\"item\":\"https:\/\/www.staffsante.fr\/contenu\/\"},{\"@type\":\"ListItem\",\"position\":2,\"name\":\"Ev\u00e9nements\"}]},{\"@type\":\"WebSite\",\"@id\":\"https:\/\/www.staffsante.fr\/contenu\/#website\",\"url\":\"https:\/\/www.staffsante.fr\/contenu\/\",\"name\":\"STAFFSANT\u00c9\",\"description\":\"L&#039;actualit\u00e9 carri\u00e8re des professionnels de sant\u00e9\",\"publisher\":{\"@id\":\"https:\/\/www.staffsante.fr\/contenu\/#organization\"},\"potentialAction\":[{\"@type\":\"SearchAction\",\"target\":{\"@type\":\"EntryPoint\",\"urlTemplate\":\"https:\/\/www.staffsante.fr\/contenu\/?s={search_term_string}\"},\"query-input\":\"required name=search_term_string\"}],\"inLanguage\":\"fr-FR\"},{\"@type\":\"Organization\",\"@id\":\"https:\/\/www.staffsante.fr\/contenu\/#organization\",\"name\":\"Staffsant\u00e9\",\"url\":\"https:\/\/www.staffsante.fr\/contenu\/\",\"logo\":{\"@type\":\"ImageObject\",\"inLanguage\":\"fr-FR\",\"@id\":\"https:\/\/www.staffsante.fr\/contenu\/#\/schema\/logo\/image\/\",\"url\":\"https:\/\/content.staffsante.fr\/wp-content\/uploads\/2017\/06\/Staffsante.jpg\",\"contentUrl\":\"https:\/\/content.staffsante.fr\/wp-content\/uploads\/2017\/06\/Staffsante.jpg\",\"width\":2225,\"height\":592,\"caption\":\"Staffsant\u00e9\"},\"image\":{\"@id\":\"https:\/\/www.staffsante.fr\/contenu\/#\/schema\/logo\/image\/\"}}]}<\/script>\n<!-- \/ Yoast SEO plugin. -->","yoast_head_json":{"title":"Ev\u00e9nements | STAFFSANT\u00c9","description":"Retrouvez tous les \u00e9v\u00e9nements pour les professionnels de Sant\u00e9 gr\u00e2ce \u00e0 l'Agenda Staffsant\u00e9 : job dating, portes ouvertes, salons...","robots":{"index":"index","follow":"follow","max-snippet":"max-snippet:-1","max-image-preview":"max-image-preview:large","max-video-preview":"max-video-preview:-1"},"canonical":"https:\/\/www.staffsante.fr\/contenu\/evenements\/","og_locale":"fr_FR","og_type":"article","og_title":"Ev\u00e9nements | STAFFSANT\u00c9","og_description":"Retrouvez tous les \u00e9v\u00e9nements pour les professionnels de Sant\u00e9 gr\u00e2ce \u00e0 l'Agenda Staffsant\u00e9 : job dating, portes ouvertes, salons...","og_url":"https:\/\/www.staffsante.fr\/contenu\/evenements\/","og_site_name":"STAFFSANT\u00c9","article_modified_time":"2024-04-25T10:34:42+00:00","twitter_card":"summary_large_image","twitter_misc":{"Dur\u00e9e de lecture estim\u00e9e":"1 minute"},"schema":{"@context":"https:\/\/schema.org","@graph":[{"@type":"WebPage","@id":"https:\/\/www.staffsante.fr\/contenu\/evenements\/","url":"https:\/\/www.staffsante.fr\/contenu\/evenements\/","name":"Ev\u00e9nements | STAFFSANT\u00c9","isPartOf":{"@id":"https:\/\/www.staffsante.fr\/contenu\/#website"},"datePublished":"2023-08-22T12:57:35+00:00","dateModified":"2024-04-25T10:34:42+00:00","description":"Retrouvez tous les \u00e9v\u00e9nements pour les professionnels de Sant\u00e9 gr\u00e2ce \u00e0 l'Agenda Staffsant\u00e9 : job dating, portes ouvertes, salons...","breadcrumb":{"@id":"https:\/\/www.staffsante.fr\/contenu\/evenements\/#breadcrumb"},"inLanguage":"fr-FR","potentialAction":[{"@type":"ReadAction","target":["https:\/\/www.staffsante.fr\/contenu\/evenements\/"]}]},{"@type":"BreadcrumbList","@id":"https:\/\/www.staffsante.fr\/contenu\/evenements\/#breadcrumb","itemListElement":[{"@type":"ListItem","position":1,"name":"Home","item":"https:\/\/www.staffsante.fr\/contenu\/"},{"@type":"ListItem","position":2,"name":"Ev\u00e9nements"}]},{"@type":"WebSite","@id":"https:\/\/www.staffsante.fr\/contenu\/#website","url":"https:\/\/www.staffsante.fr\/contenu\/","name":"STAFFSANT\u00c9","description":"L&#039;actualit\u00e9 carri\u00e8re des professionnels de sant\u00e9","publisher":{"@id":"https:\/\/www.staffsante.fr\/contenu\/#organization"},"potentialAction":[{"@type":"SearchAction","target":{"@type":"EntryPoint","urlTemplate":"https:\/\/www.staffsante.fr\/contenu\/?s={search_term_string}"},"query-input":"required name=search_term_string"}],"inLanguage":"fr-FR"},{"@type":"Organization","@id":"https:\/\/www.staffsante.fr\/contenu\/#organization","name":"Staffsant\u00e9","url":"https:\/\/www.staffsante.fr\/contenu\/","logo":{"@type":"ImageObject","inLanguage":"fr-FR","@id":"https:\/\/www.staffsante.fr\/contenu\/#\/schema\/logo\/image\/","url":"https:\/\/content.staffsante.fr\/wp-content\/uploads\/2017\/06\/Staffsante.jpg","contentUrl":"https:\/\/content.staffsante.fr\/wp-content\/uploads\/2017\/06\/Staffsante.jpg","width":2225,"height":592,"caption":"Staffsant\u00e9"},"image":{"@id":"https:\/\/www.staffsante.fr\/contenu\/#\/schema\/logo\/image\/"}}]}},"_links":{"self":[{"href":"https:\/\/www.staffsante.fr\/contenu\/wp-json\/wp\/v2\/pages\/9642"}],"collection":[{"href":"https:\/\/www.staffsante.fr\/contenu\/wp-json\/wp\/v2\/pages"}],"about":[{"href":"https:\/\/www.staffsante.fr\/contenu\/wp-json\/wp\/v2\/types\/page"}],"author":[{"embeddable":true,"href":"https:\/\/www.staffsante.fr\/contenu\/wp-json\/wp\/v2\/users\/5"}],"replies":[{"embeddable":true,"href":"https:\/\/www.staffsante.fr\/contenu\/wp-json\/wp\/v2\/comments?post=9642"}],"version-history":[{"count":15,"href":"https:\/\/www.staffsante.fr\/contenu\/wp-json\/wp\/v2\/pages\/9642\/revisions"}],"predecessor-version":[{"id":10696,"href":"https:\/\/www.staffsante.fr\/contenu\/wp-json\/wp\/v2\/pages\/9642\/revisions\/10696"}],"wp:attachment":[{"href":"https:\/\/www.staffsante.fr\/contenu\/wp-json\/wp\/v2\/media?parent=9642"}],"curies":[{"name":"wp","href":"https:\/\/api.w.org\/{rel}","templated":true}]}}