

{"id":10614,"date":"2024-04-05T11:35:02","date_gmt":"2024-04-05T09:35:02","guid":{"rendered":"https:\/\/www.staffsante.fr\/contenu\/?post_type=tribe_events&#038;p=10614"},"modified":"2024-04-05T11:49:00","modified_gmt":"2024-04-05T09:49:00","slug":"printemps-de-lemploi-aux-hcl-groupement-hospitalier-est-hopitaux-louis-pradel-pierre-wertheimer-femme-mere-enfant","status":"publish","type":"tribe_events","link":"https:\/\/www.staffsante.fr\/contenu\/evenement\/printemps-de-lemploi-aux-hcl-groupement-hospitalier-est-hopitaux-louis-pradel-pierre-wertheimer-femme-mere-enfant\/","title":{"rendered":"Printemps de l\u2019emploi aux HCL : Groupement Hospitalier Est (h\u00f4pitaux Louis Pradel, Pierre Wertheimer, Femme M\u00e8re Enfant)"},"content":{"rendered":"<p>\ud83d\udcc5 Mardi 30 avril 2024 de 9h-17h<br \/>\n\ud83d\udccd Adresse\u00a0: 59 Bd Pinel, 69500 Bron \u2013 Accueil des participants \u00e0 9 dans la salle Bulle de bien-\u00eatre. Pour y acc\u00e9der\u00a0: entrer par l\u2019entr\u00e9e B de l\u2019h\u00f4pital Pierre Wertheimer, tourner \u00e0 droite dans la galerie de liaison avec l\u2019h\u00f4pital Louis Pradel, avancer dans la galerie, la salle sera sur votre gauche avant le self. |\u00a0<a tabindex=\"-1\" title=\"Plan et infos pratiques GHE\" href=\"https:\/\/www.chu-lyon.fr\/node\/4239\" target=\"_blank\" rel=\"noopener\">Plan &amp; informations pratiques<\/a><br \/>\n\ud83c\udfab Inscription obligatoire par e-mail\u00a0:<br \/>\n\ud83d\udcde Pour le public ext\u00e9rieur soin :\u00a0<a title=\"mailto:ghe.dirsoins@chu-lyon.fr\" href=\"mailto:ghe.dirsoins@chu-lyon.fr\" target=\"_blank\" rel=\"noopener\">ghe.dirsoins@chu-lyon.fr<\/a>\u00a0et pour le public ext\u00e9rieur des fonctions support :\u00a0<a title=\"mailto:ghe.secretariat-drh@chu-lyon.fr\" href=\"mailto:ghe.secretariat-drh@chu-lyon.fr\" target=\"_blank\" rel=\"noopener\">ghe.secretariat-drh@chu-lyon.fr<\/a><br \/>\n\ud83d\udccb Programme\u00a0:<\/p>\n<ul>\n<li>9h \/ Caf\u00e9 d\u2019accueil dans la salle Bulle de bien-\u00eatre (indications d\u2019acc\u00e8s ci-dessus).<\/li>\n<li>9h30 \u2013 16h\/ Visite des sites embl\u00e9matiques du GHE\u00a0: visite des p\u00f4les d\u2019activit\u00e9s m\u00e9dicales (m\u00e9decine, chirurgie, soins critiques, imagerie, r\u00e9\u00e9ducation, pharmacie, laboratoire\u2026), visite des blocs op\u00e9ratoires du GHE, visite des sites hors soin (fonctions support).<\/li>\n<li>10h \u2013 16h \/ activit\u00e9s ludiques et sportives\u00a0: p\u00e9tanque, escape game\u2026<\/li>\n<li>9h30 \u2013 16h \/ stands pour aller \u00e0 la rencontre des professionnels des HCL du soin et hors soin.<\/li>\n<li>Programme en cours de finalisation\u2026 \u00e0 suivre tr\u00e8s bient\u00f4t\u00a0!<\/li>\n<\/ul>\n<p><img loading=\"lazy\" width=\"1024\" height=\"576\" class=\"alignleft size-large wp-image-10609\" src=\"https:\/\/content.staffsante.fr\/wp-content\/uploads\/2024\/04\/printemps-emploi-HCL-1024x576.jpeg\" alt=\"printemps emploi HCL 2024\" srcset=\"https:\/\/content.staffsante.fr\/wp-content\/uploads\/2024\/04\/printemps-emploi-HCL-1024x576.jpeg 1024w, https:\/\/content.staffsante.fr\/wp-content\/uploads\/2024\/04\/printemps-emploi-HCL-300x169.jpeg 300w, https:\/\/content.staffsante.fr\/wp-content\/uploads\/2024\/04\/printemps-emploi-HCL-768x432.jpeg 768w, https:\/\/content.staffsante.fr\/wp-content\/uploads\/2024\/04\/printemps-emploi-HCL.jpeg 1200w\" sizes=\"(max-width: 1024px) 100vw, 1024px\" \/><\/p>\n","protected":false},"excerpt":{"rendered":"<p>Du 4 avril au 30 mai 2024, les HCL ouvrent les portes de ses h\u00f4pitaux \u00e0 l\u2019occasion du Printemps de l\u2019emploi. RDV le 30 avril au groupement Hospitalier Est \u00e0 Bron pour d\u00e9couvrir de nouvelles opportunit\u00e9s professionnelles lors des portes ouvertes !<\/p>\n","protected":false},"author":1,"featured_media":10609,"comment_status":"closed","ping_status":"closed","template":"","meta":{"_tribe_events_status":"","_tribe_events_status_reason":""},"tags":[],"tribe_events_cat":[],"acf":[],"yoast_head":"<!-- This site is optimized with the Yoast SEO plugin v19.14 - https:\/\/yoast.com\/wordpress\/plugins\/seo\/ -->\n<title>Printemps de l\u2019emploi aux HCL : Groupement Hospitalier Est (h\u00f4pitaux Louis Pradel, Pierre Wertheimer, Femme M\u00e8re Enfant) | STAFFSANT\u00c9<\/title>\n<meta name=\"description\" content=\"Du 4 avril au 30 mai 2024, les HCL ouvrent les portes de ses h\u00f4pitaux \u00e0 l\u2019occasion du Printemps de l\u2019emploi. RDV le 30 avril au groupement Hospitalier Est \u00e0 Bron pour d\u00e9couvrir de nouvelles opportunit\u00e9s professionnelles lors des portes ouvertes !\" \/>\n<meta name=\"robots\" content=\"index, follow, max-snippet:-1, max-image-preview:large, max-video-preview:-1\" \/>\n<link rel=\"canonical\" href=\"https:\/\/www.staffsante.fr\/contenu\/evenement\/printemps-de-lemploi-aux-hcl-groupement-hospitalier-est-hopitaux-louis-pradel-pierre-wertheimer-femme-mere-enfant\/\" \/>\n<meta property=\"og:locale\" content=\"fr_FR\" \/>\n<meta property=\"og:type\" content=\"article\" \/>\n<meta property=\"og:title\" content=\"Printemps de l\u2019emploi aux HCL : Groupement Hospitalier Est (h\u00f4pitaux Louis Pradel, Pierre Wertheimer, Femme M\u00e8re Enfant) | STAFFSANT\u00c9\" \/>\n<meta property=\"og:description\" content=\"Du 4 avril au 30 mai 2024, les HCL ouvrent les portes de ses h\u00f4pitaux \u00e0 l\u2019occasion du Printemps de l\u2019emploi. RDV le 30 avril au groupement Hospitalier Est \u00e0 Bron pour d\u00e9couvrir de nouvelles opportunit\u00e9s professionnelles lors des portes ouvertes !\" \/>\n<meta property=\"og:url\" content=\"https:\/\/www.staffsante.fr\/contenu\/evenement\/printemps-de-lemploi-aux-hcl-groupement-hospitalier-est-hopitaux-louis-pradel-pierre-wertheimer-femme-mere-enfant\/\" \/>\n<meta property=\"og:site_name\" content=\"STAFFSANT\u00c9\" \/>\n<meta property=\"article:modified_time\" content=\"2024-04-05T09:49:00+00:00\" \/>\n<meta property=\"og:image\" content=\"https:\/\/content.staffsante.fr\/wp-content\/uploads\/2024\/04\/printemps-emploi-HCL.jpeg\" \/>\n\t<meta property=\"og:image:width\" content=\"1200\" \/>\n\t<meta property=\"og:image:height\" content=\"675\" \/>\n\t<meta property=\"og:image:type\" content=\"image\/jpeg\" \/>\n<meta name=\"twitter:card\" content=\"summary_large_image\" \/>\n<meta name=\"twitter:label1\" content=\"Dur\u00e9e de lecture estim\u00e9e\" \/>\n\t<meta name=\"twitter:data1\" content=\"2 minutes\" \/>\n<script type=\"application\/ld+json\" class=\"yoast-schema-graph\">{\"@context\":\"https:\/\/schema.org\",\"@graph\":[{\"@type\":\"Article\",\"@id\":\"https:\/\/www.staffsante.fr\/contenu\/evenement\/printemps-de-lemploi-aux-hcl-groupement-hospitalier-est-hopitaux-louis-pradel-pierre-wertheimer-femme-mere-enfant\/#article\",\"isPartOf\":{\"@id\":\"https:\/\/www.staffsante.fr\/contenu\/evenement\/printemps-de-lemploi-aux-hcl-groupement-hospitalier-est-hopitaux-louis-pradel-pierre-wertheimer-femme-mere-enfant\/\"},\"author\":{\"name\":\"admin_staff_content\",\"@id\":\"https:\/\/www.staffsante.fr\/contenu\/#\/schema\/person\/8cea5b012277ab5dd4995aec10f20b0c\"},\"headline\":\"Printemps de l\u2019emploi aux HCL : Groupement Hospitalier Est (h\u00f4pitaux Louis Pradel, Pierre Wertheimer, Femme M\u00e8re Enfant)\",\"datePublished\":\"2024-04-05T09:35:02+00:00\",\"dateModified\":\"2024-04-05T09:49:00+00:00\",\"mainEntityOfPage\":{\"@id\":\"https:\/\/www.staffsante.fr\/contenu\/evenement\/printemps-de-lemploi-aux-hcl-groupement-hospitalier-est-hopitaux-louis-pradel-pierre-wertheimer-femme-mere-enfant\/\"},\"wordCount\":207,\"publisher\":{\"@id\":\"https:\/\/www.staffsante.fr\/contenu\/#organization\"},\"inLanguage\":\"fr-FR\"},{\"@type\":\"WebPage\",\"@id\":\"https:\/\/www.staffsante.fr\/contenu\/evenement\/printemps-de-lemploi-aux-hcl-groupement-hospitalier-est-hopitaux-louis-pradel-pierre-wertheimer-femme-mere-enfant\/\",\"url\":\"https:\/\/www.staffsante.fr\/contenu\/evenement\/printemps-de-lemploi-aux-hcl-groupement-hospitalier-est-hopitaux-louis-pradel-pierre-wertheimer-femme-mere-enfant\/\",\"name\":\"Printemps de l\u2019emploi aux HCL : Groupement Hospitalier Est (h\u00f4pitaux Louis Pradel, Pierre Wertheimer, Femme M\u00e8re Enfant) | STAFFSANT\u00c9\",\"isPartOf\":{\"@id\":\"https:\/\/www.staffsante.fr\/contenu\/#website\"},\"datePublished\":\"2024-04-05T09:35:02+00:00\",\"dateModified\":\"2024-04-05T09:49:00+00:00\",\"description\":\"Du 4 avril au 30 mai 2024, les HCL ouvrent les portes de ses h\u00f4pitaux \u00e0 l\u2019occasion du Printemps de l\u2019emploi. RDV le 30 avril au groupement Hospitalier Est \u00e0 Bron pour d\u00e9couvrir de nouvelles opportunit\u00e9s professionnelles lors des portes ouvertes !\",\"breadcrumb\":{\"@id\":\"https:\/\/www.staffsante.fr\/contenu\/evenement\/printemps-de-lemploi-aux-hcl-groupement-hospitalier-est-hopitaux-louis-pradel-pierre-wertheimer-femme-mere-enfant\/#breadcrumb\"},\"inLanguage\":\"fr-FR\",\"potentialAction\":[{\"@type\":\"ReadAction\",\"target\":[\"https:\/\/www.staffsante.fr\/contenu\/evenement\/printemps-de-lemploi-aux-hcl-groupement-hospitalier-est-hopitaux-louis-pradel-pierre-wertheimer-femme-mere-enfant\/\"]}]},{\"@type\":\"BreadcrumbList\",\"@id\":\"https:\/\/www.staffsante.fr\/contenu\/evenement\/printemps-de-lemploi-aux-hcl-groupement-hospitalier-est-hopitaux-louis-pradel-pierre-wertheimer-femme-mere-enfant\/#breadcrumb\",\"itemListElement\":[{\"@type\":\"ListItem\",\"position\":1,\"name\":\"Home\",\"item\":\"https:\/\/www.staffsante.fr\/contenu\/\"},{\"@type\":\"ListItem\",\"position\":2,\"name\":\"\u00c9v\u00e8nements\",\"item\":\"https:\/\/www.staffsante.fr\/contenu\/events\/\"},{\"@type\":\"ListItem\",\"position\":3,\"name\":\"Printemps de l\u2019emploi aux HCL : Groupement Hospitalier Est (h\u00f4pitaux Louis Pradel, Pierre Wertheimer, Femme M\u00e8re Enfant)\"}]},{\"@type\":\"WebSite\",\"@id\":\"https:\/\/www.staffsante.fr\/contenu\/#website\",\"url\":\"https:\/\/www.staffsante.fr\/contenu\/\",\"name\":\"STAFFSANT\u00c9\",\"description\":\"L&#039;actualit\u00e9 carri\u00e8re des professionnels de sant\u00e9\",\"publisher\":{\"@id\":\"https:\/\/www.staffsante.fr\/contenu\/#organization\"},\"potentialAction\":[{\"@type\":\"SearchAction\",\"target\":{\"@type\":\"EntryPoint\",\"urlTemplate\":\"https:\/\/www.staffsante.fr\/contenu\/?s={search_term_string}\"},\"query-input\":\"required name=search_term_string\"}],\"inLanguage\":\"fr-FR\"},{\"@type\":\"Organization\",\"@id\":\"https:\/\/www.staffsante.fr\/contenu\/#organization\",\"name\":\"Staffsant\u00e9\",\"url\":\"https:\/\/www.staffsante.fr\/contenu\/\",\"logo\":{\"@type\":\"ImageObject\",\"inLanguage\":\"fr-FR\",\"@id\":\"https:\/\/www.staffsante.fr\/contenu\/#\/schema\/logo\/image\/\",\"url\":\"https:\/\/content.staffsante.fr\/wp-content\/uploads\/2017\/06\/Staffsante.jpg\",\"contentUrl\":\"https:\/\/content.staffsante.fr\/wp-content\/uploads\/2017\/06\/Staffsante.jpg\",\"width\":2225,\"height\":592,\"caption\":\"Staffsant\u00e9\"},\"image\":{\"@id\":\"https:\/\/www.staffsante.fr\/contenu\/#\/schema\/logo\/image\/\"}},{\"@type\":\"Person\",\"@id\":\"https:\/\/www.staffsante.fr\/contenu\/#\/schema\/person\/8cea5b012277ab5dd4995aec10f20b0c\",\"name\":\"admin_staff_content\",\"image\":{\"@type\":\"ImageObject\",\"inLanguage\":\"fr-FR\",\"@id\":\"https:\/\/www.staffsante.fr\/contenu\/#\/schema\/person\/image\/\",\"url\":\"http:\/\/2.gravatar.com\/avatar\/2b9ac03912eb39091678a45d1b4c36c0?s=96&d=mm&r=g\",\"contentUrl\":\"http:\/\/2.gravatar.com\/avatar\/2b9ac03912eb39091678a45d1b4c36c0?s=96&d=mm&r=g\",\"caption\":\"admin_staff_content\"}}]}<\/script>\n<!-- \/ Yoast SEO plugin. -->","yoast_head_json":{"title":"Printemps de l\u2019emploi aux HCL : Groupement Hospitalier Est (h\u00f4pitaux Louis Pradel, Pierre Wertheimer, Femme M\u00e8re Enfant) | STAFFSANT\u00c9","description":"Du 4 avril au 30 mai 2024, les HCL ouvrent les portes de ses h\u00f4pitaux \u00e0 l\u2019occasion du Printemps de l\u2019emploi. RDV le 30 avril au groupement Hospitalier Est \u00e0 Bron pour d\u00e9couvrir de nouvelles opportunit\u00e9s professionnelles lors des portes ouvertes !","robots":{"index":"index","follow":"follow","max-snippet":"max-snippet:-1","max-image-preview":"max-image-preview:large","max-video-preview":"max-video-preview:-1"},"canonical":"https:\/\/www.staffsante.fr\/contenu\/evenement\/printemps-de-lemploi-aux-hcl-groupement-hospitalier-est-hopitaux-louis-pradel-pierre-wertheimer-femme-mere-enfant\/","og_locale":"fr_FR","og_type":"article","og_title":"Printemps de l\u2019emploi aux HCL : Groupement Hospitalier Est (h\u00f4pitaux Louis Pradel, Pierre Wertheimer, Femme M\u00e8re Enfant) | STAFFSANT\u00c9","og_description":"Du 4 avril au 30 mai 2024, les HCL ouvrent les portes de ses h\u00f4pitaux \u00e0 l\u2019occasion du Printemps de l\u2019emploi. RDV le 30 avril au groupement Hospitalier Est \u00e0 Bron pour d\u00e9couvrir de nouvelles opportunit\u00e9s professionnelles lors des portes ouvertes !","og_url":"https:\/\/www.staffsante.fr\/contenu\/evenement\/printemps-de-lemploi-aux-hcl-groupement-hospitalier-est-hopitaux-louis-pradel-pierre-wertheimer-femme-mere-enfant\/","og_site_name":"STAFFSANT\u00c9","article_modified_time":"2024-04-05T09:49:00+00:00","og_image":[{"width":1200,"height":675,"url":"https:\/\/content.staffsante.fr\/wp-content\/uploads\/2024\/04\/printemps-emploi-HCL.jpeg","type":"image\/jpeg"}],"twitter_card":"summary_large_image","twitter_misc":{"Dur\u00e9e de lecture estim\u00e9e":"2 minutes"},"schema":{"@context":"https:\/\/schema.org","@graph":[{"@type":"Article","@id":"https:\/\/www.staffsante.fr\/contenu\/evenement\/printemps-de-lemploi-aux-hcl-groupement-hospitalier-est-hopitaux-louis-pradel-pierre-wertheimer-femme-mere-enfant\/#article","isPartOf":{"@id":"https:\/\/www.staffsante.fr\/contenu\/evenement\/printemps-de-lemploi-aux-hcl-groupement-hospitalier-est-hopitaux-louis-pradel-pierre-wertheimer-femme-mere-enfant\/"},"author":{"name":"admin_staff_content","@id":"https:\/\/www.staffsante.fr\/contenu\/#\/schema\/person\/8cea5b012277ab5dd4995aec10f20b0c"},"headline":"Printemps de l\u2019emploi aux HCL : Groupement Hospitalier Est (h\u00f4pitaux Louis Pradel, Pierre Wertheimer, Femme M\u00e8re Enfant)","datePublished":"2024-04-05T09:35:02+00:00","dateModified":"2024-04-05T09:49:00+00:00","mainEntityOfPage":{"@id":"https:\/\/www.staffsante.fr\/contenu\/evenement\/printemps-de-lemploi-aux-hcl-groupement-hospitalier-est-hopitaux-louis-pradel-pierre-wertheimer-femme-mere-enfant\/"},"wordCount":207,"publisher":{"@id":"https:\/\/www.staffsante.fr\/contenu\/#organization"},"inLanguage":"fr-FR"},{"@type":"WebPage","@id":"https:\/\/www.staffsante.fr\/contenu\/evenement\/printemps-de-lemploi-aux-hcl-groupement-hospitalier-est-hopitaux-louis-pradel-pierre-wertheimer-femme-mere-enfant\/","url":"https:\/\/www.staffsante.fr\/contenu\/evenement\/printemps-de-lemploi-aux-hcl-groupement-hospitalier-est-hopitaux-louis-pradel-pierre-wertheimer-femme-mere-enfant\/","name":"Printemps de l\u2019emploi aux HCL : Groupement Hospitalier Est (h\u00f4pitaux Louis Pradel, Pierre Wertheimer, Femme M\u00e8re Enfant) | STAFFSANT\u00c9","isPartOf":{"@id":"https:\/\/www.staffsante.fr\/contenu\/#website"},"datePublished":"2024-04-05T09:35:02+00:00","dateModified":"2024-04-05T09:49:00+00:00","description":"Du 4 avril au 30 mai 2024, les HCL ouvrent les portes de ses h\u00f4pitaux \u00e0 l\u2019occasion du Printemps de l\u2019emploi. RDV le 30 avril au groupement Hospitalier Est \u00e0 Bron pour d\u00e9couvrir de nouvelles opportunit\u00e9s professionnelles lors des portes ouvertes !","breadcrumb":{"@id":"https:\/\/www.staffsante.fr\/contenu\/evenement\/printemps-de-lemploi-aux-hcl-groupement-hospitalier-est-hopitaux-louis-pradel-pierre-wertheimer-femme-mere-enfant\/#breadcrumb"},"inLanguage":"fr-FR","potentialAction":[{"@type":"ReadAction","target":["https:\/\/www.staffsante.fr\/contenu\/evenement\/printemps-de-lemploi-aux-hcl-groupement-hospitalier-est-hopitaux-louis-pradel-pierre-wertheimer-femme-mere-enfant\/"]}]},{"@type":"BreadcrumbList","@id":"https:\/\/www.staffsante.fr\/contenu\/evenement\/printemps-de-lemploi-aux-hcl-groupement-hospitalier-est-hopitaux-louis-pradel-pierre-wertheimer-femme-mere-enfant\/#breadcrumb","itemListElement":[{"@type":"ListItem","position":1,"name":"Home","item":"https:\/\/www.staffsante.fr\/contenu\/"},{"@type":"ListItem","position":2,"name":"\u00c9v\u00e8nements","item":"https:\/\/www.staffsante.fr\/contenu\/events\/"},{"@type":"ListItem","position":3,"name":"Printemps de l\u2019emploi aux HCL : Groupement Hospitalier Est (h\u00f4pitaux Louis Pradel, Pierre Wertheimer, Femme M\u00e8re Enfant)"}]},{"@type":"WebSite","@id":"https:\/\/www.staffsante.fr\/contenu\/#website","url":"https:\/\/www.staffsante.fr\/contenu\/","name":"STAFFSANT\u00c9","description":"L&#039;actualit\u00e9 carri\u00e8re des professionnels de sant\u00e9","publisher":{"@id":"https:\/\/www.staffsante.fr\/contenu\/#organization"},"potentialAction":[{"@type":"SearchAction","target":{"@type":"EntryPoint","urlTemplate":"https:\/\/www.staffsante.fr\/contenu\/?s={search_term_string}"},"query-input":"required name=search_term_string"}],"inLanguage":"fr-FR"},{"@type":"Organization","@id":"https:\/\/www.staffsante.fr\/contenu\/#organization","name":"Staffsant\u00e9","url":"https:\/\/www.staffsante.fr\/contenu\/","logo":{"@type":"ImageObject","inLanguage":"fr-FR","@id":"https:\/\/www.staffsante.fr\/contenu\/#\/schema\/logo\/image\/","url":"https:\/\/content.staffsante.fr\/wp-content\/uploads\/2017\/06\/Staffsante.jpg","contentUrl":"https:\/\/content.staffsante.fr\/wp-content\/uploads\/2017\/06\/Staffsante.jpg","width":2225,"height":592,"caption":"Staffsant\u00e9"},"image":{"@id":"https:\/\/www.staffsante.fr\/contenu\/#\/schema\/logo\/image\/"}},{"@type":"Person","@id":"https:\/\/www.staffsante.fr\/contenu\/#\/schema\/person\/8cea5b012277ab5dd4995aec10f20b0c","name":"admin_staff_content","image":{"@type":"ImageObject","inLanguage":"fr-FR","@id":"https:\/\/www.staffsante.fr\/contenu\/#\/schema\/person\/image\/","url":"http:\/\/2.gravatar.com\/avatar\/2b9ac03912eb39091678a45d1b4c36c0?s=96&d=mm&r=g","contentUrl":"http:\/\/2.gravatar.com\/avatar\/2b9ac03912eb39091678a45d1b4c36c0?s=96&d=mm&r=g","caption":"admin_staff_content"}}]}},"_links":{"self":[{"href":"https:\/\/www.staffsante.fr\/contenu\/wp-json\/wp\/v2\/tribe_events\/10614"}],"collection":[{"href":"https:\/\/www.staffsante.fr\/contenu\/wp-json\/wp\/v2\/tribe_events"}],"about":[{"href":"https:\/\/www.staffsante.fr\/contenu\/wp-json\/wp\/v2\/types\/tribe_events"}],"author":[{"embeddable":true,"href":"https:\/\/www.staffsante.fr\/contenu\/wp-json\/wp\/v2\/users\/1"}],"replies":[{"embeddable":true,"href":"https:\/\/www.staffsante.fr\/contenu\/wp-json\/wp\/v2\/comments?post=10614"}],"version-history":[{"count":1,"href":"https:\/\/www.staffsante.fr\/contenu\/wp-json\/wp\/v2\/tribe_events\/10614\/revisions"}],"predecessor-version":[{"id":10615,"href":"https:\/\/www.staffsante.fr\/contenu\/wp-json\/wp\/v2\/tribe_events\/10614\/revisions\/10615"}],"wp:featuredmedia":[{"embeddable":true,"href":"https:\/\/www.staffsante.fr\/contenu\/wp-json\/wp\/v2\/media\/10609"}],"wp:attachment":[{"href":"https:\/\/www.staffsante.fr\/contenu\/wp-json\/wp\/v2\/media?parent=10614"}],"wp:term":[{"taxonomy":"post_tag","embeddable":true,"href":"https:\/\/www.staffsante.fr\/contenu\/wp-json\/wp\/v2\/tags?post=10614"},{"taxonomy":"tribe_events_cat","embeddable":true,"href":"https:\/\/www.staffsante.fr\/contenu\/wp-json\/wp\/v2\/tribe_events_cat?post=10614"}],"curies":[{"name":"wp","href":"https:\/\/api.w.org\/{rel}","templated":true}]}}