

{"id":10775,"date":"2024-05-30T10:34:07","date_gmt":"2024-05-30T08:34:07","guid":{"rendered":"https:\/\/www.staffsante.fr\/contenu\/?post_type=tribe_events&#038;p=10775"},"modified":"2024-10-10T12:58:13","modified_gmt":"2024-10-10T10:58:13","slug":"journees-annuelles-de-la-societe-francaise-de-geriatrie-et-gerontologie-jasfgg-2024","status":"publish","type":"tribe_events","link":"https:\/\/www.staffsante.fr\/contenu\/evenement\/journees-annuelles-de-la-societe-francaise-de-geriatrie-et-gerontologie-jasfgg-2024\/","title":{"rendered":"Journ\u00e9es Annuelles de la Soci\u00e9t\u00e9 Fran\u00e7aise de G\u00e9riatrie et G\u00e9rontologie (JASFGG) 2024"},"content":{"rendered":"<p>Bienvenue aux 44\u00e8mes journ\u00e9es annuelles de la Soci\u00e9t\u00e9 Fran\u00e7aise de G\u00e9riatrie et G\u00e9rontologie qui auront lieu du 25 au 27 novembre 2024 au CNIT \u00e0 Paris.<\/p>\n<p>Votre fid\u00e9lit\u00e9 \u00e0 ses journ\u00e9es nous encourage \u00e0 innover en vous proposant de nouvelles activit\u00e9s et en traitant de nouveaux sujets sous diff\u00e9rents angles lors de cet \u00e9v\u00e8nement qui rassemble toujours de plus en plus de g\u00e9riatres et g\u00e9rontologues. De ce fait, le Conseil scientifique s\u2019est r\u00e9uni \u00e0 multiples reprises pour concevoir un programme de qualit\u00e9 \u00e0 la hauteur de vos attentes.<\/p>\n<p>Une journ\u00e9e enti\u00e8re sera consacr\u00e9e \u00e0 mettre en lumi\u00e8re les travaux scientifiques des 17 groupes de travail qui enrichissent notre soci\u00e9t\u00e9, leur offrant ainsi la possibilit\u00e9 d\u2019exposer les avanc\u00e9es significatives de leurs travaux.<\/p>\n<p>Les sessions de Bonnes Pratiques Cliniques, dont la plupart sont labellis\u00e9es Qualiopi, seront \u00e9galement \u00e0 l\u2019honneur, \u00e9tant tr\u00e8s appr\u00e9ci\u00e9es par les congressistes.<\/p>\n<p>Nous poursuivons notre volont\u00e9 d\u2019innovation en ouvrant une session de partage des activit\u00e9s scientifiques des 14 soci\u00e9t\u00e9s r\u00e9gionales de g\u00e9riatrie et g\u00e9rontologie qui constituent les socles de notre soci\u00e9t\u00e9 nationale.<\/p>\n<p>Enfin, fort des retours tr\u00e8s positifs de l\u2019\u00e9v\u00e8nement de l\u2019an dernier, nous renouvellerons l\u2019aventure du Village du num\u00e9rique et de la technologie.<\/p>\n<p>Les\u00a0JASFGG\u00a0sont\u00a0devenues\u00a0un\u00a0rendez-vous incontournable pour les g\u00e9riatres et g\u00e9rontologues d\u00e9sireux de d\u00e9couvrir les avanc\u00e9es importantes dans nos disciplines et pouvoir \u00e9changer avec leurs pairs sur des sujets vari\u00e9s.<\/p>\n<p>C\u2019est avec plaisir que nous vous invitons \u00e0 ce rendez-vous annuel tant attendu, en esp\u00e9rant vous y voir nombreux.<\/p>\n<p>Programme : <a href=\"https:\/\/sfgg2024.process.y-congress.com\/ScientificProcess\/Schedule\/?setLng=fr\">https:\/\/sfgg2024.process.y-congress.com\/ScientificProcess\/Schedule\/?setLng=fr<\/a><\/p>\n","protected":false},"excerpt":{"rendered":"<p>Les 44\u00e8mes journ\u00e9es annuelles de la Soci\u00e9t\u00e9 Fran\u00e7aise de G\u00e9riatrie et G\u00e9rontologie auront lieu du 25 au 27 novembre 2024 au CNIT \u00e0 Paris.<\/p>\n","protected":false},"author":1,"featured_media":10776,"comment_status":"closed","ping_status":"closed","template":"","meta":{"_tribe_events_status":"","_tribe_events_status_reason":""},"tags":[],"tribe_events_cat":[],"acf":[],"yoast_head":"<!-- This site is optimized with the Yoast SEO plugin v19.14 - https:\/\/yoast.com\/wordpress\/plugins\/seo\/ -->\n<title>Journ\u00e9es Annuelles de la Soci\u00e9t\u00e9 Fran\u00e7aise de G\u00e9riatrie et G\u00e9rontologie (JASFGG) 2024 | STAFFSANT\u00c9<\/title>\n<meta name=\"description\" content=\"Les 44\u00e8mes journ\u00e9es annuelles de la Soci\u00e9t\u00e9 Fran\u00e7aise de G\u00e9riatrie et G\u00e9rontologie auront lieu du 25 au 27 novembre 2024 au CNIT \u00e0 Paris.\" \/>\n<meta name=\"robots\" content=\"index, follow, max-snippet:-1, max-image-preview:large, max-video-preview:-1\" \/>\n<link rel=\"canonical\" href=\"https:\/\/www.staffsante.fr\/contenu\/evenement\/journees-annuelles-de-la-societe-francaise-de-geriatrie-et-gerontologie-jasfgg-2024\/\" \/>\n<meta property=\"og:locale\" content=\"fr_FR\" \/>\n<meta property=\"og:type\" content=\"article\" \/>\n<meta property=\"og:title\" content=\"Journ\u00e9es Annuelles de la Soci\u00e9t\u00e9 Fran\u00e7aise de G\u00e9riatrie et G\u00e9rontologie (JASFGG) 2024 | STAFFSANT\u00c9\" \/>\n<meta property=\"og:description\" content=\"Les 44\u00e8mes journ\u00e9es annuelles de la Soci\u00e9t\u00e9 Fran\u00e7aise de G\u00e9riatrie et G\u00e9rontologie auront lieu du 25 au 27 novembre 2024 au CNIT \u00e0 Paris.\" \/>\n<meta property=\"og:url\" content=\"https:\/\/www.staffsante.fr\/contenu\/evenement\/journees-annuelles-de-la-societe-francaise-de-geriatrie-et-gerontologie-jasfgg-2024\/\" \/>\n<meta property=\"og:site_name\" content=\"STAFFSANT\u00c9\" \/>\n<meta property=\"article:modified_time\" content=\"2024-10-10T10:58:13+00:00\" \/>\n<meta property=\"og:image\" content=\"https:\/\/content.staffsante.fr\/wp-content\/uploads\/2024\/05\/JASFGG-2024.jpg\" \/>\n\t<meta property=\"og:image:width\" content=\"1200\" \/>\n\t<meta property=\"og:image:height\" content=\"600\" \/>\n\t<meta property=\"og:image:type\" content=\"image\/jpeg\" \/>\n<meta name=\"twitter:card\" content=\"summary_large_image\" \/>\n<meta name=\"twitter:label1\" content=\"Dur\u00e9e de lecture estim\u00e9e\" \/>\n\t<meta name=\"twitter:data1\" content=\"2 minutes\" \/>\n<script type=\"application\/ld+json\" class=\"yoast-schema-graph\">{\"@context\":\"https:\/\/schema.org\",\"@graph\":[{\"@type\":\"Article\",\"@id\":\"https:\/\/www.staffsante.fr\/contenu\/evenement\/journees-annuelles-de-la-societe-francaise-de-geriatrie-et-gerontologie-jasfgg-2024\/#article\",\"isPartOf\":{\"@id\":\"https:\/\/www.staffsante.fr\/contenu\/evenement\/journees-annuelles-de-la-societe-francaise-de-geriatrie-et-gerontologie-jasfgg-2024\/\"},\"author\":{\"name\":\"admin_staff_content\",\"@id\":\"https:\/\/www.staffsante.fr\/contenu\/#\/schema\/person\/8cea5b012277ab5dd4995aec10f20b0c\"},\"headline\":\"Journ\u00e9es Annuelles de la Soci\u00e9t\u00e9 Fran\u00e7aise de G\u00e9riatrie et G\u00e9rontologie (JASFGG) 2024\",\"datePublished\":\"2024-05-30T08:34:07+00:00\",\"dateModified\":\"2024-10-10T10:58:13+00:00\",\"mainEntityOfPage\":{\"@id\":\"https:\/\/www.staffsante.fr\/contenu\/evenement\/journees-annuelles-de-la-societe-francaise-de-geriatrie-et-gerontologie-jasfgg-2024\/\"},\"wordCount\":306,\"publisher\":{\"@id\":\"https:\/\/www.staffsante.fr\/contenu\/#organization\"},\"inLanguage\":\"fr-FR\"},{\"@type\":\"WebPage\",\"@id\":\"https:\/\/www.staffsante.fr\/contenu\/evenement\/journees-annuelles-de-la-societe-francaise-de-geriatrie-et-gerontologie-jasfgg-2024\/\",\"url\":\"https:\/\/www.staffsante.fr\/contenu\/evenement\/journees-annuelles-de-la-societe-francaise-de-geriatrie-et-gerontologie-jasfgg-2024\/\",\"name\":\"Journ\u00e9es Annuelles de la Soci\u00e9t\u00e9 Fran\u00e7aise de G\u00e9riatrie et G\u00e9rontologie (JASFGG) 2024 | STAFFSANT\u00c9\",\"isPartOf\":{\"@id\":\"https:\/\/www.staffsante.fr\/contenu\/#website\"},\"datePublished\":\"2024-05-30T08:34:07+00:00\",\"dateModified\":\"2024-10-10T10:58:13+00:00\",\"description\":\"Les 44\u00e8mes journ\u00e9es annuelles de la Soci\u00e9t\u00e9 Fran\u00e7aise de G\u00e9riatrie et G\u00e9rontologie auront lieu du 25 au 27 novembre 2024 au CNIT \u00e0 Paris.\",\"breadcrumb\":{\"@id\":\"https:\/\/www.staffsante.fr\/contenu\/evenement\/journees-annuelles-de-la-societe-francaise-de-geriatrie-et-gerontologie-jasfgg-2024\/#breadcrumb\"},\"inLanguage\":\"fr-FR\",\"potentialAction\":[{\"@type\":\"ReadAction\",\"target\":[\"https:\/\/www.staffsante.fr\/contenu\/evenement\/journees-annuelles-de-la-societe-francaise-de-geriatrie-et-gerontologie-jasfgg-2024\/\"]}]},{\"@type\":\"BreadcrumbList\",\"@id\":\"https:\/\/www.staffsante.fr\/contenu\/evenement\/journees-annuelles-de-la-societe-francaise-de-geriatrie-et-gerontologie-jasfgg-2024\/#breadcrumb\",\"itemListElement\":[{\"@type\":\"ListItem\",\"position\":1,\"name\":\"Home\",\"item\":\"https:\/\/www.staffsante.fr\/contenu\/\"},{\"@type\":\"ListItem\",\"position\":2,\"name\":\"\u00c9v\u00e8nements\",\"item\":\"https:\/\/www.staffsante.fr\/contenu\/events\/\"},{\"@type\":\"ListItem\",\"position\":3,\"name\":\"Journ\u00e9es Annuelles de la Soci\u00e9t\u00e9 Fran\u00e7aise de G\u00e9riatrie et G\u00e9rontologie (JASFGG) 2024\"}]},{\"@type\":\"WebSite\",\"@id\":\"https:\/\/www.staffsante.fr\/contenu\/#website\",\"url\":\"https:\/\/www.staffsante.fr\/contenu\/\",\"name\":\"STAFFSANT\u00c9\",\"description\":\"L&#039;actualit\u00e9 carri\u00e8re des professionnels de sant\u00e9\",\"publisher\":{\"@id\":\"https:\/\/www.staffsante.fr\/contenu\/#organization\"},\"potentialAction\":[{\"@type\":\"SearchAction\",\"target\":{\"@type\":\"EntryPoint\",\"urlTemplate\":\"https:\/\/www.staffsante.fr\/contenu\/?s={search_term_string}\"},\"query-input\":\"required name=search_term_string\"}],\"inLanguage\":\"fr-FR\"},{\"@type\":\"Organization\",\"@id\":\"https:\/\/www.staffsante.fr\/contenu\/#organization\",\"name\":\"Staffsant\u00e9\",\"url\":\"https:\/\/www.staffsante.fr\/contenu\/\",\"logo\":{\"@type\":\"ImageObject\",\"inLanguage\":\"fr-FR\",\"@id\":\"https:\/\/www.staffsante.fr\/contenu\/#\/schema\/logo\/image\/\",\"url\":\"https:\/\/content.staffsante.fr\/wp-content\/uploads\/2017\/06\/Staffsante.jpg\",\"contentUrl\":\"https:\/\/content.staffsante.fr\/wp-content\/uploads\/2017\/06\/Staffsante.jpg\",\"width\":2225,\"height\":592,\"caption\":\"Staffsant\u00e9\"},\"image\":{\"@id\":\"https:\/\/www.staffsante.fr\/contenu\/#\/schema\/logo\/image\/\"}},{\"@type\":\"Person\",\"@id\":\"https:\/\/www.staffsante.fr\/contenu\/#\/schema\/person\/8cea5b012277ab5dd4995aec10f20b0c\",\"name\":\"admin_staff_content\",\"image\":{\"@type\":\"ImageObject\",\"inLanguage\":\"fr-FR\",\"@id\":\"https:\/\/www.staffsante.fr\/contenu\/#\/schema\/person\/image\/\",\"url\":\"http:\/\/2.gravatar.com\/avatar\/2b9ac03912eb39091678a45d1b4c36c0?s=96&d=mm&r=g\",\"contentUrl\":\"http:\/\/2.gravatar.com\/avatar\/2b9ac03912eb39091678a45d1b4c36c0?s=96&d=mm&r=g\",\"caption\":\"admin_staff_content\"}}]}<\/script>\n<!-- \/ Yoast SEO plugin. -->","yoast_head_json":{"title":"Journ\u00e9es Annuelles de la Soci\u00e9t\u00e9 Fran\u00e7aise de G\u00e9riatrie et G\u00e9rontologie (JASFGG) 2024 | STAFFSANT\u00c9","description":"Les 44\u00e8mes journ\u00e9es annuelles de la Soci\u00e9t\u00e9 Fran\u00e7aise de G\u00e9riatrie et G\u00e9rontologie auront lieu du 25 au 27 novembre 2024 au CNIT \u00e0 Paris.","robots":{"index":"index","follow":"follow","max-snippet":"max-snippet:-1","max-image-preview":"max-image-preview:large","max-video-preview":"max-video-preview:-1"},"canonical":"https:\/\/www.staffsante.fr\/contenu\/evenement\/journees-annuelles-de-la-societe-francaise-de-geriatrie-et-gerontologie-jasfgg-2024\/","og_locale":"fr_FR","og_type":"article","og_title":"Journ\u00e9es Annuelles de la Soci\u00e9t\u00e9 Fran\u00e7aise de G\u00e9riatrie et G\u00e9rontologie (JASFGG) 2024 | STAFFSANT\u00c9","og_description":"Les 44\u00e8mes journ\u00e9es annuelles de la Soci\u00e9t\u00e9 Fran\u00e7aise de G\u00e9riatrie et G\u00e9rontologie auront lieu du 25 au 27 novembre 2024 au CNIT \u00e0 Paris.","og_url":"https:\/\/www.staffsante.fr\/contenu\/evenement\/journees-annuelles-de-la-societe-francaise-de-geriatrie-et-gerontologie-jasfgg-2024\/","og_site_name":"STAFFSANT\u00c9","article_modified_time":"2024-10-10T10:58:13+00:00","og_image":[{"width":1200,"height":600,"url":"https:\/\/content.staffsante.fr\/wp-content\/uploads\/2024\/05\/JASFGG-2024.jpg","type":"image\/jpeg"}],"twitter_card":"summary_large_image","twitter_misc":{"Dur\u00e9e de lecture estim\u00e9e":"2 minutes"},"schema":{"@context":"https:\/\/schema.org","@graph":[{"@type":"Article","@id":"https:\/\/www.staffsante.fr\/contenu\/evenement\/journees-annuelles-de-la-societe-francaise-de-geriatrie-et-gerontologie-jasfgg-2024\/#article","isPartOf":{"@id":"https:\/\/www.staffsante.fr\/contenu\/evenement\/journees-annuelles-de-la-societe-francaise-de-geriatrie-et-gerontologie-jasfgg-2024\/"},"author":{"name":"admin_staff_content","@id":"https:\/\/www.staffsante.fr\/contenu\/#\/schema\/person\/8cea5b012277ab5dd4995aec10f20b0c"},"headline":"Journ\u00e9es Annuelles de la Soci\u00e9t\u00e9 Fran\u00e7aise de G\u00e9riatrie et G\u00e9rontologie (JASFGG) 2024","datePublished":"2024-05-30T08:34:07+00:00","dateModified":"2024-10-10T10:58:13+00:00","mainEntityOfPage":{"@id":"https:\/\/www.staffsante.fr\/contenu\/evenement\/journees-annuelles-de-la-societe-francaise-de-geriatrie-et-gerontologie-jasfgg-2024\/"},"wordCount":306,"publisher":{"@id":"https:\/\/www.staffsante.fr\/contenu\/#organization"},"inLanguage":"fr-FR"},{"@type":"WebPage","@id":"https:\/\/www.staffsante.fr\/contenu\/evenement\/journees-annuelles-de-la-societe-francaise-de-geriatrie-et-gerontologie-jasfgg-2024\/","url":"https:\/\/www.staffsante.fr\/contenu\/evenement\/journees-annuelles-de-la-societe-francaise-de-geriatrie-et-gerontologie-jasfgg-2024\/","name":"Journ\u00e9es Annuelles de la Soci\u00e9t\u00e9 Fran\u00e7aise de G\u00e9riatrie et G\u00e9rontologie (JASFGG) 2024 | STAFFSANT\u00c9","isPartOf":{"@id":"https:\/\/www.staffsante.fr\/contenu\/#website"},"datePublished":"2024-05-30T08:34:07+00:00","dateModified":"2024-10-10T10:58:13+00:00","description":"Les 44\u00e8mes journ\u00e9es annuelles de la Soci\u00e9t\u00e9 Fran\u00e7aise de G\u00e9riatrie et G\u00e9rontologie auront lieu du 25 au 27 novembre 2024 au CNIT \u00e0 Paris.","breadcrumb":{"@id":"https:\/\/www.staffsante.fr\/contenu\/evenement\/journees-annuelles-de-la-societe-francaise-de-geriatrie-et-gerontologie-jasfgg-2024\/#breadcrumb"},"inLanguage":"fr-FR","potentialAction":[{"@type":"ReadAction","target":["https:\/\/www.staffsante.fr\/contenu\/evenement\/journees-annuelles-de-la-societe-francaise-de-geriatrie-et-gerontologie-jasfgg-2024\/"]}]},{"@type":"BreadcrumbList","@id":"https:\/\/www.staffsante.fr\/contenu\/evenement\/journees-annuelles-de-la-societe-francaise-de-geriatrie-et-gerontologie-jasfgg-2024\/#breadcrumb","itemListElement":[{"@type":"ListItem","position":1,"name":"Home","item":"https:\/\/www.staffsante.fr\/contenu\/"},{"@type":"ListItem","position":2,"name":"\u00c9v\u00e8nements","item":"https:\/\/www.staffsante.fr\/contenu\/events\/"},{"@type":"ListItem","position":3,"name":"Journ\u00e9es Annuelles de la Soci\u00e9t\u00e9 Fran\u00e7aise de G\u00e9riatrie et G\u00e9rontologie (JASFGG) 2024"}]},{"@type":"WebSite","@id":"https:\/\/www.staffsante.fr\/contenu\/#website","url":"https:\/\/www.staffsante.fr\/contenu\/","name":"STAFFSANT\u00c9","description":"L&#039;actualit\u00e9 carri\u00e8re des professionnels de sant\u00e9","publisher":{"@id":"https:\/\/www.staffsante.fr\/contenu\/#organization"},"potentialAction":[{"@type":"SearchAction","target":{"@type":"EntryPoint","urlTemplate":"https:\/\/www.staffsante.fr\/contenu\/?s={search_term_string}"},"query-input":"required name=search_term_string"}],"inLanguage":"fr-FR"},{"@type":"Organization","@id":"https:\/\/www.staffsante.fr\/contenu\/#organization","name":"Staffsant\u00e9","url":"https:\/\/www.staffsante.fr\/contenu\/","logo":{"@type":"ImageObject","inLanguage":"fr-FR","@id":"https:\/\/www.staffsante.fr\/contenu\/#\/schema\/logo\/image\/","url":"https:\/\/content.staffsante.fr\/wp-content\/uploads\/2017\/06\/Staffsante.jpg","contentUrl":"https:\/\/content.staffsante.fr\/wp-content\/uploads\/2017\/06\/Staffsante.jpg","width":2225,"height":592,"caption":"Staffsant\u00e9"},"image":{"@id":"https:\/\/www.staffsante.fr\/contenu\/#\/schema\/logo\/image\/"}},{"@type":"Person","@id":"https:\/\/www.staffsante.fr\/contenu\/#\/schema\/person\/8cea5b012277ab5dd4995aec10f20b0c","name":"admin_staff_content","image":{"@type":"ImageObject","inLanguage":"fr-FR","@id":"https:\/\/www.staffsante.fr\/contenu\/#\/schema\/person\/image\/","url":"http:\/\/2.gravatar.com\/avatar\/2b9ac03912eb39091678a45d1b4c36c0?s=96&d=mm&r=g","contentUrl":"http:\/\/2.gravatar.com\/avatar\/2b9ac03912eb39091678a45d1b4c36c0?s=96&d=mm&r=g","caption":"admin_staff_content"}}]}},"_links":{"self":[{"href":"https:\/\/www.staffsante.fr\/contenu\/wp-json\/wp\/v2\/tribe_events\/10775"}],"collection":[{"href":"https:\/\/www.staffsante.fr\/contenu\/wp-json\/wp\/v2\/tribe_events"}],"about":[{"href":"https:\/\/www.staffsante.fr\/contenu\/wp-json\/wp\/v2\/types\/tribe_events"}],"author":[{"embeddable":true,"href":"https:\/\/www.staffsante.fr\/contenu\/wp-json\/wp\/v2\/users\/1"}],"replies":[{"embeddable":true,"href":"https:\/\/www.staffsante.fr\/contenu\/wp-json\/wp\/v2\/comments?post=10775"}],"version-history":[{"count":1,"href":"https:\/\/www.staffsante.fr\/contenu\/wp-json\/wp\/v2\/tribe_events\/10775\/revisions"}],"predecessor-version":[{"id":10777,"href":"https:\/\/www.staffsante.fr\/contenu\/wp-json\/wp\/v2\/tribe_events\/10775\/revisions\/10777"}],"wp:featuredmedia":[{"embeddable":true,"href":"https:\/\/www.staffsante.fr\/contenu\/wp-json\/wp\/v2\/media\/10776"}],"wp:attachment":[{"href":"https:\/\/www.staffsante.fr\/contenu\/wp-json\/wp\/v2\/media?parent=10775"}],"wp:term":[{"taxonomy":"post_tag","embeddable":true,"href":"https:\/\/www.staffsante.fr\/contenu\/wp-json\/wp\/v2\/tags?post=10775"},{"taxonomy":"tribe_events_cat","embeddable":true,"href":"https:\/\/www.staffsante.fr\/contenu\/wp-json\/wp\/v2\/tribe_events_cat?post=10775"}],"curies":[{"name":"wp","href":"https:\/\/api.w.org\/{rel}","templated":true}]}}