

{"id":11273,"date":"2025-01-09T17:03:37","date_gmt":"2025-01-09T16:03:37","guid":{"rendered":"https:\/\/www.staffsante.fr\/contenu\/?post_type=tribe_events&#038;p=11273"},"modified":"2025-01-09T17:18:09","modified_gmt":"2025-01-09T16:18:09","slug":"portes-ouvertes-irts-lille-metropole","status":"publish","type":"tribe_events","link":"https:\/\/www.staffsante.fr\/contenu\/evenement\/portes-ouvertes-irts-lille-metropole\/","title":{"rendered":"[ Portes ouvertes ] IRTS Lille M\u00e9tropole"},"content":{"rendered":"<p>PORTES OUVERTES du Site M\u00e9tropole Lilloise&#8230;<br \/>\nSAMEDI 1er F\u00c9VRIER 2025 de 10h \u00e0 16h<\/p>\n<p>Venez d\u00e9couvrir les diff\u00e9rents m\u00e9tiers du secteur social, rencontrer les professionnel(le)s des \u00e9quipes p\u00e9dagogiques &amp; administratives, les \u00e9tudiant(e)s&#8230;<\/p>\n<p>M\u00e9tiers :<\/p>\n<ul>\n<li>Technicien de l&#8217;Intervention sociale et familiale<\/li>\n<li>Educateur sp\u00e9cialis\u00e9<\/li>\n<li>Moniteur \u00e9ducateur<\/li>\n<li>Moniteur d&#8217;atelier<\/li>\n<li>Directeur d&#8217;\u00e9tablissement<\/li>\n<li>M\u00e9diateur familial<\/li>\n<li>Assistant de service social<\/li>\n<li>Chef de service<\/li>\n<li>Accompagnant \u00e9ducatif et social<\/li>\n<li>Conseiller en \u00e9conomie sociale et familiale<\/li>\n<\/ul>\n<p>&nbsp;<\/p>\n<p>A partager sans mod\u00e9ration !<\/p>\n<p>&nbsp;<\/p>\n<p><img loading=\"lazy\" width=\"724\" height=\"1024\" class=\"alignleft size-large wp-image-11325\" src=\"https:\/\/content.staffsante.fr\/wp-content\/uploads\/2025\/01\/portes-ouvertes-IRTS-lille-me\u0301tropole-724x1024.jpeg\" alt=\"portes ouvertes IRTS lille me\u0301tropole\" srcset=\"https:\/\/content.staffsante.fr\/wp-content\/uploads\/2025\/01\/portes-ouvertes-IRTS-lille-me\u0301tropole-724x1024.jpeg 724w, https:\/\/content.staffsante.fr\/wp-content\/uploads\/2025\/01\/portes-ouvertes-IRTS-lille-me\u0301tropole-212x300.jpeg 212w, https:\/\/content.staffsante.fr\/wp-content\/uploads\/2025\/01\/portes-ouvertes-IRTS-lille-me\u0301tropole-768x1086.jpeg 768w, https:\/\/content.staffsante.fr\/wp-content\/uploads\/2025\/01\/portes-ouvertes-IRTS-lille-me\u0301tropole-1086x1536.jpeg 1086w, https:\/\/content.staffsante.fr\/wp-content\/uploads\/2025\/01\/portes-ouvertes-IRTS-lille-me\u0301tropole.jpeg 1280w\" sizes=\"(max-width: 724px) 100vw, 724px\" \/><\/p>\n","protected":false},"excerpt":{"rendered":"<p>PORTES OUVERTES du Site M\u00e9tropole Lilloise&#8230; SAMEDI 1er F\u00c9VRIER 2025 de 10h \u00e0 16h Venez d\u00e9couvrir les diff\u00e9rents m\u00e9tiers du secteur social, rencontrer les professionnel(le)s des \u00e9quipes p\u00e9dagogiques &amp; administratives, [&hellip;]<\/p>\n","protected":false},"author":1,"featured_media":11324,"comment_status":"closed","ping_status":"closed","template":"","meta":{"_tribe_events_status":"","_tribe_events_status_reason":""},"tags":[],"tribe_events_cat":[],"acf":[],"yoast_head":"<!-- This site is optimized with the Yoast SEO plugin v19.14 - https:\/\/yoast.com\/wordpress\/plugins\/seo\/ -->\n<title>[ Portes ouvertes ] IRTS Lille M\u00e9tropole | STAFFSANT\u00c9<\/title>\n<meta name=\"description\" content=\"PORTES OUVERTES du Site M\u00e9tropole Lilloise... SAMEDI 1er F\u00c9VRIER 2025 de 10h \u00e0 16h Venez d\u00e9couvrir les diff\u00e9rents m\u00e9tiers du secteur social, rencontrer\" \/>\n<meta name=\"robots\" content=\"index, follow, max-snippet:-1, max-image-preview:large, max-video-preview:-1\" \/>\n<link rel=\"canonical\" href=\"https:\/\/www.staffsante.fr\/contenu\/evenement\/portes-ouvertes-irts-lille-metropole\/\" \/>\n<meta property=\"og:locale\" content=\"fr_FR\" \/>\n<meta property=\"og:type\" content=\"article\" \/>\n<meta property=\"og:title\" content=\"[ Portes ouvertes ] IRTS Lille M\u00e9tropole | STAFFSANT\u00c9\" \/>\n<meta property=\"og:description\" content=\"PORTES OUVERTES du Site M\u00e9tropole Lilloise... SAMEDI 1er F\u00c9VRIER 2025 de 10h \u00e0 16h Venez d\u00e9couvrir les diff\u00e9rents m\u00e9tiers du secteur social, rencontrer\" \/>\n<meta property=\"og:url\" content=\"https:\/\/www.staffsante.fr\/contenu\/evenement\/portes-ouvertes-irts-lille-metropole\/\" \/>\n<meta property=\"og:site_name\" content=\"STAFFSANT\u00c9\" \/>\n<meta property=\"article:modified_time\" content=\"2025-01-09T16:18:09+00:00\" \/>\n<meta property=\"og:image\" content=\"https:\/\/content.staffsante.fr\/wp-content\/uploads\/2025\/01\/irts-hauts-de-france-portes-ouvertes.jpg\" \/>\n\t<meta property=\"og:image:width\" content=\"1200\" \/>\n\t<meta property=\"og:image:height\" content=\"600\" \/>\n\t<meta property=\"og:image:type\" content=\"image\/jpeg\" \/>\n<meta name=\"twitter:card\" content=\"summary_large_image\" \/>\n<meta name=\"twitter:label1\" content=\"Dur\u00e9e de lecture estim\u00e9e\" \/>\n\t<meta name=\"twitter:data1\" content=\"1 minute\" \/>\n<script type=\"application\/ld+json\" class=\"yoast-schema-graph\">{\"@context\":\"https:\/\/schema.org\",\"@graph\":[{\"@type\":\"Article\",\"@id\":\"https:\/\/www.staffsante.fr\/contenu\/evenement\/portes-ouvertes-irts-lille-metropole\/#article\",\"isPartOf\":{\"@id\":\"https:\/\/www.staffsante.fr\/contenu\/evenement\/portes-ouvertes-irts-lille-metropole\/\"},\"author\":{\"name\":\"admin_staff_content\",\"@id\":\"https:\/\/www.staffsante.fr\/contenu\/#\/schema\/person\/8cea5b012277ab5dd4995aec10f20b0c\"},\"headline\":\"[ Portes ouvertes ] IRTS Lille M\u00e9tropole\",\"datePublished\":\"2025-01-09T16:03:37+00:00\",\"dateModified\":\"2025-01-09T16:18:09+00:00\",\"mainEntityOfPage\":{\"@id\":\"https:\/\/www.staffsante.fr\/contenu\/evenement\/portes-ouvertes-irts-lille-metropole\/\"},\"wordCount\":91,\"publisher\":{\"@id\":\"https:\/\/www.staffsante.fr\/contenu\/#organization\"},\"inLanguage\":\"fr-FR\"},{\"@type\":\"WebPage\",\"@id\":\"https:\/\/www.staffsante.fr\/contenu\/evenement\/portes-ouvertes-irts-lille-metropole\/\",\"url\":\"https:\/\/www.staffsante.fr\/contenu\/evenement\/portes-ouvertes-irts-lille-metropole\/\",\"name\":\"[ Portes ouvertes ] IRTS Lille M\u00e9tropole | STAFFSANT\u00c9\",\"isPartOf\":{\"@id\":\"https:\/\/www.staffsante.fr\/contenu\/#website\"},\"datePublished\":\"2025-01-09T16:03:37+00:00\",\"dateModified\":\"2025-01-09T16:18:09+00:00\",\"description\":\"PORTES OUVERTES du Site M\u00e9tropole Lilloise... SAMEDI 1er F\u00c9VRIER 2025 de 10h \u00e0 16h Venez d\u00e9couvrir les diff\u00e9rents m\u00e9tiers du secteur social, rencontrer\",\"breadcrumb\":{\"@id\":\"https:\/\/www.staffsante.fr\/contenu\/evenement\/portes-ouvertes-irts-lille-metropole\/#breadcrumb\"},\"inLanguage\":\"fr-FR\",\"potentialAction\":[{\"@type\":\"ReadAction\",\"target\":[\"https:\/\/www.staffsante.fr\/contenu\/evenement\/portes-ouvertes-irts-lille-metropole\/\"]}]},{\"@type\":\"BreadcrumbList\",\"@id\":\"https:\/\/www.staffsante.fr\/contenu\/evenement\/portes-ouvertes-irts-lille-metropole\/#breadcrumb\",\"itemListElement\":[{\"@type\":\"ListItem\",\"position\":1,\"name\":\"Home\",\"item\":\"https:\/\/www.staffsante.fr\/contenu\/\"},{\"@type\":\"ListItem\",\"position\":2,\"name\":\"\u00c9v\u00e8nements\",\"item\":\"https:\/\/www.staffsante.fr\/contenu\/events\/\"},{\"@type\":\"ListItem\",\"position\":3,\"name\":\"[ Portes ouvertes ] IRTS Lille M\u00e9tropole\"}]},{\"@type\":\"WebSite\",\"@id\":\"https:\/\/www.staffsante.fr\/contenu\/#website\",\"url\":\"https:\/\/www.staffsante.fr\/contenu\/\",\"name\":\"STAFFSANT\u00c9\",\"description\":\"L&#039;actualit\u00e9 carri\u00e8re des professionnels de sant\u00e9\",\"publisher\":{\"@id\":\"https:\/\/www.staffsante.fr\/contenu\/#organization\"},\"potentialAction\":[{\"@type\":\"SearchAction\",\"target\":{\"@type\":\"EntryPoint\",\"urlTemplate\":\"https:\/\/www.staffsante.fr\/contenu\/?s={search_term_string}\"},\"query-input\":\"required name=search_term_string\"}],\"inLanguage\":\"fr-FR\"},{\"@type\":\"Organization\",\"@id\":\"https:\/\/www.staffsante.fr\/contenu\/#organization\",\"name\":\"Staffsant\u00e9\",\"url\":\"https:\/\/www.staffsante.fr\/contenu\/\",\"logo\":{\"@type\":\"ImageObject\",\"inLanguage\":\"fr-FR\",\"@id\":\"https:\/\/www.staffsante.fr\/contenu\/#\/schema\/logo\/image\/\",\"url\":\"https:\/\/content.staffsante.fr\/wp-content\/uploads\/2017\/06\/Staffsante.jpg\",\"contentUrl\":\"https:\/\/content.staffsante.fr\/wp-content\/uploads\/2017\/06\/Staffsante.jpg\",\"width\":2225,\"height\":592,\"caption\":\"Staffsant\u00e9\"},\"image\":{\"@id\":\"https:\/\/www.staffsante.fr\/contenu\/#\/schema\/logo\/image\/\"}},{\"@type\":\"Person\",\"@id\":\"https:\/\/www.staffsante.fr\/contenu\/#\/schema\/person\/8cea5b012277ab5dd4995aec10f20b0c\",\"name\":\"admin_staff_content\",\"image\":{\"@type\":\"ImageObject\",\"inLanguage\":\"fr-FR\",\"@id\":\"https:\/\/www.staffsante.fr\/contenu\/#\/schema\/person\/image\/\",\"url\":\"http:\/\/2.gravatar.com\/avatar\/2b9ac03912eb39091678a45d1b4c36c0?s=96&d=mm&r=g\",\"contentUrl\":\"http:\/\/2.gravatar.com\/avatar\/2b9ac03912eb39091678a45d1b4c36c0?s=96&d=mm&r=g\",\"caption\":\"admin_staff_content\"}}]}<\/script>\n<!-- \/ Yoast SEO plugin. -->","yoast_head_json":{"title":"[ Portes ouvertes ] IRTS Lille M\u00e9tropole | STAFFSANT\u00c9","description":"PORTES OUVERTES du Site M\u00e9tropole Lilloise... SAMEDI 1er F\u00c9VRIER 2025 de 10h \u00e0 16h Venez d\u00e9couvrir les diff\u00e9rents m\u00e9tiers du secteur social, rencontrer","robots":{"index":"index","follow":"follow","max-snippet":"max-snippet:-1","max-image-preview":"max-image-preview:large","max-video-preview":"max-video-preview:-1"},"canonical":"https:\/\/www.staffsante.fr\/contenu\/evenement\/portes-ouvertes-irts-lille-metropole\/","og_locale":"fr_FR","og_type":"article","og_title":"[ Portes ouvertes ] IRTS Lille M\u00e9tropole | STAFFSANT\u00c9","og_description":"PORTES OUVERTES du Site M\u00e9tropole Lilloise... SAMEDI 1er F\u00c9VRIER 2025 de 10h \u00e0 16h Venez d\u00e9couvrir les diff\u00e9rents m\u00e9tiers du secteur social, rencontrer","og_url":"https:\/\/www.staffsante.fr\/contenu\/evenement\/portes-ouvertes-irts-lille-metropole\/","og_site_name":"STAFFSANT\u00c9","article_modified_time":"2025-01-09T16:18:09+00:00","og_image":[{"width":1200,"height":600,"url":"https:\/\/content.staffsante.fr\/wp-content\/uploads\/2025\/01\/irts-hauts-de-france-portes-ouvertes.jpg","type":"image\/jpeg"}],"twitter_card":"summary_large_image","twitter_misc":{"Dur\u00e9e de lecture estim\u00e9e":"1 minute"},"schema":{"@context":"https:\/\/schema.org","@graph":[{"@type":"Article","@id":"https:\/\/www.staffsante.fr\/contenu\/evenement\/portes-ouvertes-irts-lille-metropole\/#article","isPartOf":{"@id":"https:\/\/www.staffsante.fr\/contenu\/evenement\/portes-ouvertes-irts-lille-metropole\/"},"author":{"name":"admin_staff_content","@id":"https:\/\/www.staffsante.fr\/contenu\/#\/schema\/person\/8cea5b012277ab5dd4995aec10f20b0c"},"headline":"[ Portes ouvertes ] IRTS Lille M\u00e9tropole","datePublished":"2025-01-09T16:03:37+00:00","dateModified":"2025-01-09T16:18:09+00:00","mainEntityOfPage":{"@id":"https:\/\/www.staffsante.fr\/contenu\/evenement\/portes-ouvertes-irts-lille-metropole\/"},"wordCount":91,"publisher":{"@id":"https:\/\/www.staffsante.fr\/contenu\/#organization"},"inLanguage":"fr-FR"},{"@type":"WebPage","@id":"https:\/\/www.staffsante.fr\/contenu\/evenement\/portes-ouvertes-irts-lille-metropole\/","url":"https:\/\/www.staffsante.fr\/contenu\/evenement\/portes-ouvertes-irts-lille-metropole\/","name":"[ Portes ouvertes ] IRTS Lille M\u00e9tropole | STAFFSANT\u00c9","isPartOf":{"@id":"https:\/\/www.staffsante.fr\/contenu\/#website"},"datePublished":"2025-01-09T16:03:37+00:00","dateModified":"2025-01-09T16:18:09+00:00","description":"PORTES OUVERTES du Site M\u00e9tropole Lilloise... SAMEDI 1er F\u00c9VRIER 2025 de 10h \u00e0 16h Venez d\u00e9couvrir les diff\u00e9rents m\u00e9tiers du secteur social, rencontrer","breadcrumb":{"@id":"https:\/\/www.staffsante.fr\/contenu\/evenement\/portes-ouvertes-irts-lille-metropole\/#breadcrumb"},"inLanguage":"fr-FR","potentialAction":[{"@type":"ReadAction","target":["https:\/\/www.staffsante.fr\/contenu\/evenement\/portes-ouvertes-irts-lille-metropole\/"]}]},{"@type":"BreadcrumbList","@id":"https:\/\/www.staffsante.fr\/contenu\/evenement\/portes-ouvertes-irts-lille-metropole\/#breadcrumb","itemListElement":[{"@type":"ListItem","position":1,"name":"Home","item":"https:\/\/www.staffsante.fr\/contenu\/"},{"@type":"ListItem","position":2,"name":"\u00c9v\u00e8nements","item":"https:\/\/www.staffsante.fr\/contenu\/events\/"},{"@type":"ListItem","position":3,"name":"[ Portes ouvertes ] IRTS Lille M\u00e9tropole"}]},{"@type":"WebSite","@id":"https:\/\/www.staffsante.fr\/contenu\/#website","url":"https:\/\/www.staffsante.fr\/contenu\/","name":"STAFFSANT\u00c9","description":"L&#039;actualit\u00e9 carri\u00e8re des professionnels de sant\u00e9","publisher":{"@id":"https:\/\/www.staffsante.fr\/contenu\/#organization"},"potentialAction":[{"@type":"SearchAction","target":{"@type":"EntryPoint","urlTemplate":"https:\/\/www.staffsante.fr\/contenu\/?s={search_term_string}"},"query-input":"required name=search_term_string"}],"inLanguage":"fr-FR"},{"@type":"Organization","@id":"https:\/\/www.staffsante.fr\/contenu\/#organization","name":"Staffsant\u00e9","url":"https:\/\/www.staffsante.fr\/contenu\/","logo":{"@type":"ImageObject","inLanguage":"fr-FR","@id":"https:\/\/www.staffsante.fr\/contenu\/#\/schema\/logo\/image\/","url":"https:\/\/content.staffsante.fr\/wp-content\/uploads\/2017\/06\/Staffsante.jpg","contentUrl":"https:\/\/content.staffsante.fr\/wp-content\/uploads\/2017\/06\/Staffsante.jpg","width":2225,"height":592,"caption":"Staffsant\u00e9"},"image":{"@id":"https:\/\/www.staffsante.fr\/contenu\/#\/schema\/logo\/image\/"}},{"@type":"Person","@id":"https:\/\/www.staffsante.fr\/contenu\/#\/schema\/person\/8cea5b012277ab5dd4995aec10f20b0c","name":"admin_staff_content","image":{"@type":"ImageObject","inLanguage":"fr-FR","@id":"https:\/\/www.staffsante.fr\/contenu\/#\/schema\/person\/image\/","url":"http:\/\/2.gravatar.com\/avatar\/2b9ac03912eb39091678a45d1b4c36c0?s=96&d=mm&r=g","contentUrl":"http:\/\/2.gravatar.com\/avatar\/2b9ac03912eb39091678a45d1b4c36c0?s=96&d=mm&r=g","caption":"admin_staff_content"}}]}},"_links":{"self":[{"href":"https:\/\/www.staffsante.fr\/contenu\/wp-json\/wp\/v2\/tribe_events\/11273"}],"collection":[{"href":"https:\/\/www.staffsante.fr\/contenu\/wp-json\/wp\/v2\/tribe_events"}],"about":[{"href":"https:\/\/www.staffsante.fr\/contenu\/wp-json\/wp\/v2\/types\/tribe_events"}],"author":[{"embeddable":true,"href":"https:\/\/www.staffsante.fr\/contenu\/wp-json\/wp\/v2\/users\/1"}],"replies":[{"embeddable":true,"href":"https:\/\/www.staffsante.fr\/contenu\/wp-json\/wp\/v2\/comments?post=11273"}],"version-history":[{"count":2,"href":"https:\/\/www.staffsante.fr\/contenu\/wp-json\/wp\/v2\/tribe_events\/11273\/revisions"}],"predecessor-version":[{"id":11326,"href":"https:\/\/www.staffsante.fr\/contenu\/wp-json\/wp\/v2\/tribe_events\/11273\/revisions\/11326"}],"wp:featuredmedia":[{"embeddable":true,"href":"https:\/\/www.staffsante.fr\/contenu\/wp-json\/wp\/v2\/media\/11324"}],"wp:attachment":[{"href":"https:\/\/www.staffsante.fr\/contenu\/wp-json\/wp\/v2\/media?parent=11273"}],"wp:term":[{"taxonomy":"post_tag","embeddable":true,"href":"https:\/\/www.staffsante.fr\/contenu\/wp-json\/wp\/v2\/tags?post=11273"},{"taxonomy":"tribe_events_cat","embeddable":true,"href":"https:\/\/www.staffsante.fr\/contenu\/wp-json\/wp\/v2\/tribe_events_cat?post=11273"}],"curies":[{"name":"wp","href":"https:\/\/api.w.org\/{rel}","templated":true}]}}