

{"id":11288,"date":"2025-01-10T08:49:18","date_gmt":"2025-01-10T07:49:18","guid":{"rendered":"https:\/\/www.staffsante.fr\/contenu\/?post_type=tribe_events&#038;p=11288"},"modified":"2025-01-10T08:49:18","modified_gmt":"2025-01-10T07:49:18","slug":"%f0%9d%90%89%f0%9d%90%a8%f0%9d%90%9b-%f0%9d%90%83%f0%9d%90%9a%f0%9d%90%ad%f0%9d%90%a2%f0%9d%90%a7%f0%9d%90%a0-dedie-aux-metier-aide-soignante","status":"publish","type":"tribe_events","link":"https:\/\/www.staffsante.fr\/contenu\/evenement\/%f0%9d%90%89%f0%9d%90%a8%f0%9d%90%9b-%f0%9d%90%83%f0%9d%90%9a%f0%9d%90%ad%f0%9d%90%a2%f0%9d%90%a7%f0%9d%90%a0-dedie-aux-metier-aide-soignante\/","title":{"rendered":"\ud835\udc09\ud835\udc28\ud835\udc1b \ud835\udc03\ud835\udc1a\ud835\udc2d\ud835\udc22\ud835\udc27\ud835\udc20 d\u00e9di\u00e9 aux m\u00e9tier Aide-Soignant(e)"},"content":{"rendered":"<p>\ud83d\udd14 Recrutez des Aides-Soignant(e)s en participant \u00e0 notre Job Dating ! \ud83d\udd14<\/p>\n<p>\ud835\udc02\ud835\udc2b\ud835\udc28\ud835\udc22\ud835\udc31-\ud835\udc11\ud835\udc28\ud835\udc2e\ud835\udc20\ud835\udc1e \ud835\udc02\ud835\udc28\ud835\udc26\ud835\udc29\ud835\udc1e\u0301\ud835\udc2d\ud835\udc1e\ud835\udc27\ud835\udc1c\ud835\udc1e \ud835\udc01\ud835\udc28\ud835\udc2e\ud835\udc2b\ud835\udc20\ud835\udc28\ud835\udc20\ud835\udc27\ud835\udc1e \ud835\udc05\ud835\udc2b\ud835\udc1a\ud835\udc27\ud835\udc1c\ud835\udc21\ud835\udc1e-\ud835\udc02\ud835\udc28\ud835\udc26\ud835\udc2d\ud835\udc1e\u0301 organise un \ud835\udc09\ud835\udc28\ud835\udc1b \ud835\udc03\ud835\udc1a\ud835\udc2d\ud835\udc22\ud835\udc27\ud835\udc20 d\u00e9di\u00e9 aux m\u00e9tier Aide-Soignant(e) dans le cadre de la \ud835\udc0f\ud835\udc2b\ud835\udc1e\u0301\ud835\udc29\ud835\udc1a\ud835\udc2b\ud835\udc1a\ud835\udc2d\ud835\udc22\ud835\udc28\ud835\udc27 \ud835\udc0e\ud835\udc29\ud835\udc1e\u0301\ud835\udc2b\ud835\udc1a\ud835\udc2d\ud835\udc22\ud835\udc28\ud835\udc27\ud835\udc27\ud835\udc1e\ud835\udc25\ud835\udc25\ud835\udc1e \ud835\udc1a\u0300 \ud835\udc25\u2019\ud835\udc04\ud835\udc26\ud835\udc29\ud835\udc25\ud835\udc28\ud835\udc22 \ud835\udc02\ud835\udc28\ud835\udc25\ud835\udc25\ud835\udc1e\ud835\udc1c\ud835\udc2d\ud835\udc22\ud835\udc2f\ud835\udc1e (\ud835\udc0f\ud835\udc0e\ud835\udc04\ud835\udc02) sur son site de \ud835\udc0b\ud835\udc28\ud835\udc27\ud835\udc2c \ud835\udc25\ud835\udc1e \ud835\udc12\ud835\udc1a\ud835\udc2e\ud835\udc27\ud835\udc22\ud835\udc1e\ud835\udc2b.<\/p>\n<p>\ud83d\udcc5 \ud835\udc10\ud835\udc2e\ud835\udc1a\ud835\udc27\ud835\udc1d ? Mardi 4 f\u00e9vrier 2025, de 14h \u00e0 16h30<br \/>\n\ud83d\udccd \ud835\udc0e\ud835\udc2e\u0300 ? Croix-Rouge Comp\u00e9tence BFC, 155 chemin de Chaudon, 39000 Lons le Saunier<\/p>\n<p>\ud83d\udc49 \ud835\udc0f\ud835\udc28\ud835\udc2e\ud835\udc2b\ud835\udc2a\ud835\udc2e\ud835\udc28\ud835\udc22 \ud835\udc29\ud835\udc1a\ud835\udc2b\ud835\udc2d\ud835\udc22\ud835\udc1c\ud835\udc22\ud835\udc29\ud835\udc1e\ud835\udc2b ?<br \/>\n\u25aa\ufe0f \ud835\udc03\ud835\udc1e\u0301\ud835\udc1c\ud835\udc28\ud835\udc2e\ud835\udc2f\ud835\udc2b\ud835\udc22\ud835\udc2b \ud835\udc25\ud835\udc1e\ud835\udc2c \ud835\udc1a\ud835\udc2f\ud835\udc1a\ud835\udc27\ud835\udc2d\ud835\udc1a\ud835\udc20\ud835\udc1e\ud835\udc2c \ud835\udc1d\ud835\udc1e \ud835\udc25\u2019\ud835\udc1a\ud835\udc25\ud835\udc2d\ud835\udc1e\ud835\udc2b\ud835\udc27\ud835\udc1a\ud835\udc27\ud835\udc1c\ud835\udc1e : \u00e9changes sur les atouts de cette voie d\u2019apprentissage.<br \/>\n\u25aa\ufe0f \ud835\udc11\ud835\udc1e\ud835\udc27\ud835\udc1c\ud835\udc28\ud835\udc27\ud835\udc2d\ud835\udc2b\ud835\udc1e\ud835\udc2b \ud835\udc1d\ud835\udc1e\ud835\udc2c \ud835\udc1c\ud835\udc1a\ud835\udc27\ud835\udc1d\ud835\udc22\ud835\udc1d\ud835\udc1a\ud835\udc2d\ud835\udc2c \ud835\udc26\ud835\udc28\ud835\udc2d\ud835\udc22\ud835\udc2f\ud835\udc1e\u0301\ud835\udc2c \ud835\udc1e\ud835\udc2d \ud835\udc29\ud835\udc2b\ud835\udc1e\u0301-\ud835\udc2a\ud835\udc2e\ud835\udc1a\ud835\udc25\ud835\udc22\ud835\udc1f\ud835\udc22\ud835\udc1e\u0301\ud835\udc2c pour int\u00e9grer :<br \/>\n\u2705 Un contrat d\u2019apprentissage<br \/>\n\u2705 Un contrat de professionnalisation<\/p>\n<p>\ud83c\udfaf \ud835\udc14\ud835\udc27\ud835\udc1e \ud835\udc28\ud835\udc29\ud835\udc29\ud835\udc28\ud835\udc2b\ud835\udc2d\ud835\udc2e\ud835\udc27\ud835\udc22\ud835\udc2d\ud835\udc1e\u0301 \ud835\udc2e\ud835\udc27\ud835\udc22\ud835\udc2a\ud835\udc2e\ud835\udc1e \ud835\udc1d\ud835\udc1e \ud835\udc2b\ud835\udc1e\ud835\udc1c\ud835\udc2b\ud835\udc2e\ud835\udc2d\ud835\udc1e\ud835\udc2b \ud835\udc2f\ud835\udc28\ud835\udc2c \ud835\udc1f\ud835\udc2e\ud835\udc2d\ud835\udc2e\ud835\udc2b\ud835\udc2c \ud835\udc1a\ud835\udc25\ud835\udc2d\ud835\udc1e\ud835\udc2b\ud835\udc27\ud835\udc1a\ud835\udc27\ud835\udc2d\ud835\udc2c.<\/p>\n<p>\ud835\udc02\ud835\udc28\ud835\udc27\ud835\udc2d\ud835\udc1a\ud835\udc1c\ud835\udc2d\ud835\udc1e\ud835\udc33-\ud835\udc27\ud835\udc28\ud835\udc2e\ud835\udc2c \ud835\udc29\ud835\udc28\ud835\udc2e\ud835\udc2b \ud835\udc2f\ud835\udc28\ud835\udc2e\ud835\udc2c \ud835\udc22\ud835\udc27\ud835\udc2c\ud835\udc1c\ud835\udc2b\ud835\udc22\ud835\udc2b\ud835\udc1e :<br \/>\n\ud83d\udce7 <a class=\"JlbfryXVlwcZyHjDVfFuROUTMUwEJHTEvmlSIQ \" href=\"mailto:crfp.competence-bfc@croix-rouge.fr\" target=\"_self\" rel=\"noopener\" data-test-app-aware-link=\"\">crfp.competence-bfc@croix-rouge.fr<\/a><br \/>\n\ud83d\udcde\u00a0<a href=\"https:\/\/www.linkedin.com\/posts\/croix-rouge-comp%C3%A9tence-bourgogne-franche-comt%C3%A9_recrutez-des-aides-soignantes-en-participant-activity-7275549369473388544-kdCt\/?utm_source=share&amp;utm_medium=member_desktop#\" data-num=\"0380481735\">03 80 48 17 35<\/a><\/p>\n<p>&nbsp;<\/p>\n<p><img loading=\"lazy\" width=\"545\" height=\"795\" class=\"alignleft size-full wp-image-11337\" src=\"https:\/\/content.staffsante.fr\/wp-content\/uploads\/2025\/01\/job-dating-aide-soignant-croix-rouge.jpeg\" alt=\"job dating aide soignant\" srcset=\"https:\/\/content.staffsante.fr\/wp-content\/uploads\/2025\/01\/job-dating-aide-soignant-croix-rouge.jpeg 545w, https:\/\/content.staffsante.fr\/wp-content\/uploads\/2025\/01\/job-dating-aide-soignant-croix-rouge-206x300.jpeg 206w\" sizes=\"(max-width: 545px) 100vw, 545px\" \/><\/p>\n","protected":false},"excerpt":{"rendered":"<p>C\ud835\udc2b\ud835\udc28\ud835\udc22\ud835\udc31-\ud835\udc11\ud835\udc28\ud835\udc2e\ud835\udc20\ud835\udc1e \ud835\udc02\ud835\udc28\ud835\udc26\ud835\udc29\ud835\udc1e\u0301\ud835\udc2d\ud835\udc1e\ud835\udc27\ud835\udc1c\ud835\udc1e \ud835\udc01\ud835\udc28\ud835\udc2e\ud835\udc2b\ud835\udc20\ud835\udc28\ud835\udc20\ud835\udc27\ud835\udc1e \ud835\udc05\ud835\udc2b\ud835\udc1a\ud835\udc27\ud835\udc1c\ud835\udc21\ud835\udc1e-\ud835\udc02\ud835\udc28\ud835\udc26\ud835\udc2d\ud835\udc1e\u0301 organise un \ud835\udc09\ud835\udc28\ud835\udc1b \ud835\udc03\ud835\udc1a\ud835\udc2d\ud835\udc22\ud835\udc27\ud835\udc20 d\u00e9di\u00e9 aux m\u00e9tier Aide-Soignant(e) dans le cadre de la \ud835\udc0f\ud835\udc2b\ud835\udc1e\u0301\ud835\udc29\ud835\udc1a\ud835\udc2b\ud835\udc1a\ud835\udc2d\ud835\udc22\ud835\udc28\ud835\udc27 \ud835\udc0e\ud835\udc29\ud835\udc1e\u0301\ud835\udc2b\ud835\udc1a\ud835\udc2d\ud835\udc22\ud835\udc28\ud835\udc27\ud835\udc27\ud835\udc1e\ud835\udc25\ud835\udc25\ud835\udc1e \ud835\udc1a\u0300 \ud835\udc25\u2019\ud835\udc04\ud835\udc26\ud835\udc29\ud835\udc25\ud835\udc28\ud835\udc22 \ud835\udc02\ud835\udc28\ud835\udc25\ud835\udc25\ud835\udc1e\ud835\udc1c\ud835\udc2d\ud835\udc22\ud835\udc2f\ud835\udc1e (\ud835\udc0f\ud835\udc0e\ud835\udc04\ud835\udc02) sur son site de \ud835\udc0b\ud835\udc28\ud835\udc27\ud835\udc2c \ud835\udc25\ud835\udc1e \ud835\udc12\ud835\udc1a\ud835\udc2e\ud835\udc27\ud835\udc22\ud835\udc1e\ud835\udc2b.<\/p>\n","protected":false},"author":1,"featured_media":11336,"comment_status":"closed","ping_status":"closed","template":"","meta":{"_tribe_events_status":"","_tribe_events_status_reason":""},"tags":[],"tribe_events_cat":[],"acf":[],"yoast_head":"<!-- This site is optimized with the Yoast SEO plugin v19.14 - https:\/\/yoast.com\/wordpress\/plugins\/seo\/ -->\n<title>\ud835\udc09\ud835\udc28\ud835\udc1b \ud835\udc03\ud835\udc1a\ud835\udc2d\ud835\udc22\ud835\udc27\ud835\udc20 d\u00e9di\u00e9 aux m\u00e9tier Aide-Soignant(e) | STAFFSANT\u00c9<\/title>\n<meta name=\"description\" content=\"C\ud835\udc2b\ud835\udc28\ud835\udc22\ud835\udc31-\ud835\udc11\ud835\udc28\ud835\udc2e\ud835\udc20\ud835\udc1e \ud835\udc02\ud835\udc28\ud835\udc26\ud835\udc29\ud835\udc1e\u0301\ud835\udc2d\ud835\udc1e\ud835\udc27\ud835\udc1c\ud835\udc1e \ud835\udc01\ud835\udc28\ud835\udc2e\ud835\udc2b\ud835\udc20\ud835\udc28\ud835\udc20\ud835\udc27\ud835\udc1e \ud835\udc05\ud835\udc2b\ud835\udc1a\ud835\udc27\ud835\udc1c\ud835\udc21\ud835\udc1e-\ud835\udc02\ud835\udc28\ud835\udc26\ud835\udc2d\ud835\udc1e\u0301 organise un \ud835\udc09\ud835\udc28\ud835\udc1b \ud835\udc03\ud835\udc1a\ud835\udc2d\ud835\udc22\ud835\udc27\ud835\udc20 d\u00e9di\u00e9 aux m\u00e9tier Aide-Soignant(e) dans le cadre de la \ud835\udc0f\ud835\udc2b\ud835\udc1e\u0301\ud835\udc29\ud835\udc1a\ud835\udc2b\ud835\udc1a\ud835\udc2d\ud835\udc22\ud835\udc28\ud835\udc27 \ud835\udc0e\ud835\udc29\ud835\udc1e\u0301\ud835\udc2b\ud835\udc1a\ud835\udc2d\ud835\udc22\ud835\udc28\ud835\udc27\ud835\udc27\ud835\udc1e\ud835\udc25\ud835\udc25\ud835\udc1e \ud835\udc1a\u0300 \ud835\udc25\u2019\ud835\udc04\ud835\udc26\ud835\udc29\ud835\udc25\ud835\udc28\ud835\udc22 \ud835\udc02\ud835\udc28\ud835\udc25\ud835\udc25\ud835\udc1e\ud835\udc1c\ud835\udc2d\ud835\udc22\ud835\udc2f\ud835\udc1e (\ud835\udc0f\ud835\udc0e\ud835\udc04\ud835\udc02) sur son site de \ud835\udc0b\ud835\udc28\ud835\udc27\ud835\udc2c \ud835\udc25\ud835\udc1e \ud835\udc12\ud835\udc1a\ud835\udc2e\ud835\udc27\ud835\udc22\ud835\udc1e\ud835\udc2b.\" \/>\n<meta name=\"robots\" content=\"index, follow, max-snippet:-1, max-image-preview:large, max-video-preview:-1\" \/>\n<link rel=\"canonical\" href=\"https:\/\/www.staffsante.fr\/contenu\/evenement\/\ud835\udc09\ud835\udc28\ud835\udc1b-\ud835\udc03\ud835\udc1a\ud835\udc2d\ud835\udc22\ud835\udc27\ud835\udc20-dedie-aux-metier-aide-soignante\/\" \/>\n<meta property=\"og:locale\" content=\"fr_FR\" \/>\n<meta property=\"og:type\" content=\"article\" \/>\n<meta property=\"og:title\" content=\"\ud835\udc09\ud835\udc28\ud835\udc1b \ud835\udc03\ud835\udc1a\ud835\udc2d\ud835\udc22\ud835\udc27\ud835\udc20 d\u00e9di\u00e9 aux m\u00e9tier Aide-Soignant(e) | STAFFSANT\u00c9\" \/>\n<meta property=\"og:description\" content=\"C\ud835\udc2b\ud835\udc28\ud835\udc22\ud835\udc31-\ud835\udc11\ud835\udc28\ud835\udc2e\ud835\udc20\ud835\udc1e \ud835\udc02\ud835\udc28\ud835\udc26\ud835\udc29\ud835\udc1e\u0301\ud835\udc2d\ud835\udc1e\ud835\udc27\ud835\udc1c\ud835\udc1e \ud835\udc01\ud835\udc28\ud835\udc2e\ud835\udc2b\ud835\udc20\ud835\udc28\ud835\udc20\ud835\udc27\ud835\udc1e \ud835\udc05\ud835\udc2b\ud835\udc1a\ud835\udc27\ud835\udc1c\ud835\udc21\ud835\udc1e-\ud835\udc02\ud835\udc28\ud835\udc26\ud835\udc2d\ud835\udc1e\u0301 organise un \ud835\udc09\ud835\udc28\ud835\udc1b \ud835\udc03\ud835\udc1a\ud835\udc2d\ud835\udc22\ud835\udc27\ud835\udc20 d\u00e9di\u00e9 aux m\u00e9tier Aide-Soignant(e) dans le cadre de la \ud835\udc0f\ud835\udc2b\ud835\udc1e\u0301\ud835\udc29\ud835\udc1a\ud835\udc2b\ud835\udc1a\ud835\udc2d\ud835\udc22\ud835\udc28\ud835\udc27 \ud835\udc0e\ud835\udc29\ud835\udc1e\u0301\ud835\udc2b\ud835\udc1a\ud835\udc2d\ud835\udc22\ud835\udc28\ud835\udc27\ud835\udc27\ud835\udc1e\ud835\udc25\ud835\udc25\ud835\udc1e \ud835\udc1a\u0300 \ud835\udc25\u2019\ud835\udc04\ud835\udc26\ud835\udc29\ud835\udc25\ud835\udc28\ud835\udc22 \ud835\udc02\ud835\udc28\ud835\udc25\ud835\udc25\ud835\udc1e\ud835\udc1c\ud835\udc2d\ud835\udc22\ud835\udc2f\ud835\udc1e (\ud835\udc0f\ud835\udc0e\ud835\udc04\ud835\udc02) sur son site de \ud835\udc0b\ud835\udc28\ud835\udc27\ud835\udc2c \ud835\udc25\ud835\udc1e \ud835\udc12\ud835\udc1a\ud835\udc2e\ud835\udc27\ud835\udc22\ud835\udc1e\ud835\udc2b.\" \/>\n<meta property=\"og:url\" content=\"https:\/\/www.staffsante.fr\/contenu\/evenement\/\ud835\udc09\ud835\udc28\ud835\udc1b-\ud835\udc03\ud835\udc1a\ud835\udc2d\ud835\udc22\ud835\udc27\ud835\udc20-dedie-aux-metier-aide-soignante\/\" \/>\n<meta property=\"og:site_name\" content=\"STAFFSANT\u00c9\" \/>\n<meta property=\"og:image\" content=\"https:\/\/content.staffsante.fr\/wp-content\/uploads\/2025\/01\/croix-rouge-competence-job-dating-aide-soignant.jpg\" \/>\n\t<meta property=\"og:image:width\" content=\"1200\" \/>\n\t<meta property=\"og:image:height\" content=\"600\" \/>\n\t<meta property=\"og:image:type\" content=\"image\/jpeg\" \/>\n<meta name=\"twitter:card\" content=\"summary_large_image\" \/>\n<meta name=\"twitter:label1\" content=\"Dur\u00e9e de lecture estim\u00e9e\" \/>\n\t<meta name=\"twitter:data1\" content=\"1 minute\" \/>\n<script type=\"application\/ld+json\" class=\"yoast-schema-graph\">{\"@context\":\"https:\/\/schema.org\",\"@graph\":[{\"@type\":\"Article\",\"@id\":\"https:\/\/www.staffsante.fr\/contenu\/evenement\/%f0%9d%90%89%f0%9d%90%a8%f0%9d%90%9b-%f0%9d%90%83%f0%9d%90%9a%f0%9d%90%ad%f0%9d%90%a2%f0%9d%90%a7%f0%9d%90%a0-dedie-aux-metier-aide-soignante\/#article\",\"isPartOf\":{\"@id\":\"https:\/\/www.staffsante.fr\/contenu\/evenement\/%f0%9d%90%89%f0%9d%90%a8%f0%9d%90%9b-%f0%9d%90%83%f0%9d%90%9a%f0%9d%90%ad%f0%9d%90%a2%f0%9d%90%a7%f0%9d%90%a0-dedie-aux-metier-aide-soignante\/\"},\"author\":{\"name\":\"admin_staff_content\",\"@id\":\"https:\/\/www.staffsante.fr\/contenu\/#\/schema\/person\/8cea5b012277ab5dd4995aec10f20b0c\"},\"headline\":\"\ud835\udc09\ud835\udc28\ud835\udc1b \ud835\udc03\ud835\udc1a\ud835\udc2d\ud835\udc22\ud835\udc27\ud835\udc20 d\u00e9di\u00e9 aux m\u00e9tier Aide-Soignant(e)\",\"datePublished\":\"2025-01-10T07:49:18+00:00\",\"dateModified\":\"2025-01-10T07:49:18+00:00\",\"mainEntityOfPage\":{\"@id\":\"https:\/\/www.staffsante.fr\/contenu\/evenement\/%f0%9d%90%89%f0%9d%90%a8%f0%9d%90%9b-%f0%9d%90%83%f0%9d%90%9a%f0%9d%90%ad%f0%9d%90%a2%f0%9d%90%a7%f0%9d%90%a0-dedie-aux-metier-aide-soignante\/\"},\"wordCount\":80,\"publisher\":{\"@id\":\"https:\/\/www.staffsante.fr\/contenu\/#organization\"},\"inLanguage\":\"fr-FR\"},{\"@type\":\"WebPage\",\"@id\":\"https:\/\/www.staffsante.fr\/contenu\/evenement\/%f0%9d%90%89%f0%9d%90%a8%f0%9d%90%9b-%f0%9d%90%83%f0%9d%90%9a%f0%9d%90%ad%f0%9d%90%a2%f0%9d%90%a7%f0%9d%90%a0-dedie-aux-metier-aide-soignante\/\",\"url\":\"https:\/\/www.staffsante.fr\/contenu\/evenement\/%f0%9d%90%89%f0%9d%90%a8%f0%9d%90%9b-%f0%9d%90%83%f0%9d%90%9a%f0%9d%90%ad%f0%9d%90%a2%f0%9d%90%a7%f0%9d%90%a0-dedie-aux-metier-aide-soignante\/\",\"name\":\"\ud835\udc09\ud835\udc28\ud835\udc1b \ud835\udc03\ud835\udc1a\ud835\udc2d\ud835\udc22\ud835\udc27\ud835\udc20 d\u00e9di\u00e9 aux m\u00e9tier Aide-Soignant(e) | STAFFSANT\u00c9\",\"isPartOf\":{\"@id\":\"https:\/\/www.staffsante.fr\/contenu\/#website\"},\"datePublished\":\"2025-01-10T07:49:18+00:00\",\"dateModified\":\"2025-01-10T07:49:18+00:00\",\"description\":\"C\ud835\udc2b\ud835\udc28\ud835\udc22\ud835\udc31-\ud835\udc11\ud835\udc28\ud835\udc2e\ud835\udc20\ud835\udc1e \ud835\udc02\ud835\udc28\ud835\udc26\ud835\udc29\ud835\udc1e\u0301\ud835\udc2d\ud835\udc1e\ud835\udc27\ud835\udc1c\ud835\udc1e \ud835\udc01\ud835\udc28\ud835\udc2e\ud835\udc2b\ud835\udc20\ud835\udc28\ud835\udc20\ud835\udc27\ud835\udc1e \ud835\udc05\ud835\udc2b\ud835\udc1a\ud835\udc27\ud835\udc1c\ud835\udc21\ud835\udc1e-\ud835\udc02\ud835\udc28\ud835\udc26\ud835\udc2d\ud835\udc1e\u0301 organise un \ud835\udc09\ud835\udc28\ud835\udc1b \ud835\udc03\ud835\udc1a\ud835\udc2d\ud835\udc22\ud835\udc27\ud835\udc20 d\u00e9di\u00e9 aux m\u00e9tier Aide-Soignant(e) dans le cadre de la \ud835\udc0f\ud835\udc2b\ud835\udc1e\u0301\ud835\udc29\ud835\udc1a\ud835\udc2b\ud835\udc1a\ud835\udc2d\ud835\udc22\ud835\udc28\ud835\udc27 \ud835\udc0e\ud835\udc29\ud835\udc1e\u0301\ud835\udc2b\ud835\udc1a\ud835\udc2d\ud835\udc22\ud835\udc28\ud835\udc27\ud835\udc27\ud835\udc1e\ud835\udc25\ud835\udc25\ud835\udc1e \ud835\udc1a\u0300 \ud835\udc25\u2019\ud835\udc04\ud835\udc26\ud835\udc29\ud835\udc25\ud835\udc28\ud835\udc22 \ud835\udc02\ud835\udc28\ud835\udc25\ud835\udc25\ud835\udc1e\ud835\udc1c\ud835\udc2d\ud835\udc22\ud835\udc2f\ud835\udc1e (\ud835\udc0f\ud835\udc0e\ud835\udc04\ud835\udc02) sur son site de \ud835\udc0b\ud835\udc28\ud835\udc27\ud835\udc2c \ud835\udc25\ud835\udc1e \ud835\udc12\ud835\udc1a\ud835\udc2e\ud835\udc27\ud835\udc22\ud835\udc1e\ud835\udc2b.\",\"breadcrumb\":{\"@id\":\"https:\/\/www.staffsante.fr\/contenu\/evenement\/%f0%9d%90%89%f0%9d%90%a8%f0%9d%90%9b-%f0%9d%90%83%f0%9d%90%9a%f0%9d%90%ad%f0%9d%90%a2%f0%9d%90%a7%f0%9d%90%a0-dedie-aux-metier-aide-soignante\/#breadcrumb\"},\"inLanguage\":\"fr-FR\",\"potentialAction\":[{\"@type\":\"ReadAction\",\"target\":[\"https:\/\/www.staffsante.fr\/contenu\/evenement\/%f0%9d%90%89%f0%9d%90%a8%f0%9d%90%9b-%f0%9d%90%83%f0%9d%90%9a%f0%9d%90%ad%f0%9d%90%a2%f0%9d%90%a7%f0%9d%90%a0-dedie-aux-metier-aide-soignante\/\"]}]},{\"@type\":\"BreadcrumbList\",\"@id\":\"https:\/\/www.staffsante.fr\/contenu\/evenement\/%f0%9d%90%89%f0%9d%90%a8%f0%9d%90%9b-%f0%9d%90%83%f0%9d%90%9a%f0%9d%90%ad%f0%9d%90%a2%f0%9d%90%a7%f0%9d%90%a0-dedie-aux-metier-aide-soignante\/#breadcrumb\",\"itemListElement\":[{\"@type\":\"ListItem\",\"position\":1,\"name\":\"Home\",\"item\":\"https:\/\/www.staffsante.fr\/contenu\/\"},{\"@type\":\"ListItem\",\"position\":2,\"name\":\"\u00c9v\u00e8nements\",\"item\":\"https:\/\/www.staffsante.fr\/contenu\/events\/\"},{\"@type\":\"ListItem\",\"position\":3,\"name\":\"\ud835\udc09\ud835\udc28\ud835\udc1b \ud835\udc03\ud835\udc1a\ud835\udc2d\ud835\udc22\ud835\udc27\ud835\udc20 d\u00e9di\u00e9 aux m\u00e9tier Aide-Soignant(e)\"}]},{\"@type\":\"WebSite\",\"@id\":\"https:\/\/www.staffsante.fr\/contenu\/#website\",\"url\":\"https:\/\/www.staffsante.fr\/contenu\/\",\"name\":\"STAFFSANT\u00c9\",\"description\":\"L&#039;actualit\u00e9 carri\u00e8re des professionnels de sant\u00e9\",\"publisher\":{\"@id\":\"https:\/\/www.staffsante.fr\/contenu\/#organization\"},\"potentialAction\":[{\"@type\":\"SearchAction\",\"target\":{\"@type\":\"EntryPoint\",\"urlTemplate\":\"https:\/\/www.staffsante.fr\/contenu\/?s={search_term_string}\"},\"query-input\":\"required name=search_term_string\"}],\"inLanguage\":\"fr-FR\"},{\"@type\":\"Organization\",\"@id\":\"https:\/\/www.staffsante.fr\/contenu\/#organization\",\"name\":\"Staffsant\u00e9\",\"url\":\"https:\/\/www.staffsante.fr\/contenu\/\",\"logo\":{\"@type\":\"ImageObject\",\"inLanguage\":\"fr-FR\",\"@id\":\"https:\/\/www.staffsante.fr\/contenu\/#\/schema\/logo\/image\/\",\"url\":\"https:\/\/content.staffsante.fr\/wp-content\/uploads\/2017\/06\/Staffsante.jpg\",\"contentUrl\":\"https:\/\/content.staffsante.fr\/wp-content\/uploads\/2017\/06\/Staffsante.jpg\",\"width\":2225,\"height\":592,\"caption\":\"Staffsant\u00e9\"},\"image\":{\"@id\":\"https:\/\/www.staffsante.fr\/contenu\/#\/schema\/logo\/image\/\"}},{\"@type\":\"Person\",\"@id\":\"https:\/\/www.staffsante.fr\/contenu\/#\/schema\/person\/8cea5b012277ab5dd4995aec10f20b0c\",\"name\":\"admin_staff_content\",\"image\":{\"@type\":\"ImageObject\",\"inLanguage\":\"fr-FR\",\"@id\":\"https:\/\/www.staffsante.fr\/contenu\/#\/schema\/person\/image\/\",\"url\":\"http:\/\/2.gravatar.com\/avatar\/2b9ac03912eb39091678a45d1b4c36c0?s=96&d=mm&r=g\",\"contentUrl\":\"http:\/\/2.gravatar.com\/avatar\/2b9ac03912eb39091678a45d1b4c36c0?s=96&d=mm&r=g\",\"caption\":\"admin_staff_content\"}}]}<\/script>\n<!-- \/ Yoast SEO plugin. -->","yoast_head_json":{"title":"\ud835\udc09\ud835\udc28\ud835\udc1b \ud835\udc03\ud835\udc1a\ud835\udc2d\ud835\udc22\ud835\udc27\ud835\udc20 d\u00e9di\u00e9 aux m\u00e9tier Aide-Soignant(e) | STAFFSANT\u00c9","description":"C\ud835\udc2b\ud835\udc28\ud835\udc22\ud835\udc31-\ud835\udc11\ud835\udc28\ud835\udc2e\ud835\udc20\ud835\udc1e \ud835\udc02\ud835\udc28\ud835\udc26\ud835\udc29\ud835\udc1e\u0301\ud835\udc2d\ud835\udc1e\ud835\udc27\ud835\udc1c\ud835\udc1e \ud835\udc01\ud835\udc28\ud835\udc2e\ud835\udc2b\ud835\udc20\ud835\udc28\ud835\udc20\ud835\udc27\ud835\udc1e \ud835\udc05\ud835\udc2b\ud835\udc1a\ud835\udc27\ud835\udc1c\ud835\udc21\ud835\udc1e-\ud835\udc02\ud835\udc28\ud835\udc26\ud835\udc2d\ud835\udc1e\u0301 organise un \ud835\udc09\ud835\udc28\ud835\udc1b \ud835\udc03\ud835\udc1a\ud835\udc2d\ud835\udc22\ud835\udc27\ud835\udc20 d\u00e9di\u00e9 aux m\u00e9tier Aide-Soignant(e) dans le cadre de la \ud835\udc0f\ud835\udc2b\ud835\udc1e\u0301\ud835\udc29\ud835\udc1a\ud835\udc2b\ud835\udc1a\ud835\udc2d\ud835\udc22\ud835\udc28\ud835\udc27 \ud835\udc0e\ud835\udc29\ud835\udc1e\u0301\ud835\udc2b\ud835\udc1a\ud835\udc2d\ud835\udc22\ud835\udc28\ud835\udc27\ud835\udc27\ud835\udc1e\ud835\udc25\ud835\udc25\ud835\udc1e \ud835\udc1a\u0300 \ud835\udc25\u2019\ud835\udc04\ud835\udc26\ud835\udc29\ud835\udc25\ud835\udc28\ud835\udc22 \ud835\udc02\ud835\udc28\ud835\udc25\ud835\udc25\ud835\udc1e\ud835\udc1c\ud835\udc2d\ud835\udc22\ud835\udc2f\ud835\udc1e (\ud835\udc0f\ud835\udc0e\ud835\udc04\ud835\udc02) sur son site de \ud835\udc0b\ud835\udc28\ud835\udc27\ud835\udc2c \ud835\udc25\ud835\udc1e \ud835\udc12\ud835\udc1a\ud835\udc2e\ud835\udc27\ud835\udc22\ud835\udc1e\ud835\udc2b.","robots":{"index":"index","follow":"follow","max-snippet":"max-snippet:-1","max-image-preview":"max-image-preview:large","max-video-preview":"max-video-preview:-1"},"canonical":"https:\/\/www.staffsante.fr\/contenu\/evenement\/\ud835\udc09\ud835\udc28\ud835\udc1b-\ud835\udc03\ud835\udc1a\ud835\udc2d\ud835\udc22\ud835\udc27\ud835\udc20-dedie-aux-metier-aide-soignante\/","og_locale":"fr_FR","og_type":"article","og_title":"\ud835\udc09\ud835\udc28\ud835\udc1b \ud835\udc03\ud835\udc1a\ud835\udc2d\ud835\udc22\ud835\udc27\ud835\udc20 d\u00e9di\u00e9 aux m\u00e9tier Aide-Soignant(e) | STAFFSANT\u00c9","og_description":"C\ud835\udc2b\ud835\udc28\ud835\udc22\ud835\udc31-\ud835\udc11\ud835\udc28\ud835\udc2e\ud835\udc20\ud835\udc1e \ud835\udc02\ud835\udc28\ud835\udc26\ud835\udc29\ud835\udc1e\u0301\ud835\udc2d\ud835\udc1e\ud835\udc27\ud835\udc1c\ud835\udc1e \ud835\udc01\ud835\udc28\ud835\udc2e\ud835\udc2b\ud835\udc20\ud835\udc28\ud835\udc20\ud835\udc27\ud835\udc1e \ud835\udc05\ud835\udc2b\ud835\udc1a\ud835\udc27\ud835\udc1c\ud835\udc21\ud835\udc1e-\ud835\udc02\ud835\udc28\ud835\udc26\ud835\udc2d\ud835\udc1e\u0301 organise un \ud835\udc09\ud835\udc28\ud835\udc1b \ud835\udc03\ud835\udc1a\ud835\udc2d\ud835\udc22\ud835\udc27\ud835\udc20 d\u00e9di\u00e9 aux m\u00e9tier Aide-Soignant(e) dans le cadre de la \ud835\udc0f\ud835\udc2b\ud835\udc1e\u0301\ud835\udc29\ud835\udc1a\ud835\udc2b\ud835\udc1a\ud835\udc2d\ud835\udc22\ud835\udc28\ud835\udc27 \ud835\udc0e\ud835\udc29\ud835\udc1e\u0301\ud835\udc2b\ud835\udc1a\ud835\udc2d\ud835\udc22\ud835\udc28\ud835\udc27\ud835\udc27\ud835\udc1e\ud835\udc25\ud835\udc25\ud835\udc1e \ud835\udc1a\u0300 \ud835\udc25\u2019\ud835\udc04\ud835\udc26\ud835\udc29\ud835\udc25\ud835\udc28\ud835\udc22 \ud835\udc02\ud835\udc28\ud835\udc25\ud835\udc25\ud835\udc1e\ud835\udc1c\ud835\udc2d\ud835\udc22\ud835\udc2f\ud835\udc1e (\ud835\udc0f\ud835\udc0e\ud835\udc04\ud835\udc02) sur son site de \ud835\udc0b\ud835\udc28\ud835\udc27\ud835\udc2c \ud835\udc25\ud835\udc1e \ud835\udc12\ud835\udc1a\ud835\udc2e\ud835\udc27\ud835\udc22\ud835\udc1e\ud835\udc2b.","og_url":"https:\/\/www.staffsante.fr\/contenu\/evenement\/\ud835\udc09\ud835\udc28\ud835\udc1b-\ud835\udc03\ud835\udc1a\ud835\udc2d\ud835\udc22\ud835\udc27\ud835\udc20-dedie-aux-metier-aide-soignante\/","og_site_name":"STAFFSANT\u00c9","og_image":[{"width":1200,"height":600,"url":"https:\/\/content.staffsante.fr\/wp-content\/uploads\/2025\/01\/croix-rouge-competence-job-dating-aide-soignant.jpg","type":"image\/jpeg"}],"twitter_card":"summary_large_image","twitter_misc":{"Dur\u00e9e de lecture estim\u00e9e":"1 minute"},"schema":{"@context":"https:\/\/schema.org","@graph":[{"@type":"Article","@id":"https:\/\/www.staffsante.fr\/contenu\/evenement\/%f0%9d%90%89%f0%9d%90%a8%f0%9d%90%9b-%f0%9d%90%83%f0%9d%90%9a%f0%9d%90%ad%f0%9d%90%a2%f0%9d%90%a7%f0%9d%90%a0-dedie-aux-metier-aide-soignante\/#article","isPartOf":{"@id":"https:\/\/www.staffsante.fr\/contenu\/evenement\/%f0%9d%90%89%f0%9d%90%a8%f0%9d%90%9b-%f0%9d%90%83%f0%9d%90%9a%f0%9d%90%ad%f0%9d%90%a2%f0%9d%90%a7%f0%9d%90%a0-dedie-aux-metier-aide-soignante\/"},"author":{"name":"admin_staff_content","@id":"https:\/\/www.staffsante.fr\/contenu\/#\/schema\/person\/8cea5b012277ab5dd4995aec10f20b0c"},"headline":"\ud835\udc09\ud835\udc28\ud835\udc1b \ud835\udc03\ud835\udc1a\ud835\udc2d\ud835\udc22\ud835\udc27\ud835\udc20 d\u00e9di\u00e9 aux m\u00e9tier Aide-Soignant(e)","datePublished":"2025-01-10T07:49:18+00:00","dateModified":"2025-01-10T07:49:18+00:00","mainEntityOfPage":{"@id":"https:\/\/www.staffsante.fr\/contenu\/evenement\/%f0%9d%90%89%f0%9d%90%a8%f0%9d%90%9b-%f0%9d%90%83%f0%9d%90%9a%f0%9d%90%ad%f0%9d%90%a2%f0%9d%90%a7%f0%9d%90%a0-dedie-aux-metier-aide-soignante\/"},"wordCount":80,"publisher":{"@id":"https:\/\/www.staffsante.fr\/contenu\/#organization"},"inLanguage":"fr-FR"},{"@type":"WebPage","@id":"https:\/\/www.staffsante.fr\/contenu\/evenement\/%f0%9d%90%89%f0%9d%90%a8%f0%9d%90%9b-%f0%9d%90%83%f0%9d%90%9a%f0%9d%90%ad%f0%9d%90%a2%f0%9d%90%a7%f0%9d%90%a0-dedie-aux-metier-aide-soignante\/","url":"https:\/\/www.staffsante.fr\/contenu\/evenement\/%f0%9d%90%89%f0%9d%90%a8%f0%9d%90%9b-%f0%9d%90%83%f0%9d%90%9a%f0%9d%90%ad%f0%9d%90%a2%f0%9d%90%a7%f0%9d%90%a0-dedie-aux-metier-aide-soignante\/","name":"\ud835\udc09\ud835\udc28\ud835\udc1b \ud835\udc03\ud835\udc1a\ud835\udc2d\ud835\udc22\ud835\udc27\ud835\udc20 d\u00e9di\u00e9 aux m\u00e9tier Aide-Soignant(e) | STAFFSANT\u00c9","isPartOf":{"@id":"https:\/\/www.staffsante.fr\/contenu\/#website"},"datePublished":"2025-01-10T07:49:18+00:00","dateModified":"2025-01-10T07:49:18+00:00","description":"C\ud835\udc2b\ud835\udc28\ud835\udc22\ud835\udc31-\ud835\udc11\ud835\udc28\ud835\udc2e\ud835\udc20\ud835\udc1e \ud835\udc02\ud835\udc28\ud835\udc26\ud835\udc29\ud835\udc1e\u0301\ud835\udc2d\ud835\udc1e\ud835\udc27\ud835\udc1c\ud835\udc1e \ud835\udc01\ud835\udc28\ud835\udc2e\ud835\udc2b\ud835\udc20\ud835\udc28\ud835\udc20\ud835\udc27\ud835\udc1e \ud835\udc05\ud835\udc2b\ud835\udc1a\ud835\udc27\ud835\udc1c\ud835\udc21\ud835\udc1e-\ud835\udc02\ud835\udc28\ud835\udc26\ud835\udc2d\ud835\udc1e\u0301 organise un \ud835\udc09\ud835\udc28\ud835\udc1b \ud835\udc03\ud835\udc1a\ud835\udc2d\ud835\udc22\ud835\udc27\ud835\udc20 d\u00e9di\u00e9 aux m\u00e9tier Aide-Soignant(e) dans le cadre de la \ud835\udc0f\ud835\udc2b\ud835\udc1e\u0301\ud835\udc29\ud835\udc1a\ud835\udc2b\ud835\udc1a\ud835\udc2d\ud835\udc22\ud835\udc28\ud835\udc27 \ud835\udc0e\ud835\udc29\ud835\udc1e\u0301\ud835\udc2b\ud835\udc1a\ud835\udc2d\ud835\udc22\ud835\udc28\ud835\udc27\ud835\udc27\ud835\udc1e\ud835\udc25\ud835\udc25\ud835\udc1e \ud835\udc1a\u0300 \ud835\udc25\u2019\ud835\udc04\ud835\udc26\ud835\udc29\ud835\udc25\ud835\udc28\ud835\udc22 \ud835\udc02\ud835\udc28\ud835\udc25\ud835\udc25\ud835\udc1e\ud835\udc1c\ud835\udc2d\ud835\udc22\ud835\udc2f\ud835\udc1e (\ud835\udc0f\ud835\udc0e\ud835\udc04\ud835\udc02) sur son site de \ud835\udc0b\ud835\udc28\ud835\udc27\ud835\udc2c \ud835\udc25\ud835\udc1e \ud835\udc12\ud835\udc1a\ud835\udc2e\ud835\udc27\ud835\udc22\ud835\udc1e\ud835\udc2b.","breadcrumb":{"@id":"https:\/\/www.staffsante.fr\/contenu\/evenement\/%f0%9d%90%89%f0%9d%90%a8%f0%9d%90%9b-%f0%9d%90%83%f0%9d%90%9a%f0%9d%90%ad%f0%9d%90%a2%f0%9d%90%a7%f0%9d%90%a0-dedie-aux-metier-aide-soignante\/#breadcrumb"},"inLanguage":"fr-FR","potentialAction":[{"@type":"ReadAction","target":["https:\/\/www.staffsante.fr\/contenu\/evenement\/%f0%9d%90%89%f0%9d%90%a8%f0%9d%90%9b-%f0%9d%90%83%f0%9d%90%9a%f0%9d%90%ad%f0%9d%90%a2%f0%9d%90%a7%f0%9d%90%a0-dedie-aux-metier-aide-soignante\/"]}]},{"@type":"BreadcrumbList","@id":"https:\/\/www.staffsante.fr\/contenu\/evenement\/%f0%9d%90%89%f0%9d%90%a8%f0%9d%90%9b-%f0%9d%90%83%f0%9d%90%9a%f0%9d%90%ad%f0%9d%90%a2%f0%9d%90%a7%f0%9d%90%a0-dedie-aux-metier-aide-soignante\/#breadcrumb","itemListElement":[{"@type":"ListItem","position":1,"name":"Home","item":"https:\/\/www.staffsante.fr\/contenu\/"},{"@type":"ListItem","position":2,"name":"\u00c9v\u00e8nements","item":"https:\/\/www.staffsante.fr\/contenu\/events\/"},{"@type":"ListItem","position":3,"name":"\ud835\udc09\ud835\udc28\ud835\udc1b \ud835\udc03\ud835\udc1a\ud835\udc2d\ud835\udc22\ud835\udc27\ud835\udc20 d\u00e9di\u00e9 aux m\u00e9tier Aide-Soignant(e)"}]},{"@type":"WebSite","@id":"https:\/\/www.staffsante.fr\/contenu\/#website","url":"https:\/\/www.staffsante.fr\/contenu\/","name":"STAFFSANT\u00c9","description":"L&#039;actualit\u00e9 carri\u00e8re des professionnels de sant\u00e9","publisher":{"@id":"https:\/\/www.staffsante.fr\/contenu\/#organization"},"potentialAction":[{"@type":"SearchAction","target":{"@type":"EntryPoint","urlTemplate":"https:\/\/www.staffsante.fr\/contenu\/?s={search_term_string}"},"query-input":"required name=search_term_string"}],"inLanguage":"fr-FR"},{"@type":"Organization","@id":"https:\/\/www.staffsante.fr\/contenu\/#organization","name":"Staffsant\u00e9","url":"https:\/\/www.staffsante.fr\/contenu\/","logo":{"@type":"ImageObject","inLanguage":"fr-FR","@id":"https:\/\/www.staffsante.fr\/contenu\/#\/schema\/logo\/image\/","url":"https:\/\/content.staffsante.fr\/wp-content\/uploads\/2017\/06\/Staffsante.jpg","contentUrl":"https:\/\/content.staffsante.fr\/wp-content\/uploads\/2017\/06\/Staffsante.jpg","width":2225,"height":592,"caption":"Staffsant\u00e9"},"image":{"@id":"https:\/\/www.staffsante.fr\/contenu\/#\/schema\/logo\/image\/"}},{"@type":"Person","@id":"https:\/\/www.staffsante.fr\/contenu\/#\/schema\/person\/8cea5b012277ab5dd4995aec10f20b0c","name":"admin_staff_content","image":{"@type":"ImageObject","inLanguage":"fr-FR","@id":"https:\/\/www.staffsante.fr\/contenu\/#\/schema\/person\/image\/","url":"http:\/\/2.gravatar.com\/avatar\/2b9ac03912eb39091678a45d1b4c36c0?s=96&d=mm&r=g","contentUrl":"http:\/\/2.gravatar.com\/avatar\/2b9ac03912eb39091678a45d1b4c36c0?s=96&d=mm&r=g","caption":"admin_staff_content"}}]}},"_links":{"self":[{"href":"https:\/\/www.staffsante.fr\/contenu\/wp-json\/wp\/v2\/tribe_events\/11288"}],"collection":[{"href":"https:\/\/www.staffsante.fr\/contenu\/wp-json\/wp\/v2\/tribe_events"}],"about":[{"href":"https:\/\/www.staffsante.fr\/contenu\/wp-json\/wp\/v2\/types\/tribe_events"}],"author":[{"embeddable":true,"href":"https:\/\/www.staffsante.fr\/contenu\/wp-json\/wp\/v2\/users\/1"}],"replies":[{"embeddable":true,"href":"https:\/\/www.staffsante.fr\/contenu\/wp-json\/wp\/v2\/comments?post=11288"}],"version-history":[{"count":2,"href":"https:\/\/www.staffsante.fr\/contenu\/wp-json\/wp\/v2\/tribe_events\/11288\/revisions"}],"predecessor-version":[{"id":11338,"href":"https:\/\/www.staffsante.fr\/contenu\/wp-json\/wp\/v2\/tribe_events\/11288\/revisions\/11338"}],"wp:featuredmedia":[{"embeddable":true,"href":"https:\/\/www.staffsante.fr\/contenu\/wp-json\/wp\/v2\/media\/11336"}],"wp:attachment":[{"href":"https:\/\/www.staffsante.fr\/contenu\/wp-json\/wp\/v2\/media?parent=11288"}],"wp:term":[{"taxonomy":"post_tag","embeddable":true,"href":"https:\/\/www.staffsante.fr\/contenu\/wp-json\/wp\/v2\/tags?post=11288"},{"taxonomy":"tribe_events_cat","embeddable":true,"href":"https:\/\/www.staffsante.fr\/contenu\/wp-json\/wp\/v2\/tribe_events_cat?post=11288"}],"curies":[{"name":"wp","href":"https:\/\/api.w.org\/{rel}","templated":true}]}}