

{"id":11936,"date":"2025-06-25T11:01:46","date_gmt":"2025-06-25T09:01:46","guid":{"rendered":"https:\/\/www.staffsante.fr\/contenu\/?post_type=tribe_events&#038;p=11936"},"modified":"2025-06-25T11:01:46","modified_gmt":"2025-06-25T09:01:46","slug":"journee-portes-ouvertes-ifsi-ifas-romilly-sur-seine","status":"publish","type":"tribe_events","link":"https:\/\/www.staffsante.fr\/contenu\/evenement\/journee-portes-ouvertes-ifsi-ifas-romilly-sur-seine\/","title":{"rendered":"Journ\u00e9e Portes Ouvertes IFSI-IFAS Romilly-sur-Seine"},"content":{"rendered":"<p>\ud83c\udf89 \ud835\uddd8\ud835\ude05\ud835\uddfd\ud835\uddf9\ud835\uddfc\ud835\uddff\ud835\uddf2\ud835\ude07 \ud835\uddf9\ud835\uddf2\ud835\ude00 \ud835\uddfa\ud835\uddf2\u0301\ud835\ude01\ud835\uddf6\ud835\uddf2\ud835\uddff\ud835\ude00 \ud835\uddf1\ud835\ude02 \ud835\ude00\ud835\uddfc\ud835\uddf6\ud835\uddfb, \ud835\uddff\ud835\uddf2\ud835\uddfb\ud835\uddf1\ud835\uddf2\ud835\ude07-\ud835\ude03\ud835\uddfc\ud835\ude02\ud835\ude00 \ud835\uddee\u0300 \ud835\uddf9\ud835\uddee \ud835\udddd\ud835\udde3\ud835\udde2 \ud835\uddf1\ud835\uddf2 \ud835\uddf9&#8217;\ud835\udddc\ud835\uddd9\ud835\udde6\ud835\udddc-\ud835\udddc\ud835\uddd9\ud835\uddd4\ud835\udde6 \ud835\uddf1\ud835\uddf2 \ud835\udde5\ud835\uddfc\ud835\uddfa\ud835\uddf6\ud835\uddf9\ud835\uddf9\ud835\ude06, \ud835\uddf9\ud835\uddf2 \ud835\udfee\ud835\udff3 \ud835\uddf7\ud835\ude02\ud835\uddf6\ud835\uddfb ! \ud83d\udc89<br \/>\n\ud83d\udcda Vous souhaitez d\u00e9couvrir les m\u00e9tiers du soin, vous orienter vers une formation en sant\u00e9 ou simplement en savoir plus sur notre institut ? \ud83c\udfe5<br \/>\n\ud83d\udc49 Venez participer \u00e0 notre Journ\u00e9e Portes Ouvertes et plongez dans l\u2019univers passionnant des formations IFSI (Infirmier) et IFAS (Aide-soignant) ! \ud83e\uddd1\u200d\u2695\ufe0f<\/p>\n<p>\ud83d\udca1 Au programme :<br \/>\n\u2714\ufe0f Ateliers en salle de travaux pratiques<br \/>\n\u2714\ufe0f D\u00e9monstrations de soins infirmiers<br \/>\n\u2714\ufe0f Pr\u00e9sentation des formations IFSI &amp; IFAS<br \/>\n\u2714\ufe0f Espace d\u2019information &amp; d\u2019inscription<\/p>\n<p>\ud83e\udd1d Rencontrez nos \u00e9quipes p\u00e9dagogiques, nos \u00e9tudiants, \u00e9l\u00e8ves et de nombreux partenaires tout au long de cette journ\u00e9e ouverte \u00e0 toutes et tous, pour d\u00e9couvrir les r\u00e9alit\u00e9s du secteur de la sant\u00e9, en comprendre les enjeux, et peut-\u00eatre y trouver votre vocation !\u2728<\/p>\n<p>\ud83d\udcc5 Vendredi 27 juin 2025 | \ud83d\udd59 De 12h30 \u00e0 16h30<br \/>\n\ud83d\udccd 17 avenue du 8 mai 1945 \u2013 Antenne IFSI de Romilly-sur-Seine<br \/>\n\ud83d\udccc Entr\u00e9e libre \u2013 Venez nombreux !<\/p>\n","protected":false},"excerpt":{"rendered":"<p>Venez participer \u00e0 notre Journ\u00e9e Portes Ouvertes le 27 juin et plongez dans l\u2019univers passionnant des formations IFSI et IFAS \u00e0 Romilly-sur-Seine.<\/p>\n","protected":false},"author":1,"featured_media":11937,"comment_status":"closed","ping_status":"closed","template":"","meta":{"_tribe_events_status":"","_tribe_events_status_reason":""},"tags":[],"tribe_events_cat":[],"acf":[],"yoast_head":"<!-- This site is optimized with the Yoast SEO plugin v19.14 - https:\/\/yoast.com\/wordpress\/plugins\/seo\/ -->\n<title>Journ\u00e9e Portes Ouvertes IFSI-IFAS Romilly-sur-Seine | STAFFSANT\u00c9<\/title>\n<meta name=\"description\" content=\"Venez participer \u00e0 notre Journ\u00e9e Portes Ouvertes le 27 juin et plongez dans l\u2019univers passionnant des formations IFSI et IFAS \u00e0 Romilly-sur-Seine.\" \/>\n<meta name=\"robots\" content=\"index, follow, max-snippet:-1, max-image-preview:large, max-video-preview:-1\" \/>\n<link rel=\"canonical\" href=\"https:\/\/www.staffsante.fr\/contenu\/evenement\/journee-portes-ouvertes-ifsi-ifas-romilly-sur-seine\/\" \/>\n<meta property=\"og:locale\" content=\"fr_FR\" \/>\n<meta property=\"og:type\" content=\"article\" \/>\n<meta property=\"og:title\" content=\"Journ\u00e9e Portes Ouvertes IFSI-IFAS Romilly-sur-Seine | STAFFSANT\u00c9\" \/>\n<meta property=\"og:description\" content=\"Venez participer \u00e0 notre Journ\u00e9e Portes Ouvertes le 27 juin et plongez dans l\u2019univers passionnant des formations IFSI et IFAS \u00e0 Romilly-sur-Seine.\" \/>\n<meta property=\"og:url\" content=\"https:\/\/www.staffsante.fr\/contenu\/evenement\/journee-portes-ouvertes-ifsi-ifas-romilly-sur-seine\/\" \/>\n<meta property=\"og:site_name\" content=\"STAFFSANT\u00c9\" \/>\n<meta property=\"og:image\" content=\"https:\/\/content.staffsante.fr\/wp-content\/uploads\/2025\/06\/portes-ouvertes-ifsi-romilly-.png\" \/>\n\t<meta property=\"og:image:width\" content=\"1200\" \/>\n\t<meta property=\"og:image:height\" content=\"600\" \/>\n\t<meta property=\"og:image:type\" content=\"image\/png\" \/>\n<meta name=\"twitter:card\" content=\"summary_large_image\" \/>\n<meta name=\"twitter:label1\" content=\"Dur\u00e9e de lecture estim\u00e9e\" \/>\n\t<meta name=\"twitter:data1\" content=\"1 minute\" \/>\n<script type=\"application\/ld+json\" class=\"yoast-schema-graph\">{\"@context\":\"https:\/\/schema.org\",\"@graph\":[{\"@type\":\"Article\",\"@id\":\"https:\/\/www.staffsante.fr\/contenu\/evenement\/journee-portes-ouvertes-ifsi-ifas-romilly-sur-seine\/#article\",\"isPartOf\":{\"@id\":\"https:\/\/www.staffsante.fr\/contenu\/evenement\/journee-portes-ouvertes-ifsi-ifas-romilly-sur-seine\/\"},\"author\":{\"name\":\"admin_staff_content\",\"@id\":\"https:\/\/www.staffsante.fr\/contenu\/#\/schema\/person\/8cea5b012277ab5dd4995aec10f20b0c\"},\"headline\":\"Journ\u00e9e Portes Ouvertes IFSI-IFAS Romilly-sur-Seine\",\"datePublished\":\"2025-06-25T09:01:46+00:00\",\"dateModified\":\"2025-06-25T09:01:46+00:00\",\"mainEntityOfPage\":{\"@id\":\"https:\/\/www.staffsante.fr\/contenu\/evenement\/journee-portes-ouvertes-ifsi-ifas-romilly-sur-seine\/\"},\"wordCount\":143,\"publisher\":{\"@id\":\"https:\/\/www.staffsante.fr\/contenu\/#organization\"},\"inLanguage\":\"fr-FR\"},{\"@type\":\"WebPage\",\"@id\":\"https:\/\/www.staffsante.fr\/contenu\/evenement\/journee-portes-ouvertes-ifsi-ifas-romilly-sur-seine\/\",\"url\":\"https:\/\/www.staffsante.fr\/contenu\/evenement\/journee-portes-ouvertes-ifsi-ifas-romilly-sur-seine\/\",\"name\":\"Journ\u00e9e Portes Ouvertes IFSI-IFAS Romilly-sur-Seine | STAFFSANT\u00c9\",\"isPartOf\":{\"@id\":\"https:\/\/www.staffsante.fr\/contenu\/#website\"},\"datePublished\":\"2025-06-25T09:01:46+00:00\",\"dateModified\":\"2025-06-25T09:01:46+00:00\",\"description\":\"Venez participer \u00e0 notre Journ\u00e9e Portes Ouvertes le 27 juin et plongez dans l\u2019univers passionnant des formations IFSI et IFAS \u00e0 Romilly-sur-Seine.\",\"breadcrumb\":{\"@id\":\"https:\/\/www.staffsante.fr\/contenu\/evenement\/journee-portes-ouvertes-ifsi-ifas-romilly-sur-seine\/#breadcrumb\"},\"inLanguage\":\"fr-FR\",\"potentialAction\":[{\"@type\":\"ReadAction\",\"target\":[\"https:\/\/www.staffsante.fr\/contenu\/evenement\/journee-portes-ouvertes-ifsi-ifas-romilly-sur-seine\/\"]}]},{\"@type\":\"BreadcrumbList\",\"@id\":\"https:\/\/www.staffsante.fr\/contenu\/evenement\/journee-portes-ouvertes-ifsi-ifas-romilly-sur-seine\/#breadcrumb\",\"itemListElement\":[{\"@type\":\"ListItem\",\"position\":1,\"name\":\"Home\",\"item\":\"https:\/\/www.staffsante.fr\/contenu\/\"},{\"@type\":\"ListItem\",\"position\":2,\"name\":\"\u00c9v\u00e8nements\",\"item\":\"https:\/\/www.staffsante.fr\/contenu\/events\/\"},{\"@type\":\"ListItem\",\"position\":3,\"name\":\"Journ\u00e9e Portes Ouvertes IFSI-IFAS Romilly-sur-Seine\"}]},{\"@type\":\"WebSite\",\"@id\":\"https:\/\/www.staffsante.fr\/contenu\/#website\",\"url\":\"https:\/\/www.staffsante.fr\/contenu\/\",\"name\":\"STAFFSANT\u00c9\",\"description\":\"L&#039;actualit\u00e9 carri\u00e8re des professionnels de sant\u00e9\",\"publisher\":{\"@id\":\"https:\/\/www.staffsante.fr\/contenu\/#organization\"},\"potentialAction\":[{\"@type\":\"SearchAction\",\"target\":{\"@type\":\"EntryPoint\",\"urlTemplate\":\"https:\/\/www.staffsante.fr\/contenu\/?s={search_term_string}\"},\"query-input\":\"required name=search_term_string\"}],\"inLanguage\":\"fr-FR\"},{\"@type\":\"Organization\",\"@id\":\"https:\/\/www.staffsante.fr\/contenu\/#organization\",\"name\":\"Staffsant\u00e9\",\"url\":\"https:\/\/www.staffsante.fr\/contenu\/\",\"logo\":{\"@type\":\"ImageObject\",\"inLanguage\":\"fr-FR\",\"@id\":\"https:\/\/www.staffsante.fr\/contenu\/#\/schema\/logo\/image\/\",\"url\":\"https:\/\/content.staffsante.fr\/wp-content\/uploads\/2017\/06\/Staffsante.jpg\",\"contentUrl\":\"https:\/\/content.staffsante.fr\/wp-content\/uploads\/2017\/06\/Staffsante.jpg\",\"width\":2225,\"height\":592,\"caption\":\"Staffsant\u00e9\"},\"image\":{\"@id\":\"https:\/\/www.staffsante.fr\/contenu\/#\/schema\/logo\/image\/\"}},{\"@type\":\"Person\",\"@id\":\"https:\/\/www.staffsante.fr\/contenu\/#\/schema\/person\/8cea5b012277ab5dd4995aec10f20b0c\",\"name\":\"admin_staff_content\",\"image\":{\"@type\":\"ImageObject\",\"inLanguage\":\"fr-FR\",\"@id\":\"https:\/\/www.staffsante.fr\/contenu\/#\/schema\/person\/image\/\",\"url\":\"http:\/\/2.gravatar.com\/avatar\/2b9ac03912eb39091678a45d1b4c36c0?s=96&d=mm&r=g\",\"contentUrl\":\"http:\/\/2.gravatar.com\/avatar\/2b9ac03912eb39091678a45d1b4c36c0?s=96&d=mm&r=g\",\"caption\":\"admin_staff_content\"}}]}<\/script>\n<!-- \/ Yoast SEO plugin. -->","yoast_head_json":{"title":"Journ\u00e9e Portes Ouvertes IFSI-IFAS Romilly-sur-Seine | STAFFSANT\u00c9","description":"Venez participer \u00e0 notre Journ\u00e9e Portes Ouvertes le 27 juin et plongez dans l\u2019univers passionnant des formations IFSI et IFAS \u00e0 Romilly-sur-Seine.","robots":{"index":"index","follow":"follow","max-snippet":"max-snippet:-1","max-image-preview":"max-image-preview:large","max-video-preview":"max-video-preview:-1"},"canonical":"https:\/\/www.staffsante.fr\/contenu\/evenement\/journee-portes-ouvertes-ifsi-ifas-romilly-sur-seine\/","og_locale":"fr_FR","og_type":"article","og_title":"Journ\u00e9e Portes Ouvertes IFSI-IFAS Romilly-sur-Seine | STAFFSANT\u00c9","og_description":"Venez participer \u00e0 notre Journ\u00e9e Portes Ouvertes le 27 juin et plongez dans l\u2019univers passionnant des formations IFSI et IFAS \u00e0 Romilly-sur-Seine.","og_url":"https:\/\/www.staffsante.fr\/contenu\/evenement\/journee-portes-ouvertes-ifsi-ifas-romilly-sur-seine\/","og_site_name":"STAFFSANT\u00c9","og_image":[{"width":1200,"height":600,"url":"https:\/\/content.staffsante.fr\/wp-content\/uploads\/2025\/06\/portes-ouvertes-ifsi-romilly-.png","type":"image\/png"}],"twitter_card":"summary_large_image","twitter_misc":{"Dur\u00e9e de lecture estim\u00e9e":"1 minute"},"schema":{"@context":"https:\/\/schema.org","@graph":[{"@type":"Article","@id":"https:\/\/www.staffsante.fr\/contenu\/evenement\/journee-portes-ouvertes-ifsi-ifas-romilly-sur-seine\/#article","isPartOf":{"@id":"https:\/\/www.staffsante.fr\/contenu\/evenement\/journee-portes-ouvertes-ifsi-ifas-romilly-sur-seine\/"},"author":{"name":"admin_staff_content","@id":"https:\/\/www.staffsante.fr\/contenu\/#\/schema\/person\/8cea5b012277ab5dd4995aec10f20b0c"},"headline":"Journ\u00e9e Portes Ouvertes IFSI-IFAS Romilly-sur-Seine","datePublished":"2025-06-25T09:01:46+00:00","dateModified":"2025-06-25T09:01:46+00:00","mainEntityOfPage":{"@id":"https:\/\/www.staffsante.fr\/contenu\/evenement\/journee-portes-ouvertes-ifsi-ifas-romilly-sur-seine\/"},"wordCount":143,"publisher":{"@id":"https:\/\/www.staffsante.fr\/contenu\/#organization"},"inLanguage":"fr-FR"},{"@type":"WebPage","@id":"https:\/\/www.staffsante.fr\/contenu\/evenement\/journee-portes-ouvertes-ifsi-ifas-romilly-sur-seine\/","url":"https:\/\/www.staffsante.fr\/contenu\/evenement\/journee-portes-ouvertes-ifsi-ifas-romilly-sur-seine\/","name":"Journ\u00e9e Portes Ouvertes IFSI-IFAS Romilly-sur-Seine | STAFFSANT\u00c9","isPartOf":{"@id":"https:\/\/www.staffsante.fr\/contenu\/#website"},"datePublished":"2025-06-25T09:01:46+00:00","dateModified":"2025-06-25T09:01:46+00:00","description":"Venez participer \u00e0 notre Journ\u00e9e Portes Ouvertes le 27 juin et plongez dans l\u2019univers passionnant des formations IFSI et IFAS \u00e0 Romilly-sur-Seine.","breadcrumb":{"@id":"https:\/\/www.staffsante.fr\/contenu\/evenement\/journee-portes-ouvertes-ifsi-ifas-romilly-sur-seine\/#breadcrumb"},"inLanguage":"fr-FR","potentialAction":[{"@type":"ReadAction","target":["https:\/\/www.staffsante.fr\/contenu\/evenement\/journee-portes-ouvertes-ifsi-ifas-romilly-sur-seine\/"]}]},{"@type":"BreadcrumbList","@id":"https:\/\/www.staffsante.fr\/contenu\/evenement\/journee-portes-ouvertes-ifsi-ifas-romilly-sur-seine\/#breadcrumb","itemListElement":[{"@type":"ListItem","position":1,"name":"Home","item":"https:\/\/www.staffsante.fr\/contenu\/"},{"@type":"ListItem","position":2,"name":"\u00c9v\u00e8nements","item":"https:\/\/www.staffsante.fr\/contenu\/events\/"},{"@type":"ListItem","position":3,"name":"Journ\u00e9e Portes Ouvertes IFSI-IFAS Romilly-sur-Seine"}]},{"@type":"WebSite","@id":"https:\/\/www.staffsante.fr\/contenu\/#website","url":"https:\/\/www.staffsante.fr\/contenu\/","name":"STAFFSANT\u00c9","description":"L&#039;actualit\u00e9 carri\u00e8re des professionnels de sant\u00e9","publisher":{"@id":"https:\/\/www.staffsante.fr\/contenu\/#organization"},"potentialAction":[{"@type":"SearchAction","target":{"@type":"EntryPoint","urlTemplate":"https:\/\/www.staffsante.fr\/contenu\/?s={search_term_string}"},"query-input":"required name=search_term_string"}],"inLanguage":"fr-FR"},{"@type":"Organization","@id":"https:\/\/www.staffsante.fr\/contenu\/#organization","name":"Staffsant\u00e9","url":"https:\/\/www.staffsante.fr\/contenu\/","logo":{"@type":"ImageObject","inLanguage":"fr-FR","@id":"https:\/\/www.staffsante.fr\/contenu\/#\/schema\/logo\/image\/","url":"https:\/\/content.staffsante.fr\/wp-content\/uploads\/2017\/06\/Staffsante.jpg","contentUrl":"https:\/\/content.staffsante.fr\/wp-content\/uploads\/2017\/06\/Staffsante.jpg","width":2225,"height":592,"caption":"Staffsant\u00e9"},"image":{"@id":"https:\/\/www.staffsante.fr\/contenu\/#\/schema\/logo\/image\/"}},{"@type":"Person","@id":"https:\/\/www.staffsante.fr\/contenu\/#\/schema\/person\/8cea5b012277ab5dd4995aec10f20b0c","name":"admin_staff_content","image":{"@type":"ImageObject","inLanguage":"fr-FR","@id":"https:\/\/www.staffsante.fr\/contenu\/#\/schema\/person\/image\/","url":"http:\/\/2.gravatar.com\/avatar\/2b9ac03912eb39091678a45d1b4c36c0?s=96&d=mm&r=g","contentUrl":"http:\/\/2.gravatar.com\/avatar\/2b9ac03912eb39091678a45d1b4c36c0?s=96&d=mm&r=g","caption":"admin_staff_content"}}]}},"_links":{"self":[{"href":"https:\/\/www.staffsante.fr\/contenu\/wp-json\/wp\/v2\/tribe_events\/11936"}],"collection":[{"href":"https:\/\/www.staffsante.fr\/contenu\/wp-json\/wp\/v2\/tribe_events"}],"about":[{"href":"https:\/\/www.staffsante.fr\/contenu\/wp-json\/wp\/v2\/types\/tribe_events"}],"author":[{"embeddable":true,"href":"https:\/\/www.staffsante.fr\/contenu\/wp-json\/wp\/v2\/users\/1"}],"replies":[{"embeddable":true,"href":"https:\/\/www.staffsante.fr\/contenu\/wp-json\/wp\/v2\/comments?post=11936"}],"version-history":[{"count":1,"href":"https:\/\/www.staffsante.fr\/contenu\/wp-json\/wp\/v2\/tribe_events\/11936\/revisions"}],"predecessor-version":[{"id":11938,"href":"https:\/\/www.staffsante.fr\/contenu\/wp-json\/wp\/v2\/tribe_events\/11936\/revisions\/11938"}],"wp:featuredmedia":[{"embeddable":true,"href":"https:\/\/www.staffsante.fr\/contenu\/wp-json\/wp\/v2\/media\/11937"}],"wp:attachment":[{"href":"https:\/\/www.staffsante.fr\/contenu\/wp-json\/wp\/v2\/media?parent=11936"}],"wp:term":[{"taxonomy":"post_tag","embeddable":true,"href":"https:\/\/www.staffsante.fr\/contenu\/wp-json\/wp\/v2\/tags?post=11936"},{"taxonomy":"tribe_events_cat","embeddable":true,"href":"https:\/\/www.staffsante.fr\/contenu\/wp-json\/wp\/v2\/tribe_events_cat?post=11936"}],"curies":[{"name":"wp","href":"https:\/\/api.w.org\/{rel}","templated":true}]}}