

{"id":11941,"date":"2025-06-25T11:20:59","date_gmt":"2025-06-25T09:20:59","guid":{"rendered":"https:\/\/www.staffsante.fr\/contenu\/?post_type=tribe_events&#038;p=11941"},"modified":"2025-06-25T11:20:59","modified_gmt":"2025-06-25T09:20:59","slug":"soiree-portes-ouvertes-ifsi-paris-saint-joseph","status":"publish","type":"tribe_events","link":"https:\/\/www.staffsante.fr\/contenu\/evenement\/soiree-portes-ouvertes-ifsi-paris-saint-joseph\/","title":{"rendered":"Soir\u00e9e Portes Ouvertes IFSI Paris Saint-Joseph"},"content":{"rendered":"<p><a class=\"IfLmRNJWDKWJahDEmDaCEOnDSeXHtBgyBFDsa \" tabindex=\"0\" href=\"https:\/\/www.linkedin.com\/search\/results\/all\/?keywords=%23formations&amp;origin=HASH_TAG_FROM_FEED\" data-test-app-aware-link=\"\"><span aria-hidden=\"true\">#<\/span>Formations<\/a> \ud83c\udf93 | Une soir\u00e9e pour d\u00e9couvrir votre future vocation !<\/p>\n<p>Vous souhaitez devenir infirmier\u00b7\u00e8re, aide-soignant\u00b7e ou auxiliaire de pu\u00e9riculture ? Vous \u00eates au stade de l\u2019id\u00e9e, en pleine r\u00e9flexion ou d\u00e9j\u00e0 admis\u00b7e sur Parcoursup ? Cette soir\u00e9e est faite pour vous !<\/p>\n<p>\ud83d\udcc5 Jeudi 3 juillet 2025 \u2013 de 17h \u00e0 20h<br \/>\n\ud83d\udccd Institut de Formation Paris Saint-Joseph \u2013 96 rue Didot, 75014 Paris<\/p>\n<p>Nos \u00e9quipes p\u00e9dagogiques et nos apprenants vous accueillent pour une soir\u00e9e portes ouvertes au sein de notre institut. Au programme :<br \/>\n\ud83d\udc49\ud83c\udffb Visites guid\u00e9es par les \u00e9l\u00e8ves<br \/>\n\ud83d\udc49\ud83c\udffb \u00c9changes avec les formateurs, les \u00e9tudiants, les candidats et leurs familles<br \/>\n\ud83d\udc49\ud83c\udffb Informations administratives et conf\u00e9rences sur les modalit\u00e9s d\u2019admission, la formation, les d\u00e9bouch\u00e9s et l\u2019employabilit\u00e9 dans les m\u00e9tiers du soin.<\/p>\n<p>Rendez-vous \u00e0 18h pour une conf\u00e9rence et des t\u00e9moignages inspirants !<\/p>\n<p>\ud83d\udce2 Plus d\u2019infos ici : <a href=\"https:\/\/www.fhsj.fr\/articles_ifsi\/journee-portes-ouverte-ifsi\/\">https:\/\/www.fhsj.fr\/articles_ifsi\/journee-portes-ouverte-ifsi\/<\/a><\/p>\n<p>Ensemble, grandissons et formons les professionnels de sant\u00e9 de demain.<\/p>\n","protected":false},"excerpt":{"rendered":"<p>Vous souhaitez devenir infirmier\u00b7\u00e8re, aide-soignant\u00b7e ou auxiliaire de pu\u00e9riculture ? Rendez-vous le 3 juillet \u00e0 l&#8217;IFSI Paris Saint-Joseph. <\/p>\n","protected":false},"author":1,"featured_media":11942,"comment_status":"closed","ping_status":"closed","template":"","meta":{"_tribe_events_status":"","_tribe_events_status_reason":""},"tags":[],"tribe_events_cat":[],"acf":[],"yoast_head":"<!-- This site is optimized with the Yoast SEO plugin v19.14 - https:\/\/yoast.com\/wordpress\/plugins\/seo\/ -->\n<title>Soir\u00e9e Portes Ouvertes IFSI Paris Saint-Joseph | STAFFSANT\u00c9<\/title>\n<meta name=\"description\" content=\"Vous souhaitez devenir infirmier\u00b7\u00e8re, aide-soignant\u00b7e ou auxiliaire de pu\u00e9riculture ? Rendez-vous le 3 juillet \u00e0 l&#039;IFSI Paris Saint-Joseph.\" \/>\n<meta name=\"robots\" content=\"index, follow, max-snippet:-1, max-image-preview:large, max-video-preview:-1\" \/>\n<link rel=\"canonical\" href=\"https:\/\/www.staffsante.fr\/contenu\/evenement\/soiree-portes-ouvertes-ifsi-paris-saint-joseph\/\" \/>\n<meta property=\"og:locale\" content=\"fr_FR\" \/>\n<meta property=\"og:type\" content=\"article\" \/>\n<meta property=\"og:title\" content=\"Soir\u00e9e Portes Ouvertes IFSI Paris Saint-Joseph | STAFFSANT\u00c9\" \/>\n<meta property=\"og:description\" content=\"Vous souhaitez devenir infirmier\u00b7\u00e8re, aide-soignant\u00b7e ou auxiliaire de pu\u00e9riculture ? Rendez-vous le 3 juillet \u00e0 l&#039;IFSI Paris Saint-Joseph.\" \/>\n<meta property=\"og:url\" content=\"https:\/\/www.staffsante.fr\/contenu\/evenement\/soiree-portes-ouvertes-ifsi-paris-saint-joseph\/\" \/>\n<meta property=\"og:site_name\" content=\"STAFFSANT\u00c9\" \/>\n<meta property=\"og:image\" content=\"https:\/\/content.staffsante.fr\/wp-content\/uploads\/2025\/06\/portes-ouvertes-ifsi-saint-joseph.png\" \/>\n\t<meta property=\"og:image:width\" content=\"1200\" \/>\n\t<meta property=\"og:image:height\" content=\"600\" \/>\n\t<meta property=\"og:image:type\" content=\"image\/png\" \/>\n<meta name=\"twitter:card\" content=\"summary_large_image\" \/>\n<meta name=\"twitter:label1\" content=\"Dur\u00e9e de lecture estim\u00e9e\" \/>\n\t<meta name=\"twitter:data1\" content=\"1 minute\" \/>\n<script type=\"application\/ld+json\" class=\"yoast-schema-graph\">{\"@context\":\"https:\/\/schema.org\",\"@graph\":[{\"@type\":\"Article\",\"@id\":\"https:\/\/www.staffsante.fr\/contenu\/evenement\/soiree-portes-ouvertes-ifsi-paris-saint-joseph\/#article\",\"isPartOf\":{\"@id\":\"https:\/\/www.staffsante.fr\/contenu\/evenement\/soiree-portes-ouvertes-ifsi-paris-saint-joseph\/\"},\"author\":{\"name\":\"admin_staff_content\",\"@id\":\"https:\/\/www.staffsante.fr\/contenu\/#\/schema\/person\/8cea5b012277ab5dd4995aec10f20b0c\"},\"headline\":\"Soir\u00e9e Portes Ouvertes IFSI Paris Saint-Joseph\",\"datePublished\":\"2025-06-25T09:20:59+00:00\",\"dateModified\":\"2025-06-25T09:20:59+00:00\",\"mainEntityOfPage\":{\"@id\":\"https:\/\/www.staffsante.fr\/contenu\/evenement\/soiree-portes-ouvertes-ifsi-paris-saint-joseph\/\"},\"wordCount\":166,\"publisher\":{\"@id\":\"https:\/\/www.staffsante.fr\/contenu\/#organization\"},\"inLanguage\":\"fr-FR\"},{\"@type\":\"WebPage\",\"@id\":\"https:\/\/www.staffsante.fr\/contenu\/evenement\/soiree-portes-ouvertes-ifsi-paris-saint-joseph\/\",\"url\":\"https:\/\/www.staffsante.fr\/contenu\/evenement\/soiree-portes-ouvertes-ifsi-paris-saint-joseph\/\",\"name\":\"Soir\u00e9e Portes Ouvertes IFSI Paris Saint-Joseph | STAFFSANT\u00c9\",\"isPartOf\":{\"@id\":\"https:\/\/www.staffsante.fr\/contenu\/#website\"},\"datePublished\":\"2025-06-25T09:20:59+00:00\",\"dateModified\":\"2025-06-25T09:20:59+00:00\",\"description\":\"Vous souhaitez devenir infirmier\u00b7\u00e8re, aide-soignant\u00b7e ou auxiliaire de pu\u00e9riculture ? Rendez-vous le 3 juillet \u00e0 l'IFSI Paris Saint-Joseph.\",\"breadcrumb\":{\"@id\":\"https:\/\/www.staffsante.fr\/contenu\/evenement\/soiree-portes-ouvertes-ifsi-paris-saint-joseph\/#breadcrumb\"},\"inLanguage\":\"fr-FR\",\"potentialAction\":[{\"@type\":\"ReadAction\",\"target\":[\"https:\/\/www.staffsante.fr\/contenu\/evenement\/soiree-portes-ouvertes-ifsi-paris-saint-joseph\/\"]}]},{\"@type\":\"BreadcrumbList\",\"@id\":\"https:\/\/www.staffsante.fr\/contenu\/evenement\/soiree-portes-ouvertes-ifsi-paris-saint-joseph\/#breadcrumb\",\"itemListElement\":[{\"@type\":\"ListItem\",\"position\":1,\"name\":\"Home\",\"item\":\"https:\/\/www.staffsante.fr\/contenu\/\"},{\"@type\":\"ListItem\",\"position\":2,\"name\":\"\u00c9v\u00e8nements\",\"item\":\"https:\/\/www.staffsante.fr\/contenu\/events\/\"},{\"@type\":\"ListItem\",\"position\":3,\"name\":\"Soir\u00e9e Portes Ouvertes IFSI Paris Saint-Joseph\"}]},{\"@type\":\"WebSite\",\"@id\":\"https:\/\/www.staffsante.fr\/contenu\/#website\",\"url\":\"https:\/\/www.staffsante.fr\/contenu\/\",\"name\":\"STAFFSANT\u00c9\",\"description\":\"L&#039;actualit\u00e9 carri\u00e8re des professionnels de sant\u00e9\",\"publisher\":{\"@id\":\"https:\/\/www.staffsante.fr\/contenu\/#organization\"},\"potentialAction\":[{\"@type\":\"SearchAction\",\"target\":{\"@type\":\"EntryPoint\",\"urlTemplate\":\"https:\/\/www.staffsante.fr\/contenu\/?s={search_term_string}\"},\"query-input\":\"required name=search_term_string\"}],\"inLanguage\":\"fr-FR\"},{\"@type\":\"Organization\",\"@id\":\"https:\/\/www.staffsante.fr\/contenu\/#organization\",\"name\":\"Staffsant\u00e9\",\"url\":\"https:\/\/www.staffsante.fr\/contenu\/\",\"logo\":{\"@type\":\"ImageObject\",\"inLanguage\":\"fr-FR\",\"@id\":\"https:\/\/www.staffsante.fr\/contenu\/#\/schema\/logo\/image\/\",\"url\":\"https:\/\/content.staffsante.fr\/wp-content\/uploads\/2017\/06\/Staffsante.jpg\",\"contentUrl\":\"https:\/\/content.staffsante.fr\/wp-content\/uploads\/2017\/06\/Staffsante.jpg\",\"width\":2225,\"height\":592,\"caption\":\"Staffsant\u00e9\"},\"image\":{\"@id\":\"https:\/\/www.staffsante.fr\/contenu\/#\/schema\/logo\/image\/\"}},{\"@type\":\"Person\",\"@id\":\"https:\/\/www.staffsante.fr\/contenu\/#\/schema\/person\/8cea5b012277ab5dd4995aec10f20b0c\",\"name\":\"admin_staff_content\",\"image\":{\"@type\":\"ImageObject\",\"inLanguage\":\"fr-FR\",\"@id\":\"https:\/\/www.staffsante.fr\/contenu\/#\/schema\/person\/image\/\",\"url\":\"http:\/\/2.gravatar.com\/avatar\/2b9ac03912eb39091678a45d1b4c36c0?s=96&d=mm&r=g\",\"contentUrl\":\"http:\/\/2.gravatar.com\/avatar\/2b9ac03912eb39091678a45d1b4c36c0?s=96&d=mm&r=g\",\"caption\":\"admin_staff_content\"}}]}<\/script>\n<!-- \/ Yoast SEO plugin. -->","yoast_head_json":{"title":"Soir\u00e9e Portes Ouvertes IFSI Paris Saint-Joseph | STAFFSANT\u00c9","description":"Vous souhaitez devenir infirmier\u00b7\u00e8re, aide-soignant\u00b7e ou auxiliaire de pu\u00e9riculture ? Rendez-vous le 3 juillet \u00e0 l'IFSI Paris Saint-Joseph.","robots":{"index":"index","follow":"follow","max-snippet":"max-snippet:-1","max-image-preview":"max-image-preview:large","max-video-preview":"max-video-preview:-1"},"canonical":"https:\/\/www.staffsante.fr\/contenu\/evenement\/soiree-portes-ouvertes-ifsi-paris-saint-joseph\/","og_locale":"fr_FR","og_type":"article","og_title":"Soir\u00e9e Portes Ouvertes IFSI Paris Saint-Joseph | STAFFSANT\u00c9","og_description":"Vous souhaitez devenir infirmier\u00b7\u00e8re, aide-soignant\u00b7e ou auxiliaire de pu\u00e9riculture ? Rendez-vous le 3 juillet \u00e0 l'IFSI Paris Saint-Joseph.","og_url":"https:\/\/www.staffsante.fr\/contenu\/evenement\/soiree-portes-ouvertes-ifsi-paris-saint-joseph\/","og_site_name":"STAFFSANT\u00c9","og_image":[{"width":1200,"height":600,"url":"https:\/\/content.staffsante.fr\/wp-content\/uploads\/2025\/06\/portes-ouvertes-ifsi-saint-joseph.png","type":"image\/png"}],"twitter_card":"summary_large_image","twitter_misc":{"Dur\u00e9e de lecture estim\u00e9e":"1 minute"},"schema":{"@context":"https:\/\/schema.org","@graph":[{"@type":"Article","@id":"https:\/\/www.staffsante.fr\/contenu\/evenement\/soiree-portes-ouvertes-ifsi-paris-saint-joseph\/#article","isPartOf":{"@id":"https:\/\/www.staffsante.fr\/contenu\/evenement\/soiree-portes-ouvertes-ifsi-paris-saint-joseph\/"},"author":{"name":"admin_staff_content","@id":"https:\/\/www.staffsante.fr\/contenu\/#\/schema\/person\/8cea5b012277ab5dd4995aec10f20b0c"},"headline":"Soir\u00e9e Portes Ouvertes IFSI Paris Saint-Joseph","datePublished":"2025-06-25T09:20:59+00:00","dateModified":"2025-06-25T09:20:59+00:00","mainEntityOfPage":{"@id":"https:\/\/www.staffsante.fr\/contenu\/evenement\/soiree-portes-ouvertes-ifsi-paris-saint-joseph\/"},"wordCount":166,"publisher":{"@id":"https:\/\/www.staffsante.fr\/contenu\/#organization"},"inLanguage":"fr-FR"},{"@type":"WebPage","@id":"https:\/\/www.staffsante.fr\/contenu\/evenement\/soiree-portes-ouvertes-ifsi-paris-saint-joseph\/","url":"https:\/\/www.staffsante.fr\/contenu\/evenement\/soiree-portes-ouvertes-ifsi-paris-saint-joseph\/","name":"Soir\u00e9e Portes Ouvertes IFSI Paris Saint-Joseph | STAFFSANT\u00c9","isPartOf":{"@id":"https:\/\/www.staffsante.fr\/contenu\/#website"},"datePublished":"2025-06-25T09:20:59+00:00","dateModified":"2025-06-25T09:20:59+00:00","description":"Vous souhaitez devenir infirmier\u00b7\u00e8re, aide-soignant\u00b7e ou auxiliaire de pu\u00e9riculture ? Rendez-vous le 3 juillet \u00e0 l'IFSI Paris Saint-Joseph.","breadcrumb":{"@id":"https:\/\/www.staffsante.fr\/contenu\/evenement\/soiree-portes-ouvertes-ifsi-paris-saint-joseph\/#breadcrumb"},"inLanguage":"fr-FR","potentialAction":[{"@type":"ReadAction","target":["https:\/\/www.staffsante.fr\/contenu\/evenement\/soiree-portes-ouvertes-ifsi-paris-saint-joseph\/"]}]},{"@type":"BreadcrumbList","@id":"https:\/\/www.staffsante.fr\/contenu\/evenement\/soiree-portes-ouvertes-ifsi-paris-saint-joseph\/#breadcrumb","itemListElement":[{"@type":"ListItem","position":1,"name":"Home","item":"https:\/\/www.staffsante.fr\/contenu\/"},{"@type":"ListItem","position":2,"name":"\u00c9v\u00e8nements","item":"https:\/\/www.staffsante.fr\/contenu\/events\/"},{"@type":"ListItem","position":3,"name":"Soir\u00e9e Portes Ouvertes IFSI Paris Saint-Joseph"}]},{"@type":"WebSite","@id":"https:\/\/www.staffsante.fr\/contenu\/#website","url":"https:\/\/www.staffsante.fr\/contenu\/","name":"STAFFSANT\u00c9","description":"L&#039;actualit\u00e9 carri\u00e8re des professionnels de sant\u00e9","publisher":{"@id":"https:\/\/www.staffsante.fr\/contenu\/#organization"},"potentialAction":[{"@type":"SearchAction","target":{"@type":"EntryPoint","urlTemplate":"https:\/\/www.staffsante.fr\/contenu\/?s={search_term_string}"},"query-input":"required name=search_term_string"}],"inLanguage":"fr-FR"},{"@type":"Organization","@id":"https:\/\/www.staffsante.fr\/contenu\/#organization","name":"Staffsant\u00e9","url":"https:\/\/www.staffsante.fr\/contenu\/","logo":{"@type":"ImageObject","inLanguage":"fr-FR","@id":"https:\/\/www.staffsante.fr\/contenu\/#\/schema\/logo\/image\/","url":"https:\/\/content.staffsante.fr\/wp-content\/uploads\/2017\/06\/Staffsante.jpg","contentUrl":"https:\/\/content.staffsante.fr\/wp-content\/uploads\/2017\/06\/Staffsante.jpg","width":2225,"height":592,"caption":"Staffsant\u00e9"},"image":{"@id":"https:\/\/www.staffsante.fr\/contenu\/#\/schema\/logo\/image\/"}},{"@type":"Person","@id":"https:\/\/www.staffsante.fr\/contenu\/#\/schema\/person\/8cea5b012277ab5dd4995aec10f20b0c","name":"admin_staff_content","image":{"@type":"ImageObject","inLanguage":"fr-FR","@id":"https:\/\/www.staffsante.fr\/contenu\/#\/schema\/person\/image\/","url":"http:\/\/2.gravatar.com\/avatar\/2b9ac03912eb39091678a45d1b4c36c0?s=96&d=mm&r=g","contentUrl":"http:\/\/2.gravatar.com\/avatar\/2b9ac03912eb39091678a45d1b4c36c0?s=96&d=mm&r=g","caption":"admin_staff_content"}}]}},"_links":{"self":[{"href":"https:\/\/www.staffsante.fr\/contenu\/wp-json\/wp\/v2\/tribe_events\/11941"}],"collection":[{"href":"https:\/\/www.staffsante.fr\/contenu\/wp-json\/wp\/v2\/tribe_events"}],"about":[{"href":"https:\/\/www.staffsante.fr\/contenu\/wp-json\/wp\/v2\/types\/tribe_events"}],"author":[{"embeddable":true,"href":"https:\/\/www.staffsante.fr\/contenu\/wp-json\/wp\/v2\/users\/1"}],"replies":[{"embeddable":true,"href":"https:\/\/www.staffsante.fr\/contenu\/wp-json\/wp\/v2\/comments?post=11941"}],"version-history":[{"count":1,"href":"https:\/\/www.staffsante.fr\/contenu\/wp-json\/wp\/v2\/tribe_events\/11941\/revisions"}],"predecessor-version":[{"id":11943,"href":"https:\/\/www.staffsante.fr\/contenu\/wp-json\/wp\/v2\/tribe_events\/11941\/revisions\/11943"}],"wp:featuredmedia":[{"embeddable":true,"href":"https:\/\/www.staffsante.fr\/contenu\/wp-json\/wp\/v2\/media\/11942"}],"wp:attachment":[{"href":"https:\/\/www.staffsante.fr\/contenu\/wp-json\/wp\/v2\/media?parent=11941"}],"wp:term":[{"taxonomy":"post_tag","embeddable":true,"href":"https:\/\/www.staffsante.fr\/contenu\/wp-json\/wp\/v2\/tags?post=11941"},{"taxonomy":"tribe_events_cat","embeddable":true,"href":"https:\/\/www.staffsante.fr\/contenu\/wp-json\/wp\/v2\/tribe_events_cat?post=11941"}],"curies":[{"name":"wp","href":"https:\/\/api.w.org\/{rel}","templated":true}]}}