

{"id":11946,"date":"2025-06-25T11:54:40","date_gmt":"2025-06-25T09:54:40","guid":{"rendered":"https:\/\/www.staffsante.fr\/contenu\/?post_type=tribe_events&#038;p=11946"},"modified":"2025-07-15T16:02:04","modified_gmt":"2025-07-15T14:02:04","slug":"job-dating-residence-choiseul-emeis","status":"publish","type":"tribe_events","link":"https:\/\/www.staffsante.fr\/contenu\/evenement\/job-dating-residence-choiseul-emeis\/","title":{"rendered":"Job Dating R\u00e9sidence Choiseul Emeis"},"content":{"rendered":"<p>\ud83d\udd14\u00a0Job Dating \u2013 R\u00e9sidence Choiseul \u00e0 Tours\u00a0\ud83d\udd14<\/p>\n<p>Vous \u00eates aide-soignant(e), auxiliaire de vie ou un(e) infirmier(e) \u00e0 la recherche d\u2019une nouvelle opportunit\u00e9 professionnelle ? Nous avons h\u00e2te de vous rencontrer !<\/p>\n<p>\ud83d\udccd\u00a0Lieu :\u00a0R\u00e9sidence Choiseul, 24 all\u00e9e &amp; 31 rue de Trianon, 37100 Tours<br \/>\n\ud83d\udcc5\u00a0Date :\u00a03 juillet 2025<br \/>\n\u23f0\u00a0Horaire :\u00a012h30 \u2013 18h30<\/p>\n<p>Nous recrutons des aides-soignantes, auxiliaires de vie et un(e) infirmier(e) pour rejoindre notre \u00e9quipe dynamique et engag\u00e9e.<\/p>\n<p>\ud83d\udcac\u00a0Venez saisir cette chance unique de faire la diff\u00e9rence dans le quotidien de nos r\u00e9sidents et d\u2019\u00e9voluer dans un environnement humain et valorisant. Votre talent et votre engagement sont notre force !<\/p>\n<p>\ud83d\udc49 N\u2019h\u00e9sitez pas \u00e0 venir avec votre CV, nous vous attendons nombreux !<\/p>\n","protected":false},"excerpt":{"rendered":"<p>Vous \u00eates aide-soignant(e), auxiliaire de vie ou un(e) infirmier(e) \u00e0 la recherche d\u2019une nouvelle opportunit\u00e9 professionnelle ? RDV le 3 juillet \u00e0 la R\u00e9sidence Choiseul \u00e0 Tours. <\/p>\n","protected":false},"author":1,"featured_media":11947,"comment_status":"closed","ping_status":"closed","template":"","meta":{"_tribe_events_status":"","_tribe_events_status_reason":""},"tags":[],"tribe_events_cat":[],"acf":[],"yoast_head":"<!-- This site is optimized with the Yoast SEO plugin v19.14 - https:\/\/yoast.com\/wordpress\/plugins\/seo\/ -->\n<title>Job Dating R\u00e9sidence Choiseul Emeis | STAFFSANT\u00c9<\/title>\n<meta name=\"description\" content=\"Vous \u00eates aide-soignant(e), auxiliaire de vie ou un(e) infirmier(e) \u00e0 la recherche d\u2019une nouvelle opportunit\u00e9 professionnelle ? RDV le 3 juillet \u00e0 la R\u00e9sidence Choiseul \u00e0 Tours.\" \/>\n<meta name=\"robots\" content=\"index, follow, max-snippet:-1, max-image-preview:large, max-video-preview:-1\" \/>\n<link rel=\"canonical\" href=\"https:\/\/www.staffsante.fr\/contenu\/evenement\/job-dating-residence-choiseul-emeis\/\" \/>\n<meta property=\"og:locale\" content=\"fr_FR\" \/>\n<meta property=\"og:type\" content=\"article\" \/>\n<meta property=\"og:title\" content=\"Job Dating R\u00e9sidence Choiseul Emeis | STAFFSANT\u00c9\" \/>\n<meta property=\"og:description\" content=\"Vous \u00eates aide-soignant(e), auxiliaire de vie ou un(e) infirmier(e) \u00e0 la recherche d\u2019une nouvelle opportunit\u00e9 professionnelle ? RDV le 3 juillet \u00e0 la R\u00e9sidence Choiseul \u00e0 Tours.\" \/>\n<meta property=\"og:url\" content=\"https:\/\/www.staffsante.fr\/contenu\/evenement\/job-dating-residence-choiseul-emeis\/\" \/>\n<meta property=\"og:site_name\" content=\"STAFFSANT\u00c9\" \/>\n<meta property=\"article:modified_time\" content=\"2025-07-15T14:02:04+00:00\" \/>\n<meta property=\"og:image\" content=\"https:\/\/content.staffsante.fr\/wp-content\/uploads\/2025\/06\/job-dating-residence-choiseul-emeis.png\" \/>\n\t<meta property=\"og:image:width\" content=\"1200\" \/>\n\t<meta property=\"og:image:height\" content=\"600\" \/>\n\t<meta property=\"og:image:type\" content=\"image\/png\" \/>\n<meta name=\"twitter:card\" content=\"summary_large_image\" \/>\n<meta name=\"twitter:label1\" content=\"Dur\u00e9e de lecture estim\u00e9e\" \/>\n\t<meta name=\"twitter:data1\" content=\"1 minute\" \/>\n<script type=\"application\/ld+json\" class=\"yoast-schema-graph\">{\"@context\":\"https:\/\/schema.org\",\"@graph\":[{\"@type\":\"Article\",\"@id\":\"https:\/\/www.staffsante.fr\/contenu\/evenement\/job-dating-residence-choiseul-emeis\/#article\",\"isPartOf\":{\"@id\":\"https:\/\/www.staffsante.fr\/contenu\/evenement\/job-dating-residence-choiseul-emeis\/\"},\"author\":{\"name\":\"admin_staff_content\",\"@id\":\"https:\/\/www.staffsante.fr\/contenu\/#\/schema\/person\/8cea5b012277ab5dd4995aec10f20b0c\"},\"headline\":\"Job Dating R\u00e9sidence Choiseul Emeis\",\"datePublished\":\"2025-06-25T09:54:40+00:00\",\"dateModified\":\"2025-07-15T14:02:04+00:00\",\"mainEntityOfPage\":{\"@id\":\"https:\/\/www.staffsante.fr\/contenu\/evenement\/job-dating-residence-choiseul-emeis\/\"},\"wordCount\":120,\"publisher\":{\"@id\":\"https:\/\/www.staffsante.fr\/contenu\/#organization\"},\"inLanguage\":\"fr-FR\"},{\"@type\":\"WebPage\",\"@id\":\"https:\/\/www.staffsante.fr\/contenu\/evenement\/job-dating-residence-choiseul-emeis\/\",\"url\":\"https:\/\/www.staffsante.fr\/contenu\/evenement\/job-dating-residence-choiseul-emeis\/\",\"name\":\"Job Dating R\u00e9sidence Choiseul Emeis | STAFFSANT\u00c9\",\"isPartOf\":{\"@id\":\"https:\/\/www.staffsante.fr\/contenu\/#website\"},\"datePublished\":\"2025-06-25T09:54:40+00:00\",\"dateModified\":\"2025-07-15T14:02:04+00:00\",\"description\":\"Vous \u00eates aide-soignant(e), auxiliaire de vie ou un(e) infirmier(e) \u00e0 la recherche d\u2019une nouvelle opportunit\u00e9 professionnelle ? RDV le 3 juillet \u00e0 la R\u00e9sidence Choiseul \u00e0 Tours.\",\"breadcrumb\":{\"@id\":\"https:\/\/www.staffsante.fr\/contenu\/evenement\/job-dating-residence-choiseul-emeis\/#breadcrumb\"},\"inLanguage\":\"fr-FR\",\"potentialAction\":[{\"@type\":\"ReadAction\",\"target\":[\"https:\/\/www.staffsante.fr\/contenu\/evenement\/job-dating-residence-choiseul-emeis\/\"]}]},{\"@type\":\"BreadcrumbList\",\"@id\":\"https:\/\/www.staffsante.fr\/contenu\/evenement\/job-dating-residence-choiseul-emeis\/#breadcrumb\",\"itemListElement\":[{\"@type\":\"ListItem\",\"position\":1,\"name\":\"Home\",\"item\":\"https:\/\/www.staffsante.fr\/contenu\/\"},{\"@type\":\"ListItem\",\"position\":2,\"name\":\"\u00c9v\u00e8nements\",\"item\":\"https:\/\/www.staffsante.fr\/contenu\/events\/\"},{\"@type\":\"ListItem\",\"position\":3,\"name\":\"Job Dating R\u00e9sidence Choiseul Emeis\"}]},{\"@type\":\"WebSite\",\"@id\":\"https:\/\/www.staffsante.fr\/contenu\/#website\",\"url\":\"https:\/\/www.staffsante.fr\/contenu\/\",\"name\":\"STAFFSANT\u00c9\",\"description\":\"L&#039;actualit\u00e9 carri\u00e8re des professionnels de sant\u00e9\",\"publisher\":{\"@id\":\"https:\/\/www.staffsante.fr\/contenu\/#organization\"},\"potentialAction\":[{\"@type\":\"SearchAction\",\"target\":{\"@type\":\"EntryPoint\",\"urlTemplate\":\"https:\/\/www.staffsante.fr\/contenu\/?s={search_term_string}\"},\"query-input\":\"required name=search_term_string\"}],\"inLanguage\":\"fr-FR\"},{\"@type\":\"Organization\",\"@id\":\"https:\/\/www.staffsante.fr\/contenu\/#organization\",\"name\":\"Staffsant\u00e9\",\"url\":\"https:\/\/www.staffsante.fr\/contenu\/\",\"logo\":{\"@type\":\"ImageObject\",\"inLanguage\":\"fr-FR\",\"@id\":\"https:\/\/www.staffsante.fr\/contenu\/#\/schema\/logo\/image\/\",\"url\":\"https:\/\/content.staffsante.fr\/wp-content\/uploads\/2017\/06\/Staffsante.jpg\",\"contentUrl\":\"https:\/\/content.staffsante.fr\/wp-content\/uploads\/2017\/06\/Staffsante.jpg\",\"width\":2225,\"height\":592,\"caption\":\"Staffsant\u00e9\"},\"image\":{\"@id\":\"https:\/\/www.staffsante.fr\/contenu\/#\/schema\/logo\/image\/\"}},{\"@type\":\"Person\",\"@id\":\"https:\/\/www.staffsante.fr\/contenu\/#\/schema\/person\/8cea5b012277ab5dd4995aec10f20b0c\",\"name\":\"admin_staff_content\",\"image\":{\"@type\":\"ImageObject\",\"inLanguage\":\"fr-FR\",\"@id\":\"https:\/\/www.staffsante.fr\/contenu\/#\/schema\/person\/image\/\",\"url\":\"http:\/\/2.gravatar.com\/avatar\/2b9ac03912eb39091678a45d1b4c36c0?s=96&d=mm&r=g\",\"contentUrl\":\"http:\/\/2.gravatar.com\/avatar\/2b9ac03912eb39091678a45d1b4c36c0?s=96&d=mm&r=g\",\"caption\":\"admin_staff_content\"}}]}<\/script>\n<!-- \/ Yoast SEO plugin. -->","yoast_head_json":{"title":"Job Dating R\u00e9sidence Choiseul Emeis | STAFFSANT\u00c9","description":"Vous \u00eates aide-soignant(e), auxiliaire de vie ou un(e) infirmier(e) \u00e0 la recherche d\u2019une nouvelle opportunit\u00e9 professionnelle ? RDV le 3 juillet \u00e0 la R\u00e9sidence Choiseul \u00e0 Tours.","robots":{"index":"index","follow":"follow","max-snippet":"max-snippet:-1","max-image-preview":"max-image-preview:large","max-video-preview":"max-video-preview:-1"},"canonical":"https:\/\/www.staffsante.fr\/contenu\/evenement\/job-dating-residence-choiseul-emeis\/","og_locale":"fr_FR","og_type":"article","og_title":"Job Dating R\u00e9sidence Choiseul Emeis | STAFFSANT\u00c9","og_description":"Vous \u00eates aide-soignant(e), auxiliaire de vie ou un(e) infirmier(e) \u00e0 la recherche d\u2019une nouvelle opportunit\u00e9 professionnelle ? RDV le 3 juillet \u00e0 la R\u00e9sidence Choiseul \u00e0 Tours.","og_url":"https:\/\/www.staffsante.fr\/contenu\/evenement\/job-dating-residence-choiseul-emeis\/","og_site_name":"STAFFSANT\u00c9","article_modified_time":"2025-07-15T14:02:04+00:00","og_image":[{"width":1200,"height":600,"url":"https:\/\/content.staffsante.fr\/wp-content\/uploads\/2025\/06\/job-dating-residence-choiseul-emeis.png","type":"image\/png"}],"twitter_card":"summary_large_image","twitter_misc":{"Dur\u00e9e de lecture estim\u00e9e":"1 minute"},"schema":{"@context":"https:\/\/schema.org","@graph":[{"@type":"Article","@id":"https:\/\/www.staffsante.fr\/contenu\/evenement\/job-dating-residence-choiseul-emeis\/#article","isPartOf":{"@id":"https:\/\/www.staffsante.fr\/contenu\/evenement\/job-dating-residence-choiseul-emeis\/"},"author":{"name":"admin_staff_content","@id":"https:\/\/www.staffsante.fr\/contenu\/#\/schema\/person\/8cea5b012277ab5dd4995aec10f20b0c"},"headline":"Job Dating R\u00e9sidence Choiseul Emeis","datePublished":"2025-06-25T09:54:40+00:00","dateModified":"2025-07-15T14:02:04+00:00","mainEntityOfPage":{"@id":"https:\/\/www.staffsante.fr\/contenu\/evenement\/job-dating-residence-choiseul-emeis\/"},"wordCount":120,"publisher":{"@id":"https:\/\/www.staffsante.fr\/contenu\/#organization"},"inLanguage":"fr-FR"},{"@type":"WebPage","@id":"https:\/\/www.staffsante.fr\/contenu\/evenement\/job-dating-residence-choiseul-emeis\/","url":"https:\/\/www.staffsante.fr\/contenu\/evenement\/job-dating-residence-choiseul-emeis\/","name":"Job Dating R\u00e9sidence Choiseul Emeis | STAFFSANT\u00c9","isPartOf":{"@id":"https:\/\/www.staffsante.fr\/contenu\/#website"},"datePublished":"2025-06-25T09:54:40+00:00","dateModified":"2025-07-15T14:02:04+00:00","description":"Vous \u00eates aide-soignant(e), auxiliaire de vie ou un(e) infirmier(e) \u00e0 la recherche d\u2019une nouvelle opportunit\u00e9 professionnelle ? RDV le 3 juillet \u00e0 la R\u00e9sidence Choiseul \u00e0 Tours.","breadcrumb":{"@id":"https:\/\/www.staffsante.fr\/contenu\/evenement\/job-dating-residence-choiseul-emeis\/#breadcrumb"},"inLanguage":"fr-FR","potentialAction":[{"@type":"ReadAction","target":["https:\/\/www.staffsante.fr\/contenu\/evenement\/job-dating-residence-choiseul-emeis\/"]}]},{"@type":"BreadcrumbList","@id":"https:\/\/www.staffsante.fr\/contenu\/evenement\/job-dating-residence-choiseul-emeis\/#breadcrumb","itemListElement":[{"@type":"ListItem","position":1,"name":"Home","item":"https:\/\/www.staffsante.fr\/contenu\/"},{"@type":"ListItem","position":2,"name":"\u00c9v\u00e8nements","item":"https:\/\/www.staffsante.fr\/contenu\/events\/"},{"@type":"ListItem","position":3,"name":"Job Dating R\u00e9sidence Choiseul Emeis"}]},{"@type":"WebSite","@id":"https:\/\/www.staffsante.fr\/contenu\/#website","url":"https:\/\/www.staffsante.fr\/contenu\/","name":"STAFFSANT\u00c9","description":"L&#039;actualit\u00e9 carri\u00e8re des professionnels de sant\u00e9","publisher":{"@id":"https:\/\/www.staffsante.fr\/contenu\/#organization"},"potentialAction":[{"@type":"SearchAction","target":{"@type":"EntryPoint","urlTemplate":"https:\/\/www.staffsante.fr\/contenu\/?s={search_term_string}"},"query-input":"required name=search_term_string"}],"inLanguage":"fr-FR"},{"@type":"Organization","@id":"https:\/\/www.staffsante.fr\/contenu\/#organization","name":"Staffsant\u00e9","url":"https:\/\/www.staffsante.fr\/contenu\/","logo":{"@type":"ImageObject","inLanguage":"fr-FR","@id":"https:\/\/www.staffsante.fr\/contenu\/#\/schema\/logo\/image\/","url":"https:\/\/content.staffsante.fr\/wp-content\/uploads\/2017\/06\/Staffsante.jpg","contentUrl":"https:\/\/content.staffsante.fr\/wp-content\/uploads\/2017\/06\/Staffsante.jpg","width":2225,"height":592,"caption":"Staffsant\u00e9"},"image":{"@id":"https:\/\/www.staffsante.fr\/contenu\/#\/schema\/logo\/image\/"}},{"@type":"Person","@id":"https:\/\/www.staffsante.fr\/contenu\/#\/schema\/person\/8cea5b012277ab5dd4995aec10f20b0c","name":"admin_staff_content","image":{"@type":"ImageObject","inLanguage":"fr-FR","@id":"https:\/\/www.staffsante.fr\/contenu\/#\/schema\/person\/image\/","url":"http:\/\/2.gravatar.com\/avatar\/2b9ac03912eb39091678a45d1b4c36c0?s=96&d=mm&r=g","contentUrl":"http:\/\/2.gravatar.com\/avatar\/2b9ac03912eb39091678a45d1b4c36c0?s=96&d=mm&r=g","caption":"admin_staff_content"}}]}},"_links":{"self":[{"href":"https:\/\/www.staffsante.fr\/contenu\/wp-json\/wp\/v2\/tribe_events\/11946"}],"collection":[{"href":"https:\/\/www.staffsante.fr\/contenu\/wp-json\/wp\/v2\/tribe_events"}],"about":[{"href":"https:\/\/www.staffsante.fr\/contenu\/wp-json\/wp\/v2\/types\/tribe_events"}],"author":[{"embeddable":true,"href":"https:\/\/www.staffsante.fr\/contenu\/wp-json\/wp\/v2\/users\/1"}],"replies":[{"embeddable":true,"href":"https:\/\/www.staffsante.fr\/contenu\/wp-json\/wp\/v2\/comments?post=11946"}],"version-history":[{"count":1,"href":"https:\/\/www.staffsante.fr\/contenu\/wp-json\/wp\/v2\/tribe_events\/11946\/revisions"}],"predecessor-version":[{"id":11948,"href":"https:\/\/www.staffsante.fr\/contenu\/wp-json\/wp\/v2\/tribe_events\/11946\/revisions\/11948"}],"wp:featuredmedia":[{"embeddable":true,"href":"https:\/\/www.staffsante.fr\/contenu\/wp-json\/wp\/v2\/media\/11947"}],"wp:attachment":[{"href":"https:\/\/www.staffsante.fr\/contenu\/wp-json\/wp\/v2\/media?parent=11946"}],"wp:term":[{"taxonomy":"post_tag","embeddable":true,"href":"https:\/\/www.staffsante.fr\/contenu\/wp-json\/wp\/v2\/tags?post=11946"},{"taxonomy":"tribe_events_cat","embeddable":true,"href":"https:\/\/www.staffsante.fr\/contenu\/wp-json\/wp\/v2\/tribe_events_cat?post=11946"}],"curies":[{"name":"wp","href":"https:\/\/api.w.org\/{rel}","templated":true}]}}