

{"id":12022,"date":"2025-08-27T10:22:46","date_gmt":"2025-08-27T08:22:46","guid":{"rendered":"https:\/\/www.staffsante.fr\/contenu\/?post_type=tribe_events&#038;p=12022"},"modified":"2025-08-27T10:24:41","modified_gmt":"2025-08-27T08:24:41","slug":"job-dating-hopitaux-de-gerardmer-et-fraise","status":"publish","type":"tribe_events","link":"https:\/\/www.staffsante.fr\/contenu\/evenement\/job-dating-hopitaux-de-gerardmer-et-fraise\/","title":{"rendered":"Job Dating H\u00f4pitaux de Gerardmer et Fraise"},"content":{"rendered":"<p><span class=\"html-span xexx8yu xyri2b x18d9i69 x1c1uobl x1hl2dhg x16tdsg8 x1vvkbs x3nfvp2 x1j61x8r x1fcty0u xdj266r xat24cr xm2jcoa x1mpyi22 xxymvpz xlup9mm x1kky2od\"><img loading=\"lazy\" class=\"xz74otr x15mokao x1ga7v0g x16uus16 xbiv7yw\" src=\"https:\/\/static.xx.fbcdn.net\/images\/emoji.php\/v9\/t2a\/2\/16\/1f465.png\" alt=\"\ud83d\udc65\" width=\"16\" height=\"16\" \/><\/span>\u00a0JOB DATING POUR LES H\u00d4PITAUX DE FRAIZE &amp; G\u00c9RARDMER<br class=\"html-br\" \/><span class=\"html-span xexx8yu xyri2b x18d9i69 x1c1uobl x1hl2dhg x16tdsg8 x1vvkbs x3nfvp2 x1j61x8r x1fcty0u xdj266r xat24cr xm2jcoa x1mpyi22 xxymvpz xlup9mm x1kky2od\"><img loading=\"lazy\" class=\"xz74otr x15mokao x1ga7v0g x16uus16 xbiv7yw\" src=\"https:\/\/static.xx.fbcdn.net\/images\/emoji.php\/v9\/tca\/2\/16\/1f4cb.png\" alt=\"\ud83d\udccb\" width=\"16\" height=\"16\" \/><\/span>\u00a0Le jeudi 11 septembre de 15h \u00e0 18h \u00e0 l&#8217;h\u00f4pital de G\u00e9rardmer<br class=\"html-br\" \/><br class=\"html-br\" \/>De nombreux m\u00e9tiers y seront pr\u00e9sent\u00e9s et plusieurs postes seront \u00e0 pourvoir :<br class=\"html-br\" \/>&#8211; Dans diff\u00e9rents secteurs : administratif, technique, soin, m\u00e9dical, s\u00e9curit\u00e9&#8230;<br class=\"html-br\" \/>&#8211; Sur les sites de G\u00e9rardmer et Fraize<\/p>\n<div class=\"elementor-element elementor-element-c613544 e-flex e-con-boxed wpr-particle-no wpr-jarallax-no wpr-parallax-no wpr-sticky-section-no e-con e-parent e-lazyloaded\" data-id=\"c613544\" data-element_type=\"container\">\n<div class=\"e-con-inner\">\n<div class=\"elementor-element elementor-element-f77ccd6 elementor-widget elementor-widget-heading\" data-id=\"f77ccd6\" data-element_type=\"widget\" data-widget_type=\"heading.default\">\n<div class=\"elementor-widget-container\">\n<p class=\"elementor-heading-title elementor-size-default\"><strong>D\u00e9roulement<\/strong><\/p>\n<\/div>\n<\/div>\n<div class=\"elementor-element elementor-element-c9d3c52 elementor-widget elementor-widget-text-editor\" data-id=\"c9d3c52\" data-element_type=\"widget\" data-widget_type=\"text-editor.default\">\n<div class=\"elementor-widget-container\">\n<p><strong>De nombreux m\u00e9tiers y seront pr\u00e9sent\u00e9s et plusieurs postes seront \u00e0 pourvoir :<\/strong><\/p>\n<ul>\n<li>Dans diff\u00e9rents secteurs : administratif, technique, soin, m\u00e9dical, s\u00e9curit\u00e9, etc.<\/li>\n<li>Sur les sites de G\u00e9rardmer et Fraize<\/li>\n<\/ul>\n<p>La rencontre aura lieu dans la cour de l\u2019h\u00f4pital de G\u00e9rardmer, avec un repli pr\u00e9vu \u00e0 l\u2019int\u00e9rieur en cas d\u2019intemp\u00e9ries. Des professionnels de l\u2019\u00e9tablissement seront pr\u00e9sents ce qui permettra une rencontre directe avec l\u2019encadrement et de potentiels futurs coll\u00e8gues.<\/p>\n<p>Pour rappel le CHI des HMV c\u2019est :<\/p>\n<ul>\n<li>Pr\u00e8s de 1800 professionnels sur six sites,<\/li>\n<li>Pr\u00e8s de 160 m\u00e9decins,<\/li>\n<li>Plus de 1350 lits,<\/li>\n<li>Des dizaines de m\u00e9tiers et fili\u00e8res diff\u00e9rentes (m\u00e9dical, param\u00e9dical, non m\u00e9dical).<\/li>\n<\/ul>\n<\/div>\n<\/div>\n<\/div>\n<\/div>\n<div class=\"elementor-element elementor-element-0f11c3e e-flex e-con-boxed wpr-particle-no wpr-jarallax-no wpr-parallax-no wpr-sticky-section-no e-con e-parent e-lazyloaded\" data-id=\"0f11c3e\" data-element_type=\"container\">\n<div class=\"e-con-inner\">\n<div class=\"elementor-element elementor-element-af1bc8d e-con-full e-flex wpr-particle-no wpr-jarallax-no wpr-parallax-no wpr-sticky-section-no e-con e-child\" data-id=\"af1bc8d\" data-element_type=\"container\">\n<div class=\"elementor-element elementor-element-b9ed705 elementor-widget elementor-widget-heading\" data-id=\"b9ed705\" data-element_type=\"widget\" data-widget_type=\"heading.default\">\n<div class=\"elementor-widget-container\">\n<h3 class=\"elementor-heading-title elementor-size-default\">M\u00e9dical et param\u00e9dical<\/h3>\n<\/div>\n<\/div>\n<div class=\"elementor-element elementor-element-22e5f09 elementor-widget elementor-widget-text-editor\" data-id=\"22e5f09\" data-element_type=\"widget\" data-widget_type=\"text-editor.default\">\n<div class=\"elementor-widget-container\">\n<ul>\n<li>Aides-soignant(e)s<\/li>\n<li>Aides-soignant(e)s conducteur SMUR<\/li>\n<li>Auxiliaires Pu\u00e9riculteur(trice)s<\/li>\n<li>Brancardier(e)s<\/li>\n<li>Infirmier(e)s<\/li>\n<li>Infirmier(e)s de bloc op\u00e9ratoire<\/li>\n<li>Anesth\u00e9sistes, puericulteur(trice)s<\/li>\n<li>Technicien(ne)s de laboratoire<\/li>\n<li>Manipulateur(trice)s en radiologie<\/li>\n<li>Pr\u00e9parateur(trice)s en pharmacie<\/li>\n<li>Kin\u00e9sith\u00e9rapeutes<\/li>\n<li>Ergoth\u00e9rapeutes<\/li>\n<li>Di\u00e9t\u00e9ticien(ne)s<\/li>\n<li>Ost\u00e9opathes<\/li>\n<li>Sages-femmes<\/li>\n<li>M\u00e9decins<\/li>\n<li>Biologistes<\/li>\n<li>\u2026<\/li>\n<\/ul>\n<\/div>\n<\/div>\n<\/div>\n<div class=\"elementor-element elementor-element-61bbb3f e-con-full e-flex wpr-particle-no wpr-jarallax-no wpr-parallax-no wpr-sticky-section-no e-con e-child\" data-id=\"61bbb3f\" data-element_type=\"container\">\n<div class=\"elementor-element elementor-element-1df3e61 elementor-widget elementor-widget-heading\" data-id=\"1df3e61\" data-element_type=\"widget\" data-widget_type=\"heading.default\">\n<div class=\"elementor-widget-container\">\n<h3 class=\"elementor-heading-title elementor-size-default\">Non-m\u00e9dical<\/h3>\n<\/div>\n<\/div>\n<div class=\"elementor-element elementor-element-55217e5 elementor-widget elementor-widget-text-editor\" data-id=\"55217e5\" data-element_type=\"widget\" data-widget_type=\"text-editor.default\">\n<div class=\"elementor-widget-container\">\n<ul>\n<li>Agent(e)s de restauration<\/li>\n<li>ASH<\/li>\n<li>Electricien(ne)s<\/li>\n<li>Plombier(e)s<\/li>\n<li>Agent(e)s de maintenance<\/li>\n<li>Vaguemestres<\/li>\n<li>Coursier(e)s<\/li>\n<li>Chauffeur(euse)s poids lourds<\/li>\n<li>Linger(e)s, couturier(e)s<\/li>\n<li>Magasinier(e)s<\/li>\n<li>Agent(e)s de salubrit\u00e9<\/li>\n<li>Agent(e)s de s\u00e9curit\u00e9<\/li>\n<li>Agent(e)s d\u2019accueil et administratifs<\/li>\n<li>Assistant(e)s de Direction<\/li>\n<li>Secr\u00e9taires m\u00e9dicales<\/li>\n<li>\u00a0Animateur(trice)s<\/li>\n<li>Agent(e)s de reprographie<\/li>\n<li>Technicien(ne)s de qualit\u00e9<\/li>\n<li>Standardistes<\/li>\n<li>Assistant(e)s social<\/li>\n<li>Agent(e)s RH \u2013 Charg\u00e9(e)s de paie<\/li>\n<li>Technicien(ne)s informatique<\/li>\n<li>Gestionnaires de commandes et de facturation<\/li>\n<li>Archivistes<\/li>\n<li>Technicien(ne)s biom\u00e9dical<\/li>\n<li>Educateur(trice)s sportif<\/li>\n<li>Charg\u00e9(e)s de relation avec les usagers<\/li>\n<li>Agent(e)s des espaces verts<\/li>\n<li>Charg\u00e9(e)s de formation<img loading=\"lazy\" class=\"aligncenter wp-image-12024 size-medium\" src=\"https:\/\/content.staffsante.fr\/wp-content\/uploads\/2025\/08\/538440203_1182673820565415_7924770470090363049_n-212x300.jpg\" alt=\"job dating hopitaux gerardmer et fraize\" width=\"212\" height=\"300\" srcset=\"https:\/\/content.staffsante.fr\/wp-content\/uploads\/2025\/08\/538440203_1182673820565415_7924770470090363049_n-212x300.jpg 212w, https:\/\/content.staffsante.fr\/wp-content\/uploads\/2025\/08\/538440203_1182673820565415_7924770470090363049_n-724x1024.jpg 724w, https:\/\/content.staffsante.fr\/wp-content\/uploads\/2025\/08\/538440203_1182673820565415_7924770470090363049_n-768x1086.jpg 768w, https:\/\/content.staffsante.fr\/wp-content\/uploads\/2025\/08\/538440203_1182673820565415_7924770470090363049_n-1086x1536.jpg 1086w, https:\/\/content.staffsante.fr\/wp-content\/uploads\/2025\/08\/538440203_1182673820565415_7924770470090363049_n.jpg 1448w\" sizes=\"(max-width: 212px) 100vw, 212px\" \/><\/li>\n<\/ul>\n<\/div>\n<\/div>\n<\/div>\n<\/div>\n<\/div>\n","protected":false},"excerpt":{"rendered":"<p>\u00a0JOB DATING POUR LES H\u00d4PITAUX DE FRAIZE &amp; G\u00c9RARDMER\u00a0Le jeudi 11 septembre de 15h \u00e0 18h \u00e0 l&#8217;h\u00f4pital de G\u00e9rardmerDe nombreux m\u00e9tiers y seront pr\u00e9sent\u00e9s et plusieurs postes seront \u00e0 [&hellip;]<\/p>\n","protected":false},"author":1,"featured_media":12023,"comment_status":"closed","ping_status":"closed","template":"","meta":{"_tribe_events_status":"","_tribe_events_status_reason":""},"tags":[],"tribe_events_cat":[],"acf":[],"yoast_head":"<!-- This site is optimized with the Yoast SEO plugin v19.14 - https:\/\/yoast.com\/wordpress\/plugins\/seo\/ -->\n<title>Job Dating H\u00f4pitaux de Gerardmer et Fraise | STAFFSANT\u00c9<\/title>\n<meta name=\"description\" content=\"JOB DATING POUR LES H\u00d4PITAUX DE FRAIZE &amp; G\u00c9RARDMER\u00a0Le jeudi 11 septembre de 15h \u00e0 18h \u00e0 l&#039;h\u00f4pital de G\u00e9rardmer\" \/>\n<meta name=\"robots\" content=\"index, follow, max-snippet:-1, max-image-preview:large, max-video-preview:-1\" \/>\n<link rel=\"canonical\" href=\"https:\/\/www.staffsante.fr\/contenu\/evenement\/job-dating-hopitaux-de-gerardmer-et-fraise\/\" \/>\n<meta property=\"og:locale\" content=\"fr_FR\" \/>\n<meta property=\"og:type\" content=\"article\" \/>\n<meta property=\"og:title\" content=\"Job Dating H\u00f4pitaux de Gerardmer et Fraise | STAFFSANT\u00c9\" \/>\n<meta property=\"og:description\" content=\"JOB DATING POUR LES H\u00d4PITAUX DE FRAIZE &amp; G\u00c9RARDMER\u00a0Le jeudi 11 septembre de 15h \u00e0 18h \u00e0 l&#039;h\u00f4pital de G\u00e9rardmer\" \/>\n<meta property=\"og:url\" content=\"https:\/\/www.staffsante.fr\/contenu\/evenement\/job-dating-hopitaux-de-gerardmer-et-fraise\/\" \/>\n<meta property=\"og:site_name\" content=\"STAFFSANT\u00c9\" \/>\n<meta property=\"article:modified_time\" content=\"2025-08-27T08:24:41+00:00\" \/>\n<meta property=\"og:image\" content=\"https:\/\/content.staffsante.fr\/wp-content\/uploads\/2025\/08\/Agenda.png\" \/>\n\t<meta property=\"og:image:width\" content=\"1200\" \/>\n\t<meta property=\"og:image:height\" content=\"600\" \/>\n\t<meta property=\"og:image:type\" content=\"image\/png\" \/>\n<meta name=\"twitter:card\" content=\"summary_large_image\" \/>\n<meta name=\"twitter:label1\" content=\"Dur\u00e9e de lecture estim\u00e9e\" \/>\n\t<meta name=\"twitter:data1\" content=\"2 minutes\" \/>\n<script type=\"application\/ld+json\" class=\"yoast-schema-graph\">{\"@context\":\"https:\/\/schema.org\",\"@graph\":[{\"@type\":\"Article\",\"@id\":\"https:\/\/www.staffsante.fr\/contenu\/evenement\/job-dating-hopitaux-de-gerardmer-et-fraise\/#article\",\"isPartOf\":{\"@id\":\"https:\/\/www.staffsante.fr\/contenu\/evenement\/job-dating-hopitaux-de-gerardmer-et-fraise\/\"},\"author\":{\"name\":\"admin_staff_content\",\"@id\":\"https:\/\/www.staffsante.fr\/contenu\/#\/schema\/person\/8cea5b012277ab5dd4995aec10f20b0c\"},\"headline\":\"Job Dating H\u00f4pitaux de Gerardmer et Fraise\",\"datePublished\":\"2025-08-27T08:22:46+00:00\",\"dateModified\":\"2025-08-27T08:24:41+00:00\",\"mainEntityOfPage\":{\"@id\":\"https:\/\/www.staffsante.fr\/contenu\/evenement\/job-dating-hopitaux-de-gerardmer-et-fraise\/\"},\"wordCount\":389,\"publisher\":{\"@id\":\"https:\/\/www.staffsante.fr\/contenu\/#organization\"},\"inLanguage\":\"fr-FR\"},{\"@type\":\"WebPage\",\"@id\":\"https:\/\/www.staffsante.fr\/contenu\/evenement\/job-dating-hopitaux-de-gerardmer-et-fraise\/\",\"url\":\"https:\/\/www.staffsante.fr\/contenu\/evenement\/job-dating-hopitaux-de-gerardmer-et-fraise\/\",\"name\":\"Job Dating H\u00f4pitaux de Gerardmer et Fraise | STAFFSANT\u00c9\",\"isPartOf\":{\"@id\":\"https:\/\/www.staffsante.fr\/contenu\/#website\"},\"datePublished\":\"2025-08-27T08:22:46+00:00\",\"dateModified\":\"2025-08-27T08:24:41+00:00\",\"description\":\"JOB DATING POUR LES H\u00d4PITAUX DE FRAIZE & G\u00c9RARDMER\u00a0Le jeudi 11 septembre de 15h \u00e0 18h \u00e0 l'h\u00f4pital de G\u00e9rardmer\",\"breadcrumb\":{\"@id\":\"https:\/\/www.staffsante.fr\/contenu\/evenement\/job-dating-hopitaux-de-gerardmer-et-fraise\/#breadcrumb\"},\"inLanguage\":\"fr-FR\",\"potentialAction\":[{\"@type\":\"ReadAction\",\"target\":[\"https:\/\/www.staffsante.fr\/contenu\/evenement\/job-dating-hopitaux-de-gerardmer-et-fraise\/\"]}]},{\"@type\":\"BreadcrumbList\",\"@id\":\"https:\/\/www.staffsante.fr\/contenu\/evenement\/job-dating-hopitaux-de-gerardmer-et-fraise\/#breadcrumb\",\"itemListElement\":[{\"@type\":\"ListItem\",\"position\":1,\"name\":\"Home\",\"item\":\"https:\/\/www.staffsante.fr\/contenu\/\"},{\"@type\":\"ListItem\",\"position\":2,\"name\":\"\u00c9v\u00e8nements\",\"item\":\"https:\/\/www.staffsante.fr\/contenu\/events\/\"},{\"@type\":\"ListItem\",\"position\":3,\"name\":\"Job Dating H\u00f4pitaux de Gerardmer et Fraise\"}]},{\"@type\":\"WebSite\",\"@id\":\"https:\/\/www.staffsante.fr\/contenu\/#website\",\"url\":\"https:\/\/www.staffsante.fr\/contenu\/\",\"name\":\"STAFFSANT\u00c9\",\"description\":\"L&#039;actualit\u00e9 carri\u00e8re des professionnels de sant\u00e9\",\"publisher\":{\"@id\":\"https:\/\/www.staffsante.fr\/contenu\/#organization\"},\"potentialAction\":[{\"@type\":\"SearchAction\",\"target\":{\"@type\":\"EntryPoint\",\"urlTemplate\":\"https:\/\/www.staffsante.fr\/contenu\/?s={search_term_string}\"},\"query-input\":\"required name=search_term_string\"}],\"inLanguage\":\"fr-FR\"},{\"@type\":\"Organization\",\"@id\":\"https:\/\/www.staffsante.fr\/contenu\/#organization\",\"name\":\"Staffsant\u00e9\",\"url\":\"https:\/\/www.staffsante.fr\/contenu\/\",\"logo\":{\"@type\":\"ImageObject\",\"inLanguage\":\"fr-FR\",\"@id\":\"https:\/\/www.staffsante.fr\/contenu\/#\/schema\/logo\/image\/\",\"url\":\"https:\/\/content.staffsante.fr\/wp-content\/uploads\/2017\/06\/Staffsante.jpg\",\"contentUrl\":\"https:\/\/content.staffsante.fr\/wp-content\/uploads\/2017\/06\/Staffsante.jpg\",\"width\":2225,\"height\":592,\"caption\":\"Staffsant\u00e9\"},\"image\":{\"@id\":\"https:\/\/www.staffsante.fr\/contenu\/#\/schema\/logo\/image\/\"}},{\"@type\":\"Person\",\"@id\":\"https:\/\/www.staffsante.fr\/contenu\/#\/schema\/person\/8cea5b012277ab5dd4995aec10f20b0c\",\"name\":\"admin_staff_content\",\"image\":{\"@type\":\"ImageObject\",\"inLanguage\":\"fr-FR\",\"@id\":\"https:\/\/www.staffsante.fr\/contenu\/#\/schema\/person\/image\/\",\"url\":\"http:\/\/2.gravatar.com\/avatar\/2b9ac03912eb39091678a45d1b4c36c0?s=96&d=mm&r=g\",\"contentUrl\":\"http:\/\/2.gravatar.com\/avatar\/2b9ac03912eb39091678a45d1b4c36c0?s=96&d=mm&r=g\",\"caption\":\"admin_staff_content\"}}]}<\/script>\n<!-- \/ Yoast SEO plugin. -->","yoast_head_json":{"title":"Job Dating H\u00f4pitaux de Gerardmer et Fraise | STAFFSANT\u00c9","description":"JOB DATING POUR LES H\u00d4PITAUX DE FRAIZE & G\u00c9RARDMER\u00a0Le jeudi 11 septembre de 15h \u00e0 18h \u00e0 l'h\u00f4pital de G\u00e9rardmer","robots":{"index":"index","follow":"follow","max-snippet":"max-snippet:-1","max-image-preview":"max-image-preview:large","max-video-preview":"max-video-preview:-1"},"canonical":"https:\/\/www.staffsante.fr\/contenu\/evenement\/job-dating-hopitaux-de-gerardmer-et-fraise\/","og_locale":"fr_FR","og_type":"article","og_title":"Job Dating H\u00f4pitaux de Gerardmer et Fraise | STAFFSANT\u00c9","og_description":"JOB DATING POUR LES H\u00d4PITAUX DE FRAIZE & G\u00c9RARDMER\u00a0Le jeudi 11 septembre de 15h \u00e0 18h \u00e0 l'h\u00f4pital de G\u00e9rardmer","og_url":"https:\/\/www.staffsante.fr\/contenu\/evenement\/job-dating-hopitaux-de-gerardmer-et-fraise\/","og_site_name":"STAFFSANT\u00c9","article_modified_time":"2025-08-27T08:24:41+00:00","og_image":[{"width":1200,"height":600,"url":"https:\/\/content.staffsante.fr\/wp-content\/uploads\/2025\/08\/Agenda.png","type":"image\/png"}],"twitter_card":"summary_large_image","twitter_misc":{"Dur\u00e9e de lecture estim\u00e9e":"2 minutes"},"schema":{"@context":"https:\/\/schema.org","@graph":[{"@type":"Article","@id":"https:\/\/www.staffsante.fr\/contenu\/evenement\/job-dating-hopitaux-de-gerardmer-et-fraise\/#article","isPartOf":{"@id":"https:\/\/www.staffsante.fr\/contenu\/evenement\/job-dating-hopitaux-de-gerardmer-et-fraise\/"},"author":{"name":"admin_staff_content","@id":"https:\/\/www.staffsante.fr\/contenu\/#\/schema\/person\/8cea5b012277ab5dd4995aec10f20b0c"},"headline":"Job Dating H\u00f4pitaux de Gerardmer et Fraise","datePublished":"2025-08-27T08:22:46+00:00","dateModified":"2025-08-27T08:24:41+00:00","mainEntityOfPage":{"@id":"https:\/\/www.staffsante.fr\/contenu\/evenement\/job-dating-hopitaux-de-gerardmer-et-fraise\/"},"wordCount":389,"publisher":{"@id":"https:\/\/www.staffsante.fr\/contenu\/#organization"},"inLanguage":"fr-FR"},{"@type":"WebPage","@id":"https:\/\/www.staffsante.fr\/contenu\/evenement\/job-dating-hopitaux-de-gerardmer-et-fraise\/","url":"https:\/\/www.staffsante.fr\/contenu\/evenement\/job-dating-hopitaux-de-gerardmer-et-fraise\/","name":"Job Dating H\u00f4pitaux de Gerardmer et Fraise | STAFFSANT\u00c9","isPartOf":{"@id":"https:\/\/www.staffsante.fr\/contenu\/#website"},"datePublished":"2025-08-27T08:22:46+00:00","dateModified":"2025-08-27T08:24:41+00:00","description":"JOB DATING POUR LES H\u00d4PITAUX DE FRAIZE & G\u00c9RARDMER\u00a0Le jeudi 11 septembre de 15h \u00e0 18h \u00e0 l'h\u00f4pital de G\u00e9rardmer","breadcrumb":{"@id":"https:\/\/www.staffsante.fr\/contenu\/evenement\/job-dating-hopitaux-de-gerardmer-et-fraise\/#breadcrumb"},"inLanguage":"fr-FR","potentialAction":[{"@type":"ReadAction","target":["https:\/\/www.staffsante.fr\/contenu\/evenement\/job-dating-hopitaux-de-gerardmer-et-fraise\/"]}]},{"@type":"BreadcrumbList","@id":"https:\/\/www.staffsante.fr\/contenu\/evenement\/job-dating-hopitaux-de-gerardmer-et-fraise\/#breadcrumb","itemListElement":[{"@type":"ListItem","position":1,"name":"Home","item":"https:\/\/www.staffsante.fr\/contenu\/"},{"@type":"ListItem","position":2,"name":"\u00c9v\u00e8nements","item":"https:\/\/www.staffsante.fr\/contenu\/events\/"},{"@type":"ListItem","position":3,"name":"Job Dating H\u00f4pitaux de Gerardmer et Fraise"}]},{"@type":"WebSite","@id":"https:\/\/www.staffsante.fr\/contenu\/#website","url":"https:\/\/www.staffsante.fr\/contenu\/","name":"STAFFSANT\u00c9","description":"L&#039;actualit\u00e9 carri\u00e8re des professionnels de sant\u00e9","publisher":{"@id":"https:\/\/www.staffsante.fr\/contenu\/#organization"},"potentialAction":[{"@type":"SearchAction","target":{"@type":"EntryPoint","urlTemplate":"https:\/\/www.staffsante.fr\/contenu\/?s={search_term_string}"},"query-input":"required name=search_term_string"}],"inLanguage":"fr-FR"},{"@type":"Organization","@id":"https:\/\/www.staffsante.fr\/contenu\/#organization","name":"Staffsant\u00e9","url":"https:\/\/www.staffsante.fr\/contenu\/","logo":{"@type":"ImageObject","inLanguage":"fr-FR","@id":"https:\/\/www.staffsante.fr\/contenu\/#\/schema\/logo\/image\/","url":"https:\/\/content.staffsante.fr\/wp-content\/uploads\/2017\/06\/Staffsante.jpg","contentUrl":"https:\/\/content.staffsante.fr\/wp-content\/uploads\/2017\/06\/Staffsante.jpg","width":2225,"height":592,"caption":"Staffsant\u00e9"},"image":{"@id":"https:\/\/www.staffsante.fr\/contenu\/#\/schema\/logo\/image\/"}},{"@type":"Person","@id":"https:\/\/www.staffsante.fr\/contenu\/#\/schema\/person\/8cea5b012277ab5dd4995aec10f20b0c","name":"admin_staff_content","image":{"@type":"ImageObject","inLanguage":"fr-FR","@id":"https:\/\/www.staffsante.fr\/contenu\/#\/schema\/person\/image\/","url":"http:\/\/2.gravatar.com\/avatar\/2b9ac03912eb39091678a45d1b4c36c0?s=96&d=mm&r=g","contentUrl":"http:\/\/2.gravatar.com\/avatar\/2b9ac03912eb39091678a45d1b4c36c0?s=96&d=mm&r=g","caption":"admin_staff_content"}}]}},"_links":{"self":[{"href":"https:\/\/www.staffsante.fr\/contenu\/wp-json\/wp\/v2\/tribe_events\/12022"}],"collection":[{"href":"https:\/\/www.staffsante.fr\/contenu\/wp-json\/wp\/v2\/tribe_events"}],"about":[{"href":"https:\/\/www.staffsante.fr\/contenu\/wp-json\/wp\/v2\/types\/tribe_events"}],"author":[{"embeddable":true,"href":"https:\/\/www.staffsante.fr\/contenu\/wp-json\/wp\/v2\/users\/1"}],"replies":[{"embeddable":true,"href":"https:\/\/www.staffsante.fr\/contenu\/wp-json\/wp\/v2\/comments?post=12022"}],"version-history":[{"count":1,"href":"https:\/\/www.staffsante.fr\/contenu\/wp-json\/wp\/v2\/tribe_events\/12022\/revisions"}],"predecessor-version":[{"id":12025,"href":"https:\/\/www.staffsante.fr\/contenu\/wp-json\/wp\/v2\/tribe_events\/12022\/revisions\/12025"}],"wp:featuredmedia":[{"embeddable":true,"href":"https:\/\/www.staffsante.fr\/contenu\/wp-json\/wp\/v2\/media\/12023"}],"wp:attachment":[{"href":"https:\/\/www.staffsante.fr\/contenu\/wp-json\/wp\/v2\/media?parent=12022"}],"wp:term":[{"taxonomy":"post_tag","embeddable":true,"href":"https:\/\/www.staffsante.fr\/contenu\/wp-json\/wp\/v2\/tags?post=12022"},{"taxonomy":"tribe_events_cat","embeddable":true,"href":"https:\/\/www.staffsante.fr\/contenu\/wp-json\/wp\/v2\/tribe_events_cat?post=12022"}],"curies":[{"name":"wp","href":"https:\/\/api.w.org\/{rel}","templated":true}]}}