

{"id":12040,"date":"2025-08-27T11:26:09","date_gmt":"2025-08-27T09:26:09","guid":{"rendered":"https:\/\/www.staffsante.fr\/contenu\/?post_type=tribe_events&#038;p=12040"},"modified":"2025-08-27T11:26:09","modified_gmt":"2025-08-27T09:26:09","slug":"job-dating-pole-sante-saint-jean","status":"publish","type":"tribe_events","link":"https:\/\/www.staffsante.fr\/contenu\/evenement\/job-dating-pole-sante-saint-jean\/","title":{"rendered":"Job Dating P\u00f4le Sant\u00e9 Saint Jean"},"content":{"rendered":"<p>Le JOB DATING du P\u00f4le Sant\u00e9 Saint Jean est de retour le 8 septembre prochain. Pr\u00e9parez vos CV !<\/p>\n<p>On recherche :<br \/>\n\u27a1\ufe0f Technicien de l&#8217;information m\u00e9dicale dipl\u00f4m\u00e9<br \/>\n\u27a1\ufe0f Manipulateur en radiologie<br \/>\n\u27a1\ufe0f Agent de services hospitaliers<br \/>\n\u27a1\ufe0f Sage-femme coordinateur<br \/>\n\u27a1\ufe0f Infirmier(e)s jour et nuit<br \/>\n\u27a1\ufe0f Infirmi\u00e8re pu\u00e9ricultrice jour (Urgences)<br \/>\n\u27a1\ufe0f Aide soignant jour et nuit<br \/>\n\u27a1\ufe0f Pharmacien hospitalier<br \/>\n\u27a1\ufe0f Secr\u00e9taire m\u00e9dicale<br \/>\n\u27a1\ufe0f Auxiliaire de pu\u00e9riculture (cr\u00e8che)<\/p>\n<p>Nous vous donnons rendez-vous le 8 septembre de 15h00 \u00e0 18h00 \u00e0 la Polyclinique Saint Jean afin de rencontrer nos professionnels.<\/p>\n<p>\ud83e\udd1d Comment postuler ?<br \/>\n&#8211; Envoyez votre candidature en amont \u00e0 recrutement@polesantesaintjean.fr \ud835\uddf2\ud835\uddfb \ud835\uddfd\ud835\uddff\ud835\uddf2\u0301\ud835\uddf0\ud835\uddf6\ud835\ude00\ud835\uddee\ud835\uddfb\ud835\ude01 \ud835\uddef\ud835\uddf6\ud835\uddf2\ud835\uddfb \ud835\udddd\ud835\udde2\ud835\uddd5 \ud835\uddd7\ud835\uddd4\ud835\udde7\ud835\udddc\ud835\udde1\ud835\uddda \ud835\uddf1\ud835\uddee\ud835\uddfb\ud835\ude00 \ud835\uddf9&#8217;\ud835\uddfc\ud835\uddef\ud835\uddf7\ud835\uddf2\ud835\ude01 \ud835\uddfc\ud835\ude02 \ud835\uddf9\ud835\uddf2 \ud835\uddf0\ud835\uddfc\ud835\uddff\ud835\uddfd\ud835\ude00 \ud835\uddf1\ud835\uddf2 \ud835\ude03\ud835\uddfc\ud835\ude01\ud835\uddff\ud835\uddf2 \ud835\uddf2\ud835\uddfa\ud835\uddee\ud835\uddf6\ud835\uddf9. Si votre candidature est retenue nous vous proposerons de venir au Job Dating<br \/>\nou<br \/>\n&#8211; Venez directement le jour J<\/p>\n<p>\ud83d\udce2 Comment se d\u00e9roule le Job Dating ?<br \/>\nVous \u00e9changerez dans un premier temps avec notre responsable recrutement pendant 5 min.<\/p>\n<p>Puis, vous rencontrerez l&#8217;un de nos responsables de service durant 20 min.<\/p>\n<p>\ud83d\udd0d Retrouvez les descriptions d\u00e9taill\u00e9es de nos offres sur notre site internet.<\/p>\n","protected":false},"excerpt":{"rendered":"<p>Le JOB DATING du P\u00f4le Sant\u00e9 Saint Jean est de retour le 8 septembre prochain. Pr\u00e9parez vos CV ! On recherche : \u27a1\ufe0f Technicien de l&#8217;information m\u00e9dicale dipl\u00f4m\u00e9 \u27a1\ufe0f Manipulateur [&hellip;]<\/p>\n","protected":false},"author":1,"featured_media":12041,"comment_status":"closed","ping_status":"closed","template":"","meta":{"_tribe_events_status":"","_tribe_events_status_reason":""},"tags":[],"tribe_events_cat":[],"acf":[],"yoast_head":"<!-- This site is optimized with the Yoast SEO plugin v19.14 - https:\/\/yoast.com\/wordpress\/plugins\/seo\/ -->\n<title>Job Dating P\u00f4le Sant\u00e9 Saint Jean | STAFFSANT\u00c9<\/title>\n<meta name=\"description\" content=\"Le JOB DATING du P\u00f4le Sant\u00e9 Saint Jean \u00e0 Cagnes Sur Mer est de retour le 8 septembre 2025. Pr\u00e9parez vos CV !\" \/>\n<meta name=\"robots\" content=\"index, follow, max-snippet:-1, max-image-preview:large, max-video-preview:-1\" \/>\n<link rel=\"canonical\" href=\"https:\/\/www.staffsante.fr\/contenu\/evenement\/job-dating-pole-sante-saint-jean\/\" \/>\n<meta property=\"og:locale\" content=\"fr_FR\" \/>\n<meta property=\"og:type\" content=\"article\" \/>\n<meta property=\"og:title\" content=\"Job Dating P\u00f4le Sant\u00e9 Saint Jean | STAFFSANT\u00c9\" \/>\n<meta property=\"og:description\" content=\"Le JOB DATING du P\u00f4le Sant\u00e9 Saint Jean \u00e0 Cagnes Sur Mer est de retour le 8 septembre 2025. Pr\u00e9parez vos CV !\" \/>\n<meta property=\"og:url\" content=\"https:\/\/www.staffsante.fr\/contenu\/evenement\/job-dating-pole-sante-saint-jean\/\" \/>\n<meta property=\"og:site_name\" content=\"STAFFSANT\u00c9\" \/>\n<meta property=\"og:image\" content=\"https:\/\/content.staffsante.fr\/wp-content\/uploads\/2025\/08\/Agenda-3.png\" \/>\n\t<meta property=\"og:image:width\" content=\"1200\" \/>\n\t<meta property=\"og:image:height\" content=\"600\" \/>\n\t<meta property=\"og:image:type\" content=\"image\/png\" \/>\n<meta name=\"twitter:card\" content=\"summary_large_image\" \/>\n<meta name=\"twitter:label1\" content=\"Dur\u00e9e de lecture estim\u00e9e\" \/>\n\t<meta name=\"twitter:data1\" content=\"1 minute\" \/>\n<script type=\"application\/ld+json\" class=\"yoast-schema-graph\">{\"@context\":\"https:\/\/schema.org\",\"@graph\":[{\"@type\":\"Article\",\"@id\":\"https:\/\/www.staffsante.fr\/contenu\/evenement\/job-dating-pole-sante-saint-jean\/#article\",\"isPartOf\":{\"@id\":\"https:\/\/www.staffsante.fr\/contenu\/evenement\/job-dating-pole-sante-saint-jean\/\"},\"author\":{\"name\":\"admin_staff_content\",\"@id\":\"https:\/\/www.staffsante.fr\/contenu\/#\/schema\/person\/8cea5b012277ab5dd4995aec10f20b0c\"},\"headline\":\"Job Dating P\u00f4le Sant\u00e9 Saint Jean\",\"datePublished\":\"2025-08-27T09:26:09+00:00\",\"dateModified\":\"2025-08-27T09:26:09+00:00\",\"mainEntityOfPage\":{\"@id\":\"https:\/\/www.staffsante.fr\/contenu\/evenement\/job-dating-pole-sante-saint-jean\/\"},\"wordCount\":166,\"publisher\":{\"@id\":\"https:\/\/www.staffsante.fr\/contenu\/#organization\"},\"inLanguage\":\"fr-FR\"},{\"@type\":\"WebPage\",\"@id\":\"https:\/\/www.staffsante.fr\/contenu\/evenement\/job-dating-pole-sante-saint-jean\/\",\"url\":\"https:\/\/www.staffsante.fr\/contenu\/evenement\/job-dating-pole-sante-saint-jean\/\",\"name\":\"Job Dating P\u00f4le Sant\u00e9 Saint Jean | STAFFSANT\u00c9\",\"isPartOf\":{\"@id\":\"https:\/\/www.staffsante.fr\/contenu\/#website\"},\"datePublished\":\"2025-08-27T09:26:09+00:00\",\"dateModified\":\"2025-08-27T09:26:09+00:00\",\"description\":\"Le JOB DATING du P\u00f4le Sant\u00e9 Saint Jean \u00e0 Cagnes Sur Mer est de retour le 8 septembre 2025. Pr\u00e9parez vos CV !\",\"breadcrumb\":{\"@id\":\"https:\/\/www.staffsante.fr\/contenu\/evenement\/job-dating-pole-sante-saint-jean\/#breadcrumb\"},\"inLanguage\":\"fr-FR\",\"potentialAction\":[{\"@type\":\"ReadAction\",\"target\":[\"https:\/\/www.staffsante.fr\/contenu\/evenement\/job-dating-pole-sante-saint-jean\/\"]}]},{\"@type\":\"BreadcrumbList\",\"@id\":\"https:\/\/www.staffsante.fr\/contenu\/evenement\/job-dating-pole-sante-saint-jean\/#breadcrumb\",\"itemListElement\":[{\"@type\":\"ListItem\",\"position\":1,\"name\":\"Home\",\"item\":\"https:\/\/www.staffsante.fr\/contenu\/\"},{\"@type\":\"ListItem\",\"position\":2,\"name\":\"\u00c9v\u00e8nements\",\"item\":\"https:\/\/www.staffsante.fr\/contenu\/events\/\"},{\"@type\":\"ListItem\",\"position\":3,\"name\":\"Job Dating P\u00f4le Sant\u00e9 Saint Jean\"}]},{\"@type\":\"WebSite\",\"@id\":\"https:\/\/www.staffsante.fr\/contenu\/#website\",\"url\":\"https:\/\/www.staffsante.fr\/contenu\/\",\"name\":\"STAFFSANT\u00c9\",\"description\":\"L&#039;actualit\u00e9 carri\u00e8re des professionnels de sant\u00e9\",\"publisher\":{\"@id\":\"https:\/\/www.staffsante.fr\/contenu\/#organization\"},\"potentialAction\":[{\"@type\":\"SearchAction\",\"target\":{\"@type\":\"EntryPoint\",\"urlTemplate\":\"https:\/\/www.staffsante.fr\/contenu\/?s={search_term_string}\"},\"query-input\":\"required name=search_term_string\"}],\"inLanguage\":\"fr-FR\"},{\"@type\":\"Organization\",\"@id\":\"https:\/\/www.staffsante.fr\/contenu\/#organization\",\"name\":\"Staffsant\u00e9\",\"url\":\"https:\/\/www.staffsante.fr\/contenu\/\",\"logo\":{\"@type\":\"ImageObject\",\"inLanguage\":\"fr-FR\",\"@id\":\"https:\/\/www.staffsante.fr\/contenu\/#\/schema\/logo\/image\/\",\"url\":\"https:\/\/content.staffsante.fr\/wp-content\/uploads\/2017\/06\/Staffsante.jpg\",\"contentUrl\":\"https:\/\/content.staffsante.fr\/wp-content\/uploads\/2017\/06\/Staffsante.jpg\",\"width\":2225,\"height\":592,\"caption\":\"Staffsant\u00e9\"},\"image\":{\"@id\":\"https:\/\/www.staffsante.fr\/contenu\/#\/schema\/logo\/image\/\"}},{\"@type\":\"Person\",\"@id\":\"https:\/\/www.staffsante.fr\/contenu\/#\/schema\/person\/8cea5b012277ab5dd4995aec10f20b0c\",\"name\":\"admin_staff_content\",\"image\":{\"@type\":\"ImageObject\",\"inLanguage\":\"fr-FR\",\"@id\":\"https:\/\/www.staffsante.fr\/contenu\/#\/schema\/person\/image\/\",\"url\":\"http:\/\/2.gravatar.com\/avatar\/2b9ac03912eb39091678a45d1b4c36c0?s=96&d=mm&r=g\",\"contentUrl\":\"http:\/\/2.gravatar.com\/avatar\/2b9ac03912eb39091678a45d1b4c36c0?s=96&d=mm&r=g\",\"caption\":\"admin_staff_content\"}}]}<\/script>\n<!-- \/ Yoast SEO plugin. -->","yoast_head_json":{"title":"Job Dating P\u00f4le Sant\u00e9 Saint Jean | STAFFSANT\u00c9","description":"Le JOB DATING du P\u00f4le Sant\u00e9 Saint Jean \u00e0 Cagnes Sur Mer est de retour le 8 septembre 2025. Pr\u00e9parez vos CV !","robots":{"index":"index","follow":"follow","max-snippet":"max-snippet:-1","max-image-preview":"max-image-preview:large","max-video-preview":"max-video-preview:-1"},"canonical":"https:\/\/www.staffsante.fr\/contenu\/evenement\/job-dating-pole-sante-saint-jean\/","og_locale":"fr_FR","og_type":"article","og_title":"Job Dating P\u00f4le Sant\u00e9 Saint Jean | STAFFSANT\u00c9","og_description":"Le JOB DATING du P\u00f4le Sant\u00e9 Saint Jean \u00e0 Cagnes Sur Mer est de retour le 8 septembre 2025. Pr\u00e9parez vos CV !","og_url":"https:\/\/www.staffsante.fr\/contenu\/evenement\/job-dating-pole-sante-saint-jean\/","og_site_name":"STAFFSANT\u00c9","og_image":[{"width":1200,"height":600,"url":"https:\/\/content.staffsante.fr\/wp-content\/uploads\/2025\/08\/Agenda-3.png","type":"image\/png"}],"twitter_card":"summary_large_image","twitter_misc":{"Dur\u00e9e de lecture estim\u00e9e":"1 minute"},"schema":{"@context":"https:\/\/schema.org","@graph":[{"@type":"Article","@id":"https:\/\/www.staffsante.fr\/contenu\/evenement\/job-dating-pole-sante-saint-jean\/#article","isPartOf":{"@id":"https:\/\/www.staffsante.fr\/contenu\/evenement\/job-dating-pole-sante-saint-jean\/"},"author":{"name":"admin_staff_content","@id":"https:\/\/www.staffsante.fr\/contenu\/#\/schema\/person\/8cea5b012277ab5dd4995aec10f20b0c"},"headline":"Job Dating P\u00f4le Sant\u00e9 Saint Jean","datePublished":"2025-08-27T09:26:09+00:00","dateModified":"2025-08-27T09:26:09+00:00","mainEntityOfPage":{"@id":"https:\/\/www.staffsante.fr\/contenu\/evenement\/job-dating-pole-sante-saint-jean\/"},"wordCount":166,"publisher":{"@id":"https:\/\/www.staffsante.fr\/contenu\/#organization"},"inLanguage":"fr-FR"},{"@type":"WebPage","@id":"https:\/\/www.staffsante.fr\/contenu\/evenement\/job-dating-pole-sante-saint-jean\/","url":"https:\/\/www.staffsante.fr\/contenu\/evenement\/job-dating-pole-sante-saint-jean\/","name":"Job Dating P\u00f4le Sant\u00e9 Saint Jean | STAFFSANT\u00c9","isPartOf":{"@id":"https:\/\/www.staffsante.fr\/contenu\/#website"},"datePublished":"2025-08-27T09:26:09+00:00","dateModified":"2025-08-27T09:26:09+00:00","description":"Le JOB DATING du P\u00f4le Sant\u00e9 Saint Jean \u00e0 Cagnes Sur Mer est de retour le 8 septembre 2025. Pr\u00e9parez vos CV !","breadcrumb":{"@id":"https:\/\/www.staffsante.fr\/contenu\/evenement\/job-dating-pole-sante-saint-jean\/#breadcrumb"},"inLanguage":"fr-FR","potentialAction":[{"@type":"ReadAction","target":["https:\/\/www.staffsante.fr\/contenu\/evenement\/job-dating-pole-sante-saint-jean\/"]}]},{"@type":"BreadcrumbList","@id":"https:\/\/www.staffsante.fr\/contenu\/evenement\/job-dating-pole-sante-saint-jean\/#breadcrumb","itemListElement":[{"@type":"ListItem","position":1,"name":"Home","item":"https:\/\/www.staffsante.fr\/contenu\/"},{"@type":"ListItem","position":2,"name":"\u00c9v\u00e8nements","item":"https:\/\/www.staffsante.fr\/contenu\/events\/"},{"@type":"ListItem","position":3,"name":"Job Dating P\u00f4le Sant\u00e9 Saint Jean"}]},{"@type":"WebSite","@id":"https:\/\/www.staffsante.fr\/contenu\/#website","url":"https:\/\/www.staffsante.fr\/contenu\/","name":"STAFFSANT\u00c9","description":"L&#039;actualit\u00e9 carri\u00e8re des professionnels de sant\u00e9","publisher":{"@id":"https:\/\/www.staffsante.fr\/contenu\/#organization"},"potentialAction":[{"@type":"SearchAction","target":{"@type":"EntryPoint","urlTemplate":"https:\/\/www.staffsante.fr\/contenu\/?s={search_term_string}"},"query-input":"required name=search_term_string"}],"inLanguage":"fr-FR"},{"@type":"Organization","@id":"https:\/\/www.staffsante.fr\/contenu\/#organization","name":"Staffsant\u00e9","url":"https:\/\/www.staffsante.fr\/contenu\/","logo":{"@type":"ImageObject","inLanguage":"fr-FR","@id":"https:\/\/www.staffsante.fr\/contenu\/#\/schema\/logo\/image\/","url":"https:\/\/content.staffsante.fr\/wp-content\/uploads\/2017\/06\/Staffsante.jpg","contentUrl":"https:\/\/content.staffsante.fr\/wp-content\/uploads\/2017\/06\/Staffsante.jpg","width":2225,"height":592,"caption":"Staffsant\u00e9"},"image":{"@id":"https:\/\/www.staffsante.fr\/contenu\/#\/schema\/logo\/image\/"}},{"@type":"Person","@id":"https:\/\/www.staffsante.fr\/contenu\/#\/schema\/person\/8cea5b012277ab5dd4995aec10f20b0c","name":"admin_staff_content","image":{"@type":"ImageObject","inLanguage":"fr-FR","@id":"https:\/\/www.staffsante.fr\/contenu\/#\/schema\/person\/image\/","url":"http:\/\/2.gravatar.com\/avatar\/2b9ac03912eb39091678a45d1b4c36c0?s=96&d=mm&r=g","contentUrl":"http:\/\/2.gravatar.com\/avatar\/2b9ac03912eb39091678a45d1b4c36c0?s=96&d=mm&r=g","caption":"admin_staff_content"}}]}},"_links":{"self":[{"href":"https:\/\/www.staffsante.fr\/contenu\/wp-json\/wp\/v2\/tribe_events\/12040"}],"collection":[{"href":"https:\/\/www.staffsante.fr\/contenu\/wp-json\/wp\/v2\/tribe_events"}],"about":[{"href":"https:\/\/www.staffsante.fr\/contenu\/wp-json\/wp\/v2\/types\/tribe_events"}],"author":[{"embeddable":true,"href":"https:\/\/www.staffsante.fr\/contenu\/wp-json\/wp\/v2\/users\/1"}],"replies":[{"embeddable":true,"href":"https:\/\/www.staffsante.fr\/contenu\/wp-json\/wp\/v2\/comments?post=12040"}],"version-history":[{"count":1,"href":"https:\/\/www.staffsante.fr\/contenu\/wp-json\/wp\/v2\/tribe_events\/12040\/revisions"}],"predecessor-version":[{"id":12042,"href":"https:\/\/www.staffsante.fr\/contenu\/wp-json\/wp\/v2\/tribe_events\/12040\/revisions\/12042"}],"wp:featuredmedia":[{"embeddable":true,"href":"https:\/\/www.staffsante.fr\/contenu\/wp-json\/wp\/v2\/media\/12041"}],"wp:attachment":[{"href":"https:\/\/www.staffsante.fr\/contenu\/wp-json\/wp\/v2\/media?parent=12040"}],"wp:term":[{"taxonomy":"post_tag","embeddable":true,"href":"https:\/\/www.staffsante.fr\/contenu\/wp-json\/wp\/v2\/tags?post=12040"},{"taxonomy":"tribe_events_cat","embeddable":true,"href":"https:\/\/www.staffsante.fr\/contenu\/wp-json\/wp\/v2\/tribe_events_cat?post=12040"}],"curies":[{"name":"wp","href":"https:\/\/api.w.org\/{rel}","templated":true}]}}