

{"id":12363,"date":"2025-12-30T12:52:22","date_gmt":"2025-12-30T11:52:22","guid":{"rendered":"https:\/\/www.staffsante.fr\/contenu\/?post_type=tribe_events&#038;p=12363"},"modified":"2025-12-30T12:52:22","modified_gmt":"2025-12-30T11:52:22","slug":"portes-ouvertes-ifps-rennes","status":"publish","type":"tribe_events","link":"https:\/\/www.staffsante.fr\/contenu\/evenement\/portes-ouvertes-ifps-rennes\/","title":{"rendered":"[Portes ouvertes]  IFPS Rennes"},"content":{"rendered":"<p>Ce 31 janvier 2026, l\u2019Institut de Formation des Professionnels de Sant\u00e9 du Centre Hospitalier Guillaume R\u00e9gnier vous ouvre ses portes ! Venez d\u00e9couvrir nos formations en soins infirmiers et d\u2019aide-soignant, con\u00e7ues pour r\u00e9pondre aux besoins actuels du secteur de la sant\u00e9.<\/p>\n<p>Lors de cette journ\u00e9e, vous aurez l&#8217;occasion de visiter nos locaux et de rencontrer notre \u00e9quipe p\u00e9dagogique dynamique, passionn\u00e9e, et pr\u00eate \u00e0 r\u00e9pondre \u00e0 toutes vos questions.<\/p>\n<p>Ne manquez pas cette opportunit\u00e9 de vous immerger dans l\u2019univers de nos formations et de comprendre les parcours qui m\u00e8nent \u00e0 des carri\u00e8res essentielles au service des patients.<\/p>\n<p>Nous vous attendons nombreux !<\/p>\n<p><em>Pour permettre au plus grand nombre de profiter de cette journ\u00e9e, chaque \u00e9tudiant ou \u00e9l\u00e8ve pourra \u00eatre accompagn\u00e9 de deux personnes maximum. (une place par personne pr\u00e9sente dans la limite de 3 places par candidat)<\/em><\/p>\n<p>Inscription : <a href=\"https:\/\/my.weezevent.com\/portes-ouvertes-ifps-chgr-2026\">https:\/\/my.weezevent.com\/portes-ouvertes-ifps-chgr-2026<\/a><\/p>\n","protected":false},"excerpt":{"rendered":"<p>Ce 31 janvier 2026, l\u2019Institut de Formation des Professionnels de Sant\u00e9 du Centre Hospitalier Guillaume R\u00e9gnier vous ouvre ses portes ! Venez d\u00e9couvrir nos formations en soins infirmiers et d\u2019aide-soignant, con\u00e7ues pour r\u00e9pondre aux besoins actuels du secteur de la sant\u00e9.<\/p>\n","protected":false},"author":1,"featured_media":12364,"comment_status":"closed","ping_status":"closed","template":"","meta":{"_tribe_events_status":"","_tribe_events_status_reason":""},"tags":[],"tribe_events_cat":[],"acf":[],"yoast_head":"<!-- This site is optimized with the Yoast SEO plugin v19.14 - https:\/\/yoast.com\/wordpress\/plugins\/seo\/ -->\n<title>[Portes ouvertes] IFPS Rennes | STAFFSANT\u00c9<\/title>\n<meta name=\"description\" content=\"Ce 31 janvier 2026, l\u2019Institut de Formation des Professionnels de Sant\u00e9 du Centre Hospitalier Guillaume R\u00e9gnier vous ouvre ses portes ! Venez d\u00e9couvrir nos formations en soins infirmiers et d\u2019aide-soignant, con\u00e7ues pour r\u00e9pondre aux besoins actuels du secteur de la sant\u00e9.\" \/>\n<meta name=\"robots\" content=\"index, follow, max-snippet:-1, max-image-preview:large, max-video-preview:-1\" \/>\n<link rel=\"canonical\" href=\"https:\/\/www.staffsante.fr\/contenu\/evenement\/portes-ouvertes-ifps-rennes\/\" \/>\n<meta property=\"og:locale\" content=\"fr_FR\" \/>\n<meta property=\"og:type\" content=\"article\" \/>\n<meta property=\"og:title\" content=\"[Portes ouvertes] IFPS Rennes | STAFFSANT\u00c9\" \/>\n<meta property=\"og:description\" content=\"Ce 31 janvier 2026, l\u2019Institut de Formation des Professionnels de Sant\u00e9 du Centre Hospitalier Guillaume R\u00e9gnier vous ouvre ses portes ! Venez d\u00e9couvrir nos formations en soins infirmiers et d\u2019aide-soignant, con\u00e7ues pour r\u00e9pondre aux besoins actuels du secteur de la sant\u00e9.\" \/>\n<meta property=\"og:url\" content=\"https:\/\/www.staffsante.fr\/contenu\/evenement\/portes-ouvertes-ifps-rennes\/\" \/>\n<meta property=\"og:site_name\" content=\"STAFFSANT\u00c9\" \/>\n<meta property=\"og:image\" content=\"https:\/\/content.staffsante.fr\/wp-content\/uploads\/2025\/12\/Agenda-30.png\" \/>\n\t<meta property=\"og:image:width\" content=\"1200\" \/>\n\t<meta property=\"og:image:height\" content=\"600\" \/>\n\t<meta property=\"og:image:type\" content=\"image\/png\" \/>\n<meta name=\"twitter:card\" content=\"summary_large_image\" \/>\n<meta name=\"twitter:label1\" content=\"Dur\u00e9e de lecture estim\u00e9e\" \/>\n\t<meta name=\"twitter:data1\" content=\"1 minute\" \/>\n<script type=\"application\/ld+json\" class=\"yoast-schema-graph\">{\"@context\":\"https:\/\/schema.org\",\"@graph\":[{\"@type\":\"Article\",\"@id\":\"https:\/\/www.staffsante.fr\/contenu\/evenement\/portes-ouvertes-ifps-rennes\/#article\",\"isPartOf\":{\"@id\":\"https:\/\/www.staffsante.fr\/contenu\/evenement\/portes-ouvertes-ifps-rennes\/\"},\"author\":{\"name\":\"admin_staff_content\",\"@id\":\"https:\/\/www.staffsante.fr\/contenu\/#\/schema\/person\/8cea5b012277ab5dd4995aec10f20b0c\"},\"headline\":\"[Portes ouvertes] IFPS Rennes\",\"datePublished\":\"2025-12-30T11:52:22+00:00\",\"dateModified\":\"2025-12-30T11:52:22+00:00\",\"mainEntityOfPage\":{\"@id\":\"https:\/\/www.staffsante.fr\/contenu\/evenement\/portes-ouvertes-ifps-rennes\/\"},\"wordCount\":155,\"publisher\":{\"@id\":\"https:\/\/www.staffsante.fr\/contenu\/#organization\"},\"inLanguage\":\"fr-FR\"},{\"@type\":\"WebPage\",\"@id\":\"https:\/\/www.staffsante.fr\/contenu\/evenement\/portes-ouvertes-ifps-rennes\/\",\"url\":\"https:\/\/www.staffsante.fr\/contenu\/evenement\/portes-ouvertes-ifps-rennes\/\",\"name\":\"[Portes ouvertes] IFPS Rennes | STAFFSANT\u00c9\",\"isPartOf\":{\"@id\":\"https:\/\/www.staffsante.fr\/contenu\/#website\"},\"datePublished\":\"2025-12-30T11:52:22+00:00\",\"dateModified\":\"2025-12-30T11:52:22+00:00\",\"description\":\"Ce 31 janvier 2026, l\u2019Institut de Formation des Professionnels de Sant\u00e9 du Centre Hospitalier Guillaume R\u00e9gnier vous ouvre ses portes ! Venez d\u00e9couvrir nos formations en soins infirmiers et d\u2019aide-soignant, con\u00e7ues pour r\u00e9pondre aux besoins actuels du secteur de la sant\u00e9.\",\"breadcrumb\":{\"@id\":\"https:\/\/www.staffsante.fr\/contenu\/evenement\/portes-ouvertes-ifps-rennes\/#breadcrumb\"},\"inLanguage\":\"fr-FR\",\"potentialAction\":[{\"@type\":\"ReadAction\",\"target\":[\"https:\/\/www.staffsante.fr\/contenu\/evenement\/portes-ouvertes-ifps-rennes\/\"]}]},{\"@type\":\"BreadcrumbList\",\"@id\":\"https:\/\/www.staffsante.fr\/contenu\/evenement\/portes-ouvertes-ifps-rennes\/#breadcrumb\",\"itemListElement\":[{\"@type\":\"ListItem\",\"position\":1,\"name\":\"Home\",\"item\":\"https:\/\/www.staffsante.fr\/contenu\/\"},{\"@type\":\"ListItem\",\"position\":2,\"name\":\"\u00c9v\u00e8nements\",\"item\":\"https:\/\/www.staffsante.fr\/contenu\/events\/\"},{\"@type\":\"ListItem\",\"position\":3,\"name\":\"[Portes ouvertes] IFPS Rennes\"}]},{\"@type\":\"WebSite\",\"@id\":\"https:\/\/www.staffsante.fr\/contenu\/#website\",\"url\":\"https:\/\/www.staffsante.fr\/contenu\/\",\"name\":\"STAFFSANT\u00c9\",\"description\":\"L&#039;actualit\u00e9 carri\u00e8re des professionnels de sant\u00e9\",\"publisher\":{\"@id\":\"https:\/\/www.staffsante.fr\/contenu\/#organization\"},\"potentialAction\":[{\"@type\":\"SearchAction\",\"target\":{\"@type\":\"EntryPoint\",\"urlTemplate\":\"https:\/\/www.staffsante.fr\/contenu\/?s={search_term_string}\"},\"query-input\":\"required name=search_term_string\"}],\"inLanguage\":\"fr-FR\"},{\"@type\":\"Organization\",\"@id\":\"https:\/\/www.staffsante.fr\/contenu\/#organization\",\"name\":\"Staffsant\u00e9\",\"url\":\"https:\/\/www.staffsante.fr\/contenu\/\",\"logo\":{\"@type\":\"ImageObject\",\"inLanguage\":\"fr-FR\",\"@id\":\"https:\/\/www.staffsante.fr\/contenu\/#\/schema\/logo\/image\/\",\"url\":\"https:\/\/content.staffsante.fr\/wp-content\/uploads\/2017\/06\/Staffsante.jpg\",\"contentUrl\":\"https:\/\/content.staffsante.fr\/wp-content\/uploads\/2017\/06\/Staffsante.jpg\",\"width\":2225,\"height\":592,\"caption\":\"Staffsant\u00e9\"},\"image\":{\"@id\":\"https:\/\/www.staffsante.fr\/contenu\/#\/schema\/logo\/image\/\"}},{\"@type\":\"Person\",\"@id\":\"https:\/\/www.staffsante.fr\/contenu\/#\/schema\/person\/8cea5b012277ab5dd4995aec10f20b0c\",\"name\":\"admin_staff_content\",\"image\":{\"@type\":\"ImageObject\",\"inLanguage\":\"fr-FR\",\"@id\":\"https:\/\/www.staffsante.fr\/contenu\/#\/schema\/person\/image\/\",\"url\":\"http:\/\/2.gravatar.com\/avatar\/2b9ac03912eb39091678a45d1b4c36c0?s=96&d=mm&r=g\",\"contentUrl\":\"http:\/\/2.gravatar.com\/avatar\/2b9ac03912eb39091678a45d1b4c36c0?s=96&d=mm&r=g\",\"caption\":\"admin_staff_content\"}}]}<\/script>\n<!-- \/ Yoast SEO plugin. -->","yoast_head_json":{"title":"[Portes ouvertes] IFPS Rennes | STAFFSANT\u00c9","description":"Ce 31 janvier 2026, l\u2019Institut de Formation des Professionnels de Sant\u00e9 du Centre Hospitalier Guillaume R\u00e9gnier vous ouvre ses portes ! Venez d\u00e9couvrir nos formations en soins infirmiers et d\u2019aide-soignant, con\u00e7ues pour r\u00e9pondre aux besoins actuels du secteur de la sant\u00e9.","robots":{"index":"index","follow":"follow","max-snippet":"max-snippet:-1","max-image-preview":"max-image-preview:large","max-video-preview":"max-video-preview:-1"},"canonical":"https:\/\/www.staffsante.fr\/contenu\/evenement\/portes-ouvertes-ifps-rennes\/","og_locale":"fr_FR","og_type":"article","og_title":"[Portes ouvertes] IFPS Rennes | STAFFSANT\u00c9","og_description":"Ce 31 janvier 2026, l\u2019Institut de Formation des Professionnels de Sant\u00e9 du Centre Hospitalier Guillaume R\u00e9gnier vous ouvre ses portes ! Venez d\u00e9couvrir nos formations en soins infirmiers et d\u2019aide-soignant, con\u00e7ues pour r\u00e9pondre aux besoins actuels du secteur de la sant\u00e9.","og_url":"https:\/\/www.staffsante.fr\/contenu\/evenement\/portes-ouvertes-ifps-rennes\/","og_site_name":"STAFFSANT\u00c9","og_image":[{"width":1200,"height":600,"url":"https:\/\/content.staffsante.fr\/wp-content\/uploads\/2025\/12\/Agenda-30.png","type":"image\/png"}],"twitter_card":"summary_large_image","twitter_misc":{"Dur\u00e9e de lecture estim\u00e9e":"1 minute"},"schema":{"@context":"https:\/\/schema.org","@graph":[{"@type":"Article","@id":"https:\/\/www.staffsante.fr\/contenu\/evenement\/portes-ouvertes-ifps-rennes\/#article","isPartOf":{"@id":"https:\/\/www.staffsante.fr\/contenu\/evenement\/portes-ouvertes-ifps-rennes\/"},"author":{"name":"admin_staff_content","@id":"https:\/\/www.staffsante.fr\/contenu\/#\/schema\/person\/8cea5b012277ab5dd4995aec10f20b0c"},"headline":"[Portes ouvertes] IFPS Rennes","datePublished":"2025-12-30T11:52:22+00:00","dateModified":"2025-12-30T11:52:22+00:00","mainEntityOfPage":{"@id":"https:\/\/www.staffsante.fr\/contenu\/evenement\/portes-ouvertes-ifps-rennes\/"},"wordCount":155,"publisher":{"@id":"https:\/\/www.staffsante.fr\/contenu\/#organization"},"inLanguage":"fr-FR"},{"@type":"WebPage","@id":"https:\/\/www.staffsante.fr\/contenu\/evenement\/portes-ouvertes-ifps-rennes\/","url":"https:\/\/www.staffsante.fr\/contenu\/evenement\/portes-ouvertes-ifps-rennes\/","name":"[Portes ouvertes] IFPS Rennes | STAFFSANT\u00c9","isPartOf":{"@id":"https:\/\/www.staffsante.fr\/contenu\/#website"},"datePublished":"2025-12-30T11:52:22+00:00","dateModified":"2025-12-30T11:52:22+00:00","description":"Ce 31 janvier 2026, l\u2019Institut de Formation des Professionnels de Sant\u00e9 du Centre Hospitalier Guillaume R\u00e9gnier vous ouvre ses portes ! Venez d\u00e9couvrir nos formations en soins infirmiers et d\u2019aide-soignant, con\u00e7ues pour r\u00e9pondre aux besoins actuels du secteur de la sant\u00e9.","breadcrumb":{"@id":"https:\/\/www.staffsante.fr\/contenu\/evenement\/portes-ouvertes-ifps-rennes\/#breadcrumb"},"inLanguage":"fr-FR","potentialAction":[{"@type":"ReadAction","target":["https:\/\/www.staffsante.fr\/contenu\/evenement\/portes-ouvertes-ifps-rennes\/"]}]},{"@type":"BreadcrumbList","@id":"https:\/\/www.staffsante.fr\/contenu\/evenement\/portes-ouvertes-ifps-rennes\/#breadcrumb","itemListElement":[{"@type":"ListItem","position":1,"name":"Home","item":"https:\/\/www.staffsante.fr\/contenu\/"},{"@type":"ListItem","position":2,"name":"\u00c9v\u00e8nements","item":"https:\/\/www.staffsante.fr\/contenu\/events\/"},{"@type":"ListItem","position":3,"name":"[Portes ouvertes] IFPS Rennes"}]},{"@type":"WebSite","@id":"https:\/\/www.staffsante.fr\/contenu\/#website","url":"https:\/\/www.staffsante.fr\/contenu\/","name":"STAFFSANT\u00c9","description":"L&#039;actualit\u00e9 carri\u00e8re des professionnels de sant\u00e9","publisher":{"@id":"https:\/\/www.staffsante.fr\/contenu\/#organization"},"potentialAction":[{"@type":"SearchAction","target":{"@type":"EntryPoint","urlTemplate":"https:\/\/www.staffsante.fr\/contenu\/?s={search_term_string}"},"query-input":"required name=search_term_string"}],"inLanguage":"fr-FR"},{"@type":"Organization","@id":"https:\/\/www.staffsante.fr\/contenu\/#organization","name":"Staffsant\u00e9","url":"https:\/\/www.staffsante.fr\/contenu\/","logo":{"@type":"ImageObject","inLanguage":"fr-FR","@id":"https:\/\/www.staffsante.fr\/contenu\/#\/schema\/logo\/image\/","url":"https:\/\/content.staffsante.fr\/wp-content\/uploads\/2017\/06\/Staffsante.jpg","contentUrl":"https:\/\/content.staffsante.fr\/wp-content\/uploads\/2017\/06\/Staffsante.jpg","width":2225,"height":592,"caption":"Staffsant\u00e9"},"image":{"@id":"https:\/\/www.staffsante.fr\/contenu\/#\/schema\/logo\/image\/"}},{"@type":"Person","@id":"https:\/\/www.staffsante.fr\/contenu\/#\/schema\/person\/8cea5b012277ab5dd4995aec10f20b0c","name":"admin_staff_content","image":{"@type":"ImageObject","inLanguage":"fr-FR","@id":"https:\/\/www.staffsante.fr\/contenu\/#\/schema\/person\/image\/","url":"http:\/\/2.gravatar.com\/avatar\/2b9ac03912eb39091678a45d1b4c36c0?s=96&d=mm&r=g","contentUrl":"http:\/\/2.gravatar.com\/avatar\/2b9ac03912eb39091678a45d1b4c36c0?s=96&d=mm&r=g","caption":"admin_staff_content"}}]}},"_links":{"self":[{"href":"https:\/\/www.staffsante.fr\/contenu\/wp-json\/wp\/v2\/tribe_events\/12363"}],"collection":[{"href":"https:\/\/www.staffsante.fr\/contenu\/wp-json\/wp\/v2\/tribe_events"}],"about":[{"href":"https:\/\/www.staffsante.fr\/contenu\/wp-json\/wp\/v2\/types\/tribe_events"}],"author":[{"embeddable":true,"href":"https:\/\/www.staffsante.fr\/contenu\/wp-json\/wp\/v2\/users\/1"}],"replies":[{"embeddable":true,"href":"https:\/\/www.staffsante.fr\/contenu\/wp-json\/wp\/v2\/comments?post=12363"}],"version-history":[{"count":1,"href":"https:\/\/www.staffsante.fr\/contenu\/wp-json\/wp\/v2\/tribe_events\/12363\/revisions"}],"predecessor-version":[{"id":12365,"href":"https:\/\/www.staffsante.fr\/contenu\/wp-json\/wp\/v2\/tribe_events\/12363\/revisions\/12365"}],"wp:featuredmedia":[{"embeddable":true,"href":"https:\/\/www.staffsante.fr\/contenu\/wp-json\/wp\/v2\/media\/12364"}],"wp:attachment":[{"href":"https:\/\/www.staffsante.fr\/contenu\/wp-json\/wp\/v2\/media?parent=12363"}],"wp:term":[{"taxonomy":"post_tag","embeddable":true,"href":"https:\/\/www.staffsante.fr\/contenu\/wp-json\/wp\/v2\/tags?post=12363"},{"taxonomy":"tribe_events_cat","embeddable":true,"href":"https:\/\/www.staffsante.fr\/contenu\/wp-json\/wp\/v2\/tribe_events_cat?post=12363"}],"curies":[{"name":"wp","href":"https:\/\/api.w.org\/{rel}","templated":true}]}}